{"id":11784,"date":"2026-07-09T17:57:33","date_gmt":"2026-07-09T17:57:33","guid":{"rendered":"https:\/\/www.reprobarcelona.com\/?page_id=11784"},"modified":"2026-07-16T17:22:27","modified_gmt":"2026-07-16T17:22:27","slug":"reformes-de-luxe","status":"publish","type":"page","link":"https:\/\/www.reprobarcelona.com\/ca\/reformas-de-lujo\/","title":{"rendered":"Reformes de Luxe"},"content":{"rendered":"<div data-elementor-type=\"wp-page\" data-elementor-id=\"11784\" class=\"elementor elementor-11784\" data-elementor-post-type=\"page\">\n\t\t\t\t\t\t<section class=\"elementor-section elementor-top-section elementor-element elementor-element-c48dde9 elementor-section-boxed elementor-section-height-default elementor-section-height-default\" data-id=\"c48dde9\" data-element_type=\"section\" data-e-type=\"section\">\n\t\t\t\t\t\t<div class=\"elementor-container elementor-column-gap-default\">\n\t\t\t\t\t<div class=\"elementor-column elementor-col-100 elementor-top-column elementor-element elementor-element-136c7f1\" data-id=\"136c7f1\" data-element_type=\"column\" data-e-type=\"column\">\n\t\t\t<div class=\"elementor-widget-wrap elementor-element-populated\">\n\t\t\t\t\t\t<div class=\"elementor-element elementor-element-c76d2fb elementor-widget elementor-widget-heading\" data-id=\"c76d2fb\" data-element_type=\"widget\" data-e-type=\"widget\" data-widget_type=\"heading.default\">\n\t\t\t\t<div class=\"elementor-widget-container\">\n\t\t\t\t\t<h1 class=\"elementor-heading-title elementor-size-default\"><span style=\"font-size: 41.6px\">Reformes de luxe a Barcelona<\/span><\/h1>\t\t\t\t<\/div>\n\t\t\t\t<\/div>\n\t\t\t\t<div class=\"elementor-element elementor-element-38011d5 elementor-widget-divider--view-line elementor-widget elementor-widget-divider\" data-id=\"38011d5\" data-element_type=\"widget\" data-e-type=\"widget\" data-widget_type=\"divider.default\">\n\t\t\t\t<div class=\"elementor-widget-container\">\n\t\t\t\t\t\t\t<div class=\"elementor-divider\">\n\t\t\t<span class=\"elementor-divider-separator\">\n\t\t\t\t\t\t<\/span>\n\t\t<\/div>\n\t\t\t\t\t\t<\/div>\n\t\t\t\t<\/div>\n\t\t\t\t<div class=\"elementor-element elementor-element-093b6dd elementor-widget__width-initial elementor-widget elementor-widget-text-editor\" data-id=\"093b6dd\" data-element_type=\"widget\" data-e-type=\"widget\" data-widget_type=\"text-editor.default\">\n\t\t\t\t<div class=\"elementor-widget-container\">\n\t\t\t\t\t\t\t\t\t<div class=\"page\" title=\"Page 1\"><div class=\"layoutArea\"><div class=\"column\"><p>Un habitatge excepcional no neix \u00fanicament d'un bon disseny. \u00c9s el resultat d'una execuci\u00f3 precisa, una acurada selecci\u00f3 de materials i una direcci\u00f3 d'obra capa\u00e7 de transformar una idea en una realitat constru\u00efda amb el m\u00e0xim nivell d'exig\u00e8ncia.<\/p><p class=\"translation-block\">A <b>REPROBARCELONA<\/b> entenem cada reforma com un projecte \u00fanic. Treballem per a clients que busquen molt m\u00e9s que una simple renovaci\u00f3 del seu habitatge: volen crear un espai que reflecteixi la seva manera de viure, on l'arquitectura, la funcionalitat i els materials convisquin en perfecta harmonia.<\/p><\/div><\/div><\/div>\t\t\t\t\t\t\t\t<\/div>\n\t\t\t\t<\/div>\n\t\t\t\t\t<\/div>\n\t\t<\/div>\n\t\t\t\t\t<\/div>\n\t\t<\/section>\n\t\t\t\t<section class=\"elementor-section elementor-top-section elementor-element elementor-element-36e4a54 elementor-section-boxed elementor-section-height-default elementor-section-height-default\" data-id=\"36e4a54\" data-element_type=\"section\" data-e-type=\"section\">\n\t\t\t\t\t\t<div class=\"elementor-container elementor-column-gap-default\">\n\t\t\t\t\t<div class=\"elementor-column elementor-col-100 elementor-top-column elementor-element elementor-element-5c66799\" data-id=\"5c66799\" data-element_type=\"column\" data-e-type=\"column\">\n\t\t\t<div class=\"elementor-widget-wrap elementor-element-populated\">\n\t\t\t\t\t\t<div class=\"elementor-element elementor-element-d665d91 elementor-widget elementor-widget-image\" data-id=\"d665d91\" data-element_type=\"widget\" data-e-type=\"widget\" data-settings=\"{&quot;motion_fx_motion_fx_scrolling&quot;:&quot;yes&quot;,&quot;motion_fx_translateX_effect&quot;:&quot;yes&quot;,&quot;motion_fx_translateX_speed&quot;:{&quot;unit&quot;:&quot;px&quot;,&quot;size&quot;:3.2,&quot;sizes&quot;:[]},&quot;motion_fx_translateX_affectedRange&quot;:{&quot;unit&quot;:&quot;%&quot;,&quot;size&quot;:&quot;&quot;,&quot;sizes&quot;:{&quot;start&quot;:0,&quot;end&quot;:88}},&quot;motion_fx_devices&quot;:[&quot;desktop&quot;,&quot;tablet&quot;,&quot;mobile&quot;]}\" data-widget_type=\"image.default\">\n\t\t\t\t<div class=\"elementor-widget-container\">\n\t\t\t\t\t\t\t\t\t\t\t\t\t\t\t<img fetchpriority=\"high\" decoding=\"async\" width=\"800\" height=\"201\" src=\"https:\/\/www.reprobarcelona.com\/wp-content\/uploads\/2023\/02\/REFOR2.png\" class=\"attachment-large size-large wp-image-864\" alt=\"REPROBARCELONA\" srcset=\"https:\/\/www.reprobarcelona.com\/wp-content\/uploads\/2023\/02\/REFOR2.png 1024w, https:\/\/www.reprobarcelona.com\/wp-content\/uploads\/2023\/02\/REFOR2-300x75.png 300w, https:\/\/www.reprobarcelona.com\/wp-content\/uploads\/2023\/02\/REFOR2-768x193.png 768w\" sizes=\"(max-width: 800px) 100vw, 800px\" \/>\t\t\t\t\t\t\t\t\t\t\t\t\t\t\t<\/div>\n\t\t\t\t<\/div>\n\t\t\t\t\t<\/div>\n\t\t<\/div>\n\t\t\t\t\t<\/div>\n\t\t<\/section>\n\t\t\t\t<section class=\"elementor-section elementor-top-section elementor-element elementor-element-c2ecc9c elementor-section-boxed elementor-section-height-default elementor-section-height-default\" data-id=\"c2ecc9c\" data-element_type=\"section\" data-e-type=\"section\">\n\t\t\t\t\t\t<div class=\"elementor-container elementor-column-gap-default\">\n\t\t\t\t\t<div class=\"elementor-column elementor-col-50 elementor-top-column elementor-element elementor-element-e563dc1\" data-id=\"e563dc1\" data-element_type=\"column\" data-e-type=\"column\">\n\t\t\t<div class=\"elementor-widget-wrap elementor-element-populated\">\n\t\t\t\t\t\t<div class=\"elementor-element elementor-element-566a096 elementor-widget elementor-widget-heading\" data-id=\"566a096\" data-element_type=\"widget\" data-e-type=\"widget\" data-widget_type=\"heading.default\">\n\t\t\t\t<div class=\"elementor-widget-container\">\n\t\t\t\t\t<h2 class=\"elementor-heading-title elementor-size-default\"><span style=\"font-size: 27.2px\">Especialistes en reformes premium i d'alt standing<\/span><\/h2>\t\t\t\t<\/div>\n\t\t\t\t<\/div>\n\t\t\t\t<div class=\"elementor-element elementor-element-a1f48bd elementor-widget elementor-widget-text-editor\" data-id=\"a1f48bd\" data-element_type=\"widget\" data-e-type=\"widget\" data-widget_type=\"text-editor.default\">\n\t\t\t\t<div class=\"elementor-widget-container\">\n\t\t\t\t\t\t\t\t\t<p class=\"isSelectedEnd translation-block\">La nostra feina es basa a convertir projectes complexos en reformes premium perfectament coordinades, cuidant cada detall des de la primera visita fins al lliurament final. A REPROBARCELONA planifiquem i executem cada projecte amb un alt nivell de precisi\u00f3, garantint acabats de m\u00e0xima qualitat i una gesti\u00f3 integral de l'obra.<\/p><p class=\"translation-block\">Una <strong>reforma de luxe a Barcelona<\/strong> no es defineix pel pressupost invertit, sin\u00f3 per la qualitat de cada decisi\u00f3, la proporci\u00f3 dels espais, la il\u00b7luminaci\u00f3, la selecci\u00f3 de materials pr\u00e8mium i l'excel\u00b7l\u00e8ncia en l'execuci\u00f3. El nostre objectiu \u00e9s crear habitatges exclusius, elegants i atemporals que mantinguin el seu valor i la seva qualitat amb el pas dels anys.<\/p>\t\t\t\t\t\t\t\t<\/div>\n\t\t\t\t<\/div>\n\t\t\t\t\t<\/div>\n\t\t<\/div>\n\t\t\t\t<div class=\"elementor-column elementor-col-50 elementor-top-column elementor-element elementor-element-6bb4577\" data-id=\"6bb4577\" data-element_type=\"column\" data-e-type=\"column\">\n\t\t\t<div class=\"elementor-widget-wrap elementor-element-populated\">\n\t\t\t\t\t\t<div class=\"elementor-element elementor-element-f4fd6db elementor-widget elementor-widget-spacer\" data-id=\"f4fd6db\" data-element_type=\"widget\" data-e-type=\"widget\" data-widget_type=\"spacer.default\">\n\t\t\t\t<div class=\"elementor-widget-container\">\n\t\t\t\t\t\t\t<div class=\"elementor-spacer\">\n\t\t\t<div class=\"elementor-spacer-inner\"><\/div>\n\t\t<\/div>\n\t\t\t\t\t\t<\/div>\n\t\t\t\t<\/div>\n\t\t\t\t<div class=\"elementor-element elementor-element-038e765 elementor-widget elementor-widget-image\" data-id=\"038e765\" data-element_type=\"widget\" data-e-type=\"widget\" data-widget_type=\"image.default\">\n\t\t\t\t<div class=\"elementor-widget-container\">\n\t\t\t\t\t\t\t\t\t\t\t\t\t\t\t\t<a href=\"https:\/\/www.reprobarcelona.com\/wp-content\/uploads\/2024\/08\/Reformas-de-banos-de-lujo-1.jpg\" data-elementor-open-lightbox=\"yes\" data-elementor-lightbox-title=\"Reformas de ba\u00f1os de lujo 1\" data-e-action-hash=\"#elementor-action%3Aaction%3Dlightbox%26settings%3DeyJpZCI6Mzc2NCwidXJsIjoiaHR0cHM6XC9cL3d3dy5yZXByb2JhcmNlbG9uYS5jb21cL3dwLWNvbnRlbnRcL3VwbG9hZHNcLzIwMjRcLzA4XC9SZWZvcm1hcy1kZS1iYW5vcy1kZS1sdWpvLTEuanBnIn0%3D\">\n\t\t\t\t\t\t\t<img decoding=\"async\" width=\"800\" height=\"533\" src=\"https:\/\/www.reprobarcelona.com\/wp-content\/uploads\/2024\/08\/Reformas-de-banos-de-lujo-1-1024x682.jpg\" class=\"attachment-large size-large wp-image-3764\" alt=\"Reformes de banys de luxe a Barcelona\" srcset=\"https:\/\/www.reprobarcelona.com\/wp-content\/uploads\/2024\/08\/Reformas-de-banos-de-lujo-1-1024x682.jpg 1024w, https:\/\/www.reprobarcelona.com\/wp-content\/uploads\/2024\/08\/Reformas-de-banos-de-lujo-1-300x200.jpg 300w, https:\/\/www.reprobarcelona.com\/wp-content\/uploads\/2024\/08\/Reformas-de-banos-de-lujo-1-768x512.jpg 768w, https:\/\/www.reprobarcelona.com\/wp-content\/uploads\/2024\/08\/Reformas-de-banos-de-lujo-1-1536x1023.jpg 1536w, https:\/\/www.reprobarcelona.com\/wp-content\/uploads\/2024\/08\/Reformas-de-banos-de-lujo-1-18x12.jpg 18w, https:\/\/www.reprobarcelona.com\/wp-content\/uploads\/2024\/08\/Reformas-de-banos-de-lujo-1.jpg 1698w\" sizes=\"(max-width: 800px) 100vw, 800px\" \/>\t\t\t\t\t\t\t\t<\/a>\n\t\t\t\t\t\t\t\t\t\t\t\t\t\t\t<\/div>\n\t\t\t\t<\/div>\n\t\t\t\t\t<\/div>\n\t\t<\/div>\n\t\t\t\t\t<\/div>\n\t\t<\/section>\n\t\t\t\t<section class=\"elementor-section elementor-top-section elementor-element elementor-element-b4248fb elementor-section-boxed elementor-section-height-default elementor-section-height-default\" data-id=\"b4248fb\" data-element_type=\"section\" data-e-type=\"section\">\n\t\t\t\t\t\t<div class=\"elementor-container elementor-column-gap-default\">\n\t\t\t\t\t<div class=\"elementor-column elementor-col-50 elementor-top-column elementor-element elementor-element-ce94666\" data-id=\"ce94666\" data-element_type=\"column\" data-e-type=\"column\">\n\t\t\t<div class=\"elementor-widget-wrap elementor-element-populated\">\n\t\t\t\t\t\t<div class=\"elementor-element elementor-element-7195a9f elementor-widget elementor-widget-spacer\" data-id=\"7195a9f\" data-element_type=\"widget\" data-e-type=\"widget\" data-widget_type=\"spacer.default\">\n\t\t\t\t<div class=\"elementor-widget-container\">\n\t\t\t\t\t\t\t<div class=\"elementor-spacer\">\n\t\t\t<div class=\"elementor-spacer-inner\"><\/div>\n\t\t<\/div>\n\t\t\t\t\t\t<\/div>\n\t\t\t\t<\/div>\n\t\t\t\t<div class=\"elementor-element elementor-element-8c1ac66 elementor-widget elementor-widget-image\" data-id=\"8c1ac66\" data-element_type=\"widget\" data-e-type=\"widget\" data-widget_type=\"image.default\">\n\t\t\t\t<div class=\"elementor-widget-container\">\n\t\t\t\t\t\t\t\t\t\t\t\t\t\t\t\t<a href=\"https:\/\/www.reprobarcelona.com\/wp-content\/uploads\/2024\/08\/Arquitectura-de-lujo-en-Barcelona-5.jpg\" data-elementor-open-lightbox=\"yes\" data-elementor-lightbox-title=\"Arquitectura de lujo en Barcelona 5\" data-e-action-hash=\"#elementor-action%3Aaction%3Dlightbox%26settings%3DeyJpZCI6MzY2NCwidXJsIjoiaHR0cHM6XC9cL3d3dy5yZXByb2JhcmNlbG9uYS5jb21cL3dwLWNvbnRlbnRcL3VwbG9hZHNcLzIwMjRcLzA4XC9BcnF1aXRlY3R1cmEtZGUtbHVqby1lbi1CYXJjZWxvbmEtNS5qcGcifQ%3D%3D\">\n\t\t\t\t\t\t\t<img decoding=\"async\" src=\"https:\/\/www.reprobarcelona.com\/wp-content\/uploads\/elementor\/thumbs\/Arquitectura-de-lujo-en-Barcelona-5-rh61yf859fu8ohcabji9oaxu4bbfs5tbhdzok3zf5c.jpg\" title=\"Arquitectura de luxe a Barcelona 5\" alt=\"Arquitectura de luxe a Barcelona\" loading=\"lazy\" \/>\t\t\t\t\t\t\t\t<\/a>\n\t\t\t\t\t\t\t\t\t\t\t\t\t\t\t<\/div>\n\t\t\t\t<\/div>\n\t\t\t\t\t<\/div>\n\t\t<\/div>\n\t\t\t\t<div class=\"elementor-column elementor-col-50 elementor-top-column elementor-element elementor-element-1d4f7f5\" data-id=\"1d4f7f5\" data-element_type=\"column\" data-e-type=\"column\">\n\t\t\t<div class=\"elementor-widget-wrap elementor-element-populated\">\n\t\t\t\t\t\t<div class=\"elementor-element elementor-element-bfcf322 elementor-widget elementor-widget-heading\" data-id=\"bfcf322\" data-element_type=\"widget\" data-e-type=\"widget\" data-widget_type=\"heading.default\">\n\t\t\t\t<div class=\"elementor-widget-container\">\n\t\t\t\t\t<h2 class=\"elementor-heading-title elementor-size-default\">Un projecte completament personalitzat<\/h2>\t\t\t\t<\/div>\n\t\t\t\t<\/div>\n\t\t\t\t<div class=\"elementor-element elementor-element-415e6fc elementor-widget elementor-widget-text-editor\" data-id=\"415e6fc\" data-element_type=\"widget\" data-e-type=\"widget\" data-widget_type=\"text-editor.default\">\n\t\t\t\t<div class=\"elementor-widget-container\">\n\t\t\t\t\t\t\t\t\t<p class=\"isSelectedEnd translation-block\">Cada client viu l'arquitectura d'una manera diferent. A REPROBARCELONA analitzem cada habitatge, escoltem les necessitats de les persones que hi viuen i estudiem la llum natural, les circulacions i les proporcions abans d'iniciar qualsevol reforma de luxe a Barcelona. Cada projecte es desenvolupa des de zero per crear espais exclusius, funcionals i completament personalitzats.<\/p><p class=\"translation-block\">Arquitectura, enginyeria, interiorisme, construcci\u00f3 i gesti\u00f3 d'obra treballen com un \u00fanic equip. Aquesta coordinaci\u00f3 ens permet controlar els terminis, els costos, la qualitat i l'execuci\u00f3 amb la m\u00e0xima precisi\u00f3. Seleccionem acuradament marbre, pedra natural, porcell\u00e0nic de gran format, fustes nobles, metalls i revestiments premium per aconseguir habitatges d'alt standing amb acabats elegants, duradors i atemporals.<\/p>\t\t\t\t\t\t\t\t<\/div>\n\t\t\t\t<\/div>\n\t\t\t\t\t<\/div>\n\t\t<\/div>\n\t\t\t\t\t<\/div>\n\t\t<\/section>\n\t\t\t\t<section class=\"elementor-section elementor-top-section elementor-element elementor-element-64a9f30 elementor-section-full_width elementor-section-height-default elementor-section-height-default\" data-id=\"64a9f30\" data-element_type=\"section\" data-e-type=\"section\" data-settings=\"{&quot;background_background&quot;:&quot;classic&quot;}\">\n\t\t\t\t\t\t<div class=\"elementor-container elementor-column-gap-default\">\n\t\t\t\t\t<div class=\"elementor-column elementor-col-100 elementor-top-column elementor-element elementor-element-44946e1\" data-id=\"44946e1\" data-element_type=\"column\" data-e-type=\"column\" data-settings=\"{&quot;background_background&quot;:&quot;classic&quot;}\">\n\t\t\t<div class=\"elementor-widget-wrap elementor-element-populated\">\n\t\t\t\t\t\t<div class=\"elementor-element elementor-element-1e9d1a7 elementor-widget elementor-widget-spacer\" data-id=\"1e9d1a7\" data-element_type=\"widget\" data-e-type=\"widget\" data-widget_type=\"spacer.default\">\n\t\t\t\t<div class=\"elementor-widget-container\">\n\t\t\t\t\t\t\t<div class=\"elementor-spacer\">\n\t\t\t<div class=\"elementor-spacer-inner\"><\/div>\n\t\t<\/div>\n\t\t\t\t\t\t<\/div>\n\t\t\t\t<\/div>\n\t\t\t\t\t<\/div>\n\t\t<\/div>\n\t\t\t\t\t<\/div>\n\t\t<\/section>\n\t\t\t\t<section class=\"elementor-section elementor-top-section elementor-element elementor-element-c80dffd elementor-section-boxed elementor-section-height-default elementor-section-height-default\" data-id=\"c80dffd\" data-element_type=\"section\" data-e-type=\"section\">\n\t\t\t\t\t\t<div class=\"elementor-container elementor-column-gap-default\">\n\t\t\t\t\t<div class=\"elementor-column elementor-col-50 elementor-top-column elementor-element elementor-element-a46bf5f\" data-id=\"a46bf5f\" data-element_type=\"column\" data-e-type=\"column\">\n\t\t\t<div class=\"elementor-widget-wrap elementor-element-populated\">\n\t\t\t\t\t\t<div class=\"elementor-element elementor-element-aa3b272 elementor-widget elementor-widget-heading\" data-id=\"aa3b272\" data-element_type=\"widget\" data-e-type=\"widget\" data-widget_type=\"heading.default\">\n\t\t\t\t<div class=\"elementor-widget-container\">\n\t\t\t\t\t<h2 class=\"elementor-heading-title elementor-size-default\">Gesti\u00f3 i execuci\u00f3 de reformes de luxe<\/h2>\t\t\t\t<\/div>\n\t\t\t\t<\/div>\n\t\t\t\t<div class=\"elementor-element elementor-element-bf15245 elementor-widget elementor-widget-text-editor\" data-id=\"bf15245\" data-element_type=\"widget\" data-e-type=\"widget\" data-widget_type=\"text-editor.default\">\n\t\t\t\t<div class=\"elementor-widget-container\">\n\t\t\t\t\t\t\t\t\t<div class=\"page\" title=\"Page 2\"><div class=\"layoutArea\"><div class=\"column\"><h3>Tecnologia al servei de la construcci\u00f3<\/h3><p class=\"translation-block\">La planificaci\u00f3, el control econ\u00f2mic, la supervisi\u00f3 di\u00e0ria i la coordinaci\u00f3 t\u00e8cnica garanteixen una execuci\u00f3 eficient i transparent durant tota l'obra. A REPROBARCELONA desenvolupem cada reforma de luxe a Barcelona amb la m\u00e0xima precisi\u00f3 i una especial atenci\u00f3 al detall.<\/p><p>La qualitat es percep en els petits detalls: juntes perfectament alineades, unions netes entre materials, portes enrasades i una il\u00b7luminaci\u00f3 totalment integrada. Creiem en espais que conservin la seva bellesa amb el pas del temps, on la qualitat dels materials i la precisi\u00f3 constructiva es converteixin en un valor durador.<\/p><h3>El nostre proc\u00e9s<\/h3><ol><li>An\u00e0lisi inicial.<\/li><li>Estudi t\u00e8cnic.<\/li><li>Desenvolupament del projecte.\u00a0<\/li><li>Seleccio\u0301 de materials.<\/li><li><span style=\"font-size: 1.1rem;\">Pressupost detallat.<\/span><\/li><li><span style=\"font-size: 1.1rem;\">Planificaci\u00f3.<\/span><\/li><li>Execuci\u00f3<\/li><li>Supervisi\u00f3<\/li><li>Control de qualitat<\/li><li>Lliurament final.<\/li><\/ol><\/div><\/div><\/div><h3 style=\"color: #000000;\">Materials d'alta gamma<\/h3><p class=\"isSelectedEnd translation-block\">La selecci\u00f3 dels materials \u00e9s un dels aspectes que defineix una reforma de luxe. A <b>REPROBARCELONA<\/b> treballem amb materials d'alta gamma, com ara marbre, pedra natural, porcell\u00e0nic de gran format, fustes nobles i altres revestiments premium que combinen disseny, resist\u00e8ncia i durabilitat per crear espais exclusius.<\/p>\t\t\t\t\t\t\t\t<\/div>\n\t\t\t\t<\/div>\n\t\t\t\t\t<\/div>\n\t\t<\/div>\n\t\t\t\t<div class=\"elementor-column elementor-col-50 elementor-top-column elementor-element elementor-element-c88ffc5\" data-id=\"c88ffc5\" data-element_type=\"column\" data-e-type=\"column\">\n\t\t\t<div class=\"elementor-widget-wrap elementor-element-populated\">\n\t\t\t\t\t\t<div class=\"elementor-element elementor-element-6ca1f7a elementor-widget elementor-widget-spacer\" data-id=\"6ca1f7a\" data-element_type=\"widget\" data-e-type=\"widget\" data-widget_type=\"spacer.default\">\n\t\t\t\t<div class=\"elementor-widget-container\">\n\t\t\t\t\t\t\t<div class=\"elementor-spacer\">\n\t\t\t<div class=\"elementor-spacer-inner\"><\/div>\n\t\t<\/div>\n\t\t\t\t\t\t<\/div>\n\t\t\t\t<\/div>\n\t\t\t\t<div class=\"elementor-element elementor-element-8a50fb7 elementor-widget elementor-widget-image\" data-id=\"8a50fb7\" data-element_type=\"widget\" data-e-type=\"widget\" data-widget_type=\"image.default\">\n\t\t\t\t<div class=\"elementor-widget-container\">\n\t\t\t\t\t\t\t\t\t\t\t\t\t\t\t\t<a href=\"https:\/\/www.reprobarcelona.com\/wp-content\/uploads\/2023\/04\/pexels-curtis-adams-3773582-scaled.jpg\" data-elementor-open-lightbox=\"yes\" data-elementor-lightbox-title=\"pexels-curtis-adams-3773582\" data-e-action-hash=\"#elementor-action%3Aaction%3Dlightbox%26settings%3DeyJpZCI6MTc2MywidXJsIjoiaHR0cHM6XC9cL3d3dy5yZXByb2JhcmNlbG9uYS5jb21cL3dwLWNvbnRlbnRcL3VwbG9hZHNcLzIwMjNcLzA0XC9wZXhlbHMtY3VydGlzLWFkYW1zLTM3NzM1ODItc2NhbGVkLmpwZyJ9\">\n\t\t\t\t\t\t\t<img decoding=\"async\" src=\"https:\/\/www.reprobarcelona.com\/wp-content\/uploads\/elementor\/thumbs\/pexels-curtis-adams-3773582-scaled-rh61yf859fu8ohcabji9oaxu4bbfs5tbhdzok3zf5c.jpg\" title=\"pexels-curtis-adams-3773582\" alt=\"REFORMES A BARCELONA\" loading=\"lazy\" \/>\t\t\t\t\t\t\t\t<\/a>\n\t\t\t\t\t\t\t\t\t\t\t\t\t\t\t<\/div>\n\t\t\t\t<\/div>\n\t\t\t\t\t<\/div>\n\t\t<\/div>\n\t\t\t\t\t<\/div>\n\t\t<\/section>\n\t\t\t\t<section class=\"elementor-section elementor-top-section elementor-element elementor-element-fc69fed elementor-reverse-mobile elementor-section-boxed elementor-section-height-default elementor-section-height-default\" data-id=\"fc69fed\" data-element_type=\"section\" data-e-type=\"section\">\n\t\t\t\t\t\t<div class=\"elementor-container elementor-column-gap-default\">\n\t\t\t\t\t<div class=\"elementor-column elementor-col-50 elementor-top-column elementor-element elementor-element-fad2df6\" data-id=\"fad2df6\" data-element_type=\"column\" data-e-type=\"column\">\n\t\t\t<div class=\"elementor-widget-wrap elementor-element-populated\">\n\t\t\t\t\t\t<div class=\"elementor-element elementor-element-ae3df20 elementor-widget elementor-widget-spacer\" data-id=\"ae3df20\" data-element_type=\"widget\" data-e-type=\"widget\" data-widget_type=\"spacer.default\">\n\t\t\t\t<div class=\"elementor-widget-container\">\n\t\t\t\t\t\t\t<div class=\"elementor-spacer\">\n\t\t\t<div class=\"elementor-spacer-inner\"><\/div>\n\t\t<\/div>\n\t\t\t\t\t\t<\/div>\n\t\t\t\t<\/div>\n\t\t\t\t<div class=\"elementor-element elementor-element-2c1564f elementor-widget elementor-widget-image\" data-id=\"2c1564f\" data-element_type=\"widget\" data-e-type=\"widget\" data-widget_type=\"image.default\">\n\t\t\t\t<div class=\"elementor-widget-container\">\n\t\t\t\t\t\t\t\t\t\t\t\t\t\t\t\t<a href=\"https:\/\/www.reprobarcelona.com\/wp-content\/uploads\/2024\/08\/Arquitectura-de-lujo-en-Barcelona-4.jpg\" data-elementor-open-lightbox=\"yes\" data-elementor-lightbox-title=\"Arquitectura de lujo en Barcelona 4\" data-e-action-hash=\"#elementor-action%3Aaction%3Dlightbox%26settings%3DeyJpZCI6MzY2NSwidXJsIjoiaHR0cHM6XC9cL3d3dy5yZXByb2JhcmNlbG9uYS5jb21cL3dwLWNvbnRlbnRcL3VwbG9hZHNcLzIwMjRcLzA4XC9BcnF1aXRlY3R1cmEtZGUtbHVqby1lbi1CYXJjZWxvbmEtNC5qcGcifQ%3D%3D\">\n\t\t\t\t\t\t\t<img decoding=\"async\" width=\"682\" height=\"1024\" src=\"https:\/\/www.reprobarcelona.com\/wp-content\/uploads\/2024\/08\/Arquitectura-de-lujo-en-Barcelona-4-682x1024.jpg\" class=\"attachment-large size-large wp-image-3665\" alt=\"Arquitectura de luxe a Barcelona\" srcset=\"https:\/\/www.reprobarcelona.com\/wp-content\/uploads\/2024\/08\/Arquitectura-de-lujo-en-Barcelona-4-682x1024.jpg 682w, https:\/\/www.reprobarcelona.com\/wp-content\/uploads\/2024\/08\/Arquitectura-de-lujo-en-Barcelona-4-200x300.jpg 200w, https:\/\/www.reprobarcelona.com\/wp-content\/uploads\/2024\/08\/Arquitectura-de-lujo-en-Barcelona-4-768x1153.jpg 768w, https:\/\/www.reprobarcelona.com\/wp-content\/uploads\/2024\/08\/Arquitectura-de-lujo-en-Barcelona-4-1023x1536.jpg 1023w, https:\/\/www.reprobarcelona.com\/wp-content\/uploads\/2024\/08\/Arquitectura-de-lujo-en-Barcelona-4-8x12.jpg 8w, https:\/\/www.reprobarcelona.com\/wp-content\/uploads\/2024\/08\/Arquitectura-de-lujo-en-Barcelona-4.jpg 1131w\" sizes=\"(max-width: 682px) 100vw, 682px\" \/>\t\t\t\t\t\t\t\t<\/a>\n\t\t\t\t\t\t\t\t\t\t\t\t\t\t\t<\/div>\n\t\t\t\t<\/div>\n\t\t\t\t\t<\/div>\n\t\t<\/div>\n\t\t\t\t<div class=\"elementor-column elementor-col-50 elementor-top-column elementor-element elementor-element-8f4f1ea\" data-id=\"8f4f1ea\" data-element_type=\"column\" data-e-type=\"column\">\n\t\t\t<div class=\"elementor-widget-wrap elementor-element-populated\">\n\t\t\t\t\t\t<div class=\"elementor-element elementor-element-77c45cb elementor-widget elementor-widget-heading\" data-id=\"77c45cb\" data-element_type=\"widget\" data-e-type=\"widget\" data-widget_type=\"heading.default\">\n\t\t\t\t<div class=\"elementor-widget-container\">\n\t\t\t\t\t<h2 class=\"elementor-heading-title elementor-size-default\">Aspectes que diferencien una reforma de luxe<\/h2>\t\t\t\t<\/div>\n\t\t\t\t<\/div>\n\t\t\t\t<div class=\"elementor-element elementor-element-d7e284b elementor-widget elementor-widget-text-editor\" data-id=\"d7e284b\" data-element_type=\"widget\" data-e-type=\"widget\" data-widget_type=\"text-editor.default\">\n\t\t\t\t<div class=\"elementor-widget-container\">\n\t\t\t\t\t\t\t\t\t<h3>Projectes exclusius i personalitzats<\/h3><p class=\"translation-block\">A <b>REPROBARCELONA<\/b> desenvolupem reformes de luxe a Barcelona adaptades a cada habitatge. Analitzem la distribuci\u00f3, l'arquitectura i les necessitats del client per crear espais exclusius, funcionals i atemporals.<\/p><h3>Materials Premium:<\/h3><p class=\"translation-block\">Treballem amb materials d'alta gamma, com ara marbre, pedra natural, porcell\u00e0nic de gran format i fustes nobles. Cada acabat es selecciona pel seu disseny, resist\u00e8ncia i durabilitat per aportar valor a l'habitatge.<\/p><h3>Execuci\u00f3 amb professionals especialitzats<\/h3><p class=\"translation-block\">El nostre equip est\u00e0 format per especialistes en reformes premium. Coordinem cada fase de l'obra per garantir una execuci\u00f3 precisa i acabats de la m\u00e0xima qualitat.<\/p><h3>Gesti\u00f3 integral del projecte<\/h3><p>Oferim un servei <strong>clauns en m\u00e0<\/strong> Oferim un servei clau en m\u00e0 que inclou el disseny, la planificaci\u00f3, la direcci\u00f3 d'obra i l'execuci\u00f3. Un \u00fanic interlocutor coordina tot el projecte per garantir el compliment dels terminis i la qualitat en cada detall.<\/p><h3>Disseny, confort i tecnologia<\/h3><p>Integrem il\u00b7luminaci\u00f3 t\u00e8cnica, climatitzaci\u00f3, dom\u00f2tica i mobiliari fet a mida per crear habitatges elegants, eficients i adaptats a l'estil de vida de cada client.<\/p>\t\t\t\t\t\t\t\t<\/div>\n\t\t\t\t<\/div>\n\t\t\t\t\t<\/div>\n\t\t<\/div>\n\t\t\t\t\t<\/div>\n\t\t<\/section>\n\t\t\t\t<section class=\"elementor-section elementor-top-section elementor-element elementor-element-b43541a elementor-section-full_width elementor-section-stretched elementor-section-height-default elementor-section-height-default\" data-id=\"b43541a\" data-element_type=\"section\" data-e-type=\"section\" data-settings=\"{&quot;stretch_section&quot;:&quot;section-stretched&quot;}\">\n\t\t\t\t\t\t<div class=\"elementor-container elementor-column-gap-default\">\n\t\t\t\t\t<div class=\"elementor-column elementor-col-100 elementor-top-column elementor-element elementor-element-51b4aa8\" data-id=\"51b4aa8\" data-element_type=\"column\" data-e-type=\"column\" data-settings=\"{&quot;background_background&quot;:&quot;classic&quot;}\">\n\t\t\t<div class=\"elementor-widget-wrap elementor-element-populated\">\n\t\t\t\t\t\t<div class=\"elementor-element elementor-element-e812c62 elementor-widget elementor-widget-heading\" data-id=\"e812c62\" data-element_type=\"widget\" data-e-type=\"widget\" data-widget_type=\"heading.default\">\n\t\t\t\t<div class=\"elementor-widget-container\">\n\t\t\t\t\t<h2 class=\"elementor-heading-title elementor-size-default\">Barcelona, Eivissa, Marbella i Abu Dhabi com a escenaris dels nostres projectes<\/h2>\t\t\t\t<\/div>\n\t\t\t\t<\/div>\n\t\t\t\t<section class=\"elementor-section elementor-inner-section elementor-element elementor-element-e9569ea elementor-section-full_width elementor-section-height-default elementor-section-height-default\" data-id=\"e9569ea\" data-element_type=\"section\" data-e-type=\"section\">\n\t\t\t\t\t\t<div class=\"elementor-container elementor-column-gap-default\">\n\t\t\t\t\t<div class=\"elementor-column elementor-col-100 elementor-inner-column elementor-element elementor-element-52d4239\" data-id=\"52d4239\" data-element_type=\"column\" data-e-type=\"column\" data-settings=\"{&quot;background_background&quot;:&quot;classic&quot;}\">\n\t\t\t<div class=\"elementor-widget-wrap elementor-element-populated\">\n\t\t\t\t\t<div class=\"elementor-background-overlay\"><\/div>\n\t\t\t\t\t\t<div class=\"elementor-element elementor-element-f185ea0 elementor-widget elementor-widget-text-editor\" data-id=\"f185ea0\" data-element_type=\"widget\" data-e-type=\"widget\" data-widget_type=\"text-editor.default\">\n\t\t\t\t<div class=\"elementor-widget-container\">\n\t\t\t\t\t\t\t\t\t<p class=\"translation-block\">Treballem habitualment a les zones m\u00e9s exclusives de Barcelona, aix\u00ed com a Eivissa, Marbella, Abu Dhabi i altres destinacions, adaptant cada reforma de luxe a l'arquitectura existent i a les necessitats de cada client. El nostre objectiu \u00e9s crear espais \u00fanics mitjan\u00e7ant una execuci\u00f3 precisa, materials premium i acabats de la m\u00e0xima qualitat.<\/p><p class=\"translation-block\">Una reforma de luxe a Barcelona consisteix a crear un habitatge capa\u00e7 d'emocionar, millorar la manera de viure i conservar el seu valor amb el pas del temps. Cada projecte reflecteix la nostra manera d'entendre l'arquitectura: precisi\u00f3, honestedat, excel\u00b7l\u00e8ncia constructiva i una acurada atenci\u00f3 a cada detall.<\/p>\t\t\t\t\t\t\t\t<\/div>\n\t\t\t\t<\/div>\n\t\t\t\t<div class=\"elementor-element elementor-element-08daa88 elementor-align-center elementor-widget elementor-widget-button\" data-id=\"08daa88\" data-element_type=\"widget\" data-e-type=\"widget\" data-widget_type=\"button.default\">\n\t\t\t\t<div class=\"elementor-widget-container\">\n\t\t\t\t\t\t\t\t\t<div class=\"elementor-button-wrapper\">\n\t\t\t\t\t<a class=\"elementor-button elementor-button-link elementor-size-sm\" href=\"https:\/\/www.reprobarcelona.com\/ca\/contacte-reprobarcelona-2\/\">\n\t\t\t\t\t\t<span class=\"elementor-button-content-wrapper\">\n\t\t\t\t\t\t\t\t\t<span class=\"elementor-button-text\">SOL\u00b7LICITA INFORMACI\u00d3<\/span>\n\t\t\t\t\t<\/span>\n\t\t\t\t\t<\/a>\n\t\t\t\t<\/div>\n\t\t\t\t\t\t\t\t<\/div>\n\t\t\t\t<\/div>\n\t\t\t\t\t<\/div>\n\t\t<\/div>\n\t\t\t\t\t<\/div>\n\t\t<\/section>\n\t\t\t\t\t<\/div>\n\t\t<\/div>\n\t\t\t\t\t<\/div>\n\t\t<\/section>\n\t\t\t\t<section class=\"elementor-section elementor-top-section elementor-element elementor-element-9b3c532 elementor-section-boxed elementor-section-height-default elementor-section-height-default\" data-id=\"9b3c532\" data-element_type=\"section\" data-e-type=\"section\">\n\t\t\t\t\t\t<div class=\"elementor-container elementor-column-gap-default\">\n\t\t\t\t\t<div class=\"elementor-column elementor-col-50 elementor-top-column elementor-element elementor-element-a0c95bc\" data-id=\"a0c95bc\" data-element_type=\"column\" data-e-type=\"column\">\n\t\t\t<div class=\"elementor-widget-wrap elementor-element-populated\">\n\t\t\t\t\t\t<div class=\"elementor-element elementor-element-2e19faa elementor-widget__width-initial elementor-widget elementor-widget-image\" data-id=\"2e19faa\" data-element_type=\"widget\" data-e-type=\"widget\" data-widget_type=\"image.default\">\n\t\t\t\t<div class=\"elementor-widget-container\">\n\t\t\t\t\t\t\t\t\t\t\t\t\t\t\t\t<a href=\"https:\/\/www.reprobarcelona.com\/wp-content\/uploads\/2023\/07\/Diseno-sin-titulo-9.jpg\" data-elementor-open-lightbox=\"yes\" data-elementor-lightbox-title=\"Dise\u00f1o sin t\u00edtulo (9)\" data-e-action-hash=\"#elementor-action%3Aaction%3Dlightbox%26settings%3DeyJpZCI6MjQ2NCwidXJsIjoiaHR0cHM6XC9cL3d3dy5yZXByb2JhcmNlbG9uYS5jb21cL3dwLWNvbnRlbnRcL3VwbG9hZHNcLzIwMjNcLzA3XC9EaXNlbm8tc2luLXRpdHVsby05LmpwZyJ9\">\n\t\t\t\t\t\t\t<img decoding=\"async\" src=\"https:\/\/www.reprobarcelona.com\/wp-content\/uploads\/elementor\/thumbs\/Diseno-sin-titulo-9-rh61yf7ycs1nm82a6rgjz906oiwnzbibcws0c0j3y8.jpg\" title=\"Disseny sense t\u00edtol (9)\" alt=\"reformes barcelona\" loading=\"lazy\" \/>\t\t\t\t\t\t\t\t<\/a>\n\t\t\t\t\t\t\t\t\t\t\t\t\t\t\t<\/div>\n\t\t\t\t<\/div>\n\t\t\t\t\t<\/div>\n\t\t<\/div>\n\t\t\t\t<div class=\"elementor-column elementor-col-50 elementor-top-column elementor-element elementor-element-4de133d\" data-id=\"4de133d\" data-element_type=\"column\" data-e-type=\"column\">\n\t\t\t<div class=\"elementor-widget-wrap elementor-element-populated\">\n\t\t\t\t\t\t<div class=\"elementor-element elementor-element-f263137 elementor-widget elementor-widget-heading\" data-id=\"f263137\" data-element_type=\"widget\" data-e-type=\"widget\" data-widget_type=\"heading.default\">\n\t\t\t\t<div class=\"elementor-widget-container\">\n\t\t\t\t\t<h2 class=\"elementor-heading-title elementor-size-default\"><a href=\"http:\/\/piedra\">Especialistes en pedra natural<\/a><\/h2>\t\t\t\t<\/div>\n\t\t\t\t<\/div>\n\t\t\t\t<div class=\"elementor-element elementor-element-24eef53 elementor-widget elementor-widget-text-editor\" data-id=\"24eef53\" data-element_type=\"widget\" data-e-type=\"widget\" data-widget_type=\"text-editor.default\">\n\t\t\t\t<div class=\"elementor-widget-container\">\n\t\t\t\t\t\t\t\t\t<p class=\"isSelectedEnd translation-block\">La pedra natural forma part de l'ADN de <b>REPROBARCELONA<\/b>. Cada pe\u00e7a \u00e9s \u00fanica i requereix un coneixement profund del material per respectar-ne les vetes, els acabats i el comportament durant la seva instal\u00b7laci\u00f3. La nostra experi\u00e8ncia ens permet executar projectes de pedra natural a Barcelona amb la m\u00e0xima precisi\u00f3, garantint acabats exclusius, elegants i duradors.<\/p>\t\t\t\t\t\t\t\t<\/div>\n\t\t\t\t<\/div>\n\t\t\t\t\t<\/div>\n\t\t<\/div>\n\t\t\t\t\t<\/div>\n\t\t<\/section>\n\t\t\t\t<section class=\"elementor-section elementor-top-section elementor-element elementor-element-6364075 elementor-section-boxed elementor-section-height-default elementor-section-height-default\" data-id=\"6364075\" data-element_type=\"section\" data-e-type=\"section\">\n\t\t\t\t\t\t<div class=\"elementor-container elementor-column-gap-default\">\n\t\t\t\t\t<div class=\"elementor-column elementor-col-50 elementor-top-column elementor-element elementor-element-9f7cada\" data-id=\"9f7cada\" data-element_type=\"column\" data-e-type=\"column\">\n\t\t\t<div class=\"elementor-widget-wrap elementor-element-populated\">\n\t\t\t\t\t\t<div class=\"elementor-element elementor-element-7a15f19 elementor-widget elementor-widget-heading\" data-id=\"7a15f19\" data-element_type=\"widget\" data-e-type=\"widget\" data-widget_type=\"heading.default\">\n\t\t\t\t<div class=\"elementor-widget-container\">\n\t\t\t\t\t<h2 class=\"elementor-heading-title elementor-size-default\"><a href=\"https:\/\/www.reprobarcelona.com\/ca\/porcellanic-gran-format-barcelona\/\">Porcell\u00e0nic gran format<\/a><\/h2>\t\t\t\t<\/div>\n\t\t\t\t<\/div>\n\t\t\t\t<div class=\"elementor-element elementor-element-258e0f8 elementor-widget elementor-widget-text-editor\" data-id=\"258e0f8\" data-element_type=\"widget\" data-e-type=\"widget\" data-widget_type=\"text-editor.default\">\n\t\t\t\t<div class=\"elementor-widget-container\">\n\t\t\t\t\t\t\t\t\t<p class=\"isSelectedEnd translation-block\">El <strong>porcell\u00e0nic de gran format <\/strong>\u00e9s un dels materials m\u00e9s demandats en les reformes de luxe a Barcelona pel seu disseny, la seva resist\u00e8ncia i la continu\u00eftat visual que ofereix. Les seves peces de grans dimensions requereixen una execuci\u00f3 mil\u00b7lim\u00e8trica i un equip especialitzat per garantir un resultat impecable. A <b>REPROBARCELONA<\/b> utilitzem sistemes professionals de manipulaci\u00f3, anivellament i instal\u00b7laci\u00f3 per aconseguir superf\u00edcies cont\u00ednues, juntes m\u00ednimes i acabats elegants i duradors.<\/p>\t\t\t\t\t\t\t\t<\/div>\n\t\t\t\t<\/div>\n\t\t\t\t\t<\/div>\n\t\t<\/div>\n\t\t\t\t<div class=\"elementor-column elementor-col-50 elementor-top-column elementor-element elementor-element-60f736a\" data-id=\"60f736a\" data-element_type=\"column\" data-e-type=\"column\">\n\t\t\t<div class=\"elementor-widget-wrap elementor-element-populated\">\n\t\t\t\t\t\t<div class=\"elementor-element elementor-element-02948c7 elementor-widget__width-initial elementor-widget elementor-widget-image\" data-id=\"02948c7\" data-element_type=\"widget\" data-e-type=\"widget\" data-widget_type=\"image.default\">\n\t\t\t\t<div class=\"elementor-widget-container\">\n\t\t\t\t\t\t\t\t\t\t\t\t\t\t\t\t<a href=\"https:\/\/www.reprobarcelona.com\/wp-content\/uploads\/2023\/04\/IOBI5502.jpg\" data-elementor-open-lightbox=\"yes\" data-elementor-lightbox-title=\"IOBI5502\" data-e-action-hash=\"#elementor-action%3Aaction%3Dlightbox%26settings%3DeyJpZCI6MTczMywidXJsIjoiaHR0cHM6XC9cL3d3dy5yZXByb2JhcmNlbG9uYS5jb21cL3dwLWNvbnRlbnRcL3VwbG9hZHNcLzIwMjNcLzA0XC9JT0JJNTUwMi5qcGcifQ%3D%3D\">\n\t\t\t\t\t\t\t<img decoding=\"async\" src=\"https:\/\/www.reprobarcelona.com\/wp-content\/uploads\/elementor\/thumbs\/IOBI5502-rh61yf7ycs1nm82a6rgjz906oiwnzbibcws0c0j3y8.jpg\" title=\"IOBI5502\" alt=\"cuina integrada\" loading=\"lazy\" \/>\t\t\t\t\t\t\t\t<\/a>\n\t\t\t\t\t\t\t\t\t\t\t\t\t\t\t<\/div>\n\t\t\t\t<\/div>\n\t\t\t\t\t<\/div>\n\t\t<\/div>\n\t\t\t\t\t<\/div>\n\t\t<\/section>\n\t\t\t\t<section class=\"elementor-section elementor-top-section elementor-element elementor-element-6cf3eff elementor-section-full_width elementor-section-height-default elementor-section-height-default\" data-id=\"6cf3eff\" data-element_type=\"section\" data-e-type=\"section\" data-settings=\"{&quot;background_background&quot;:&quot;classic&quot;}\">\n\t\t\t\t\t\t<div class=\"elementor-container elementor-column-gap-default\">\n\t\t\t\t\t<div class=\"elementor-column elementor-col-100 elementor-top-column elementor-element elementor-element-dc5dcee\" data-id=\"dc5dcee\" data-element_type=\"column\" data-e-type=\"column\" data-settings=\"{&quot;background_background&quot;:&quot;classic&quot;}\">\n\t\t\t<div class=\"elementor-widget-wrap elementor-element-populated\">\n\t\t\t\t\t\t<div class=\"elementor-element elementor-element-1a41a03 elementor-widget elementor-widget-spacer\" data-id=\"1a41a03\" data-element_type=\"widget\" data-e-type=\"widget\" data-widget_type=\"spacer.default\">\n\t\t\t\t<div class=\"elementor-widget-container\">\n\t\t\t\t\t\t\t<div class=\"elementor-spacer\">\n\t\t\t<div class=\"elementor-spacer-inner\"><\/div>\n\t\t<\/div>\n\t\t\t\t\t\t<\/div>\n\t\t\t\t<\/div>\n\t\t\t\t\t<\/div>\n\t\t<\/div>\n\t\t\t\t\t<\/div>\n\t\t<\/section>\n\t\t\t\t<section class=\"elementor-section elementor-top-section elementor-element elementor-element-83709c8 elementor-section-full_width elementor-section-height-default elementor-section-height-default\" data-id=\"83709c8\" data-element_type=\"section\" data-e-type=\"section\">\n\t\t\t\t\t\t<div class=\"elementor-container elementor-column-gap-default\">\n\t\t\t\t\t<div class=\"elementor-column elementor-col-100 elementor-top-column elementor-element elementor-element-0e2e787\" data-id=\"0e2e787\" data-element_type=\"column\" data-e-type=\"column\">\n\t\t\t<div class=\"elementor-widget-wrap elementor-element-populated\">\n\t\t\t\t\t\t<div class=\"elementor-element elementor-element-fdc3008 elementor-widget elementor-widget-heading\" data-id=\"fdc3008\" data-element_type=\"widget\" data-e-type=\"widget\" data-widget_type=\"heading.default\">\n\t\t\t\t<div class=\"elementor-widget-container\">\n\t\t\t\t\t<h2 class=\"elementor-heading-title elementor-size-default\">projectes realitzats<\/h2>\t\t\t\t<\/div>\n\t\t\t\t<\/div>\n\t\t\t\t<div class=\"elementor-element elementor-element-e5b389a elementor-widget-divider--view-line elementor-widget elementor-widget-divider\" data-id=\"e5b389a\" data-element_type=\"widget\" data-e-type=\"widget\" data-widget_type=\"divider.default\">\n\t\t\t\t<div class=\"elementor-widget-container\">\n\t\t\t\t\t\t\t<div class=\"elementor-divider\">\n\t\t\t<span class=\"elementor-divider-separator\">\n\t\t\t\t\t\t<\/span>\n\t\t<\/div>\n\t\t\t\t\t\t<\/div>\n\t\t\t\t<\/div>\n\t\t\t\t<div class=\"elementor-element elementor-element-6d86c1f elementor-widget elementor-widget-gallery\" data-id=\"6d86c1f\" data-element_type=\"widget\" data-e-type=\"widget\" data-settings=\"{&quot;gallery_layout&quot;:&quot;masonry&quot;,&quot;lazyload&quot;:&quot;yes&quot;,&quot;columns&quot;:4,&quot;columns_tablet&quot;:2,&quot;columns_mobile&quot;:1,&quot;gap&quot;:{&quot;unit&quot;:&quot;px&quot;,&quot;size&quot;:10,&quot;sizes&quot;:[]},&quot;gap_tablet&quot;:{&quot;unit&quot;:&quot;px&quot;,&quot;size&quot;:10,&quot;sizes&quot;:[]},&quot;gap_mobile&quot;:{&quot;unit&quot;:&quot;px&quot;,&quot;size&quot;:10,&quot;sizes&quot;:[]},&quot;link_to&quot;:&quot;file&quot;,&quot;overlay_background&quot;:&quot;yes&quot;,&quot;content_hover_animation&quot;:&quot;fade-in&quot;}\" data-widget_type=\"gallery.default\">\n\t\t\t\t<div class=\"elementor-widget-container\">\n\t\t\t\t\t\t\t<div class=\"elementor-gallery__container\">\n\t\t\t\t\t\t\t<a class=\"e-gallery-item elementor-gallery-item elementor-animated-content\" href=\"https:\/\/www.reprobarcelona.com\/wp-content\/uploads\/2024\/08\/Reformas-de-cocina-de-lujo-1.jpg\" data-elementor-open-lightbox=\"yes\" data-elementor-lightbox-slideshow=\"6d86c1f\" data-elementor-lightbox-title=\"Reformas de cocina de lujo 1\" data-e-action-hash=\"#elementor-action%3Aaction%3Dlightbox%26settings%3DeyJpZCI6Mzc5OSwidXJsIjoiaHR0cHM6XC9cL3d3dy5yZXByb2JhcmNlbG9uYS5jb21cL3dwLWNvbnRlbnRcL3VwbG9hZHNcLzIwMjRcLzA4XC9SZWZvcm1hcy1kZS1jb2NpbmEtZGUtbHVqby0xLmpwZyIsInNsaWRlc2hvdyI6IjZkODZjMWYifQ%3D%3D\">\n\t\t\t\t\t<div class=\"e-gallery-image elementor-gallery-item__image\" data-thumbnail=\"https:\/\/www.reprobarcelona.com\/wp-content\/uploads\/2024\/08\/Reformas-de-cocina-de-lujo-1-300x300.jpg\" data-width=\"300\" data-height=\"300\" aria-label=\"Reformes de cuina de luxe a Barcelona\" role=\"img\" ><\/div>\n\t\t\t\t\t\t\t\t\t\t\t<div class=\"elementor-gallery-item__overlay\"><\/div>\n\t\t\t\t\t\t\t\t\t\t\t\t\t\t<\/a>\n\t\t\t\t\t\t\t<a class=\"e-gallery-item elementor-gallery-item elementor-animated-content\" href=\"https:\/\/www.reprobarcelona.com\/wp-content\/uploads\/2024\/08\/Diseno-sin-titulo-50.jpg\" data-elementor-open-lightbox=\"yes\" data-elementor-lightbox-slideshow=\"6d86c1f\" data-elementor-lightbox-title=\"Dise\u00f1o sin t\u00edtulo (50)\" data-e-action-hash=\"#elementor-action%3Aaction%3Dlightbox%26settings%3DeyJpZCI6Mzg2NSwidXJsIjoiaHR0cHM6XC9cL3d3dy5yZXByb2JhcmNlbG9uYS5jb21cL3dwLWNvbnRlbnRcL3VwbG9hZHNcLzIwMjRcLzA4XC9EaXNlbm8tc2luLXRpdHVsby01MC5qcGciLCJzbGlkZXNob3ciOiI2ZDg2YzFmIn0%3D\">\n\t\t\t\t\t<div class=\"e-gallery-image elementor-gallery-item__image\" data-thumbnail=\"https:\/\/www.reprobarcelona.com\/wp-content\/uploads\/2024\/08\/Diseno-sin-titulo-50-225x300.jpg\" data-width=\"225\" data-height=\"300\" aria-label=\"reforma luxe Eivissa\" role=\"img\" ><\/div>\n\t\t\t\t\t\t\t\t\t\t\t<div class=\"elementor-gallery-item__overlay\"><\/div>\n\t\t\t\t\t\t\t\t\t\t\t\t\t\t<\/a>\n\t\t\t\t\t\t\t<a class=\"e-gallery-item elementor-gallery-item elementor-animated-content\" href=\"https:\/\/www.reprobarcelona.com\/wp-content\/uploads\/2024\/08\/Reformas-de-cocina-de-lujo-3.jpg\" data-elementor-open-lightbox=\"yes\" data-elementor-lightbox-slideshow=\"6d86c1f\" data-elementor-lightbox-title=\"Reformas de cocina de lujo 3\" data-e-action-hash=\"#elementor-action%3Aaction%3Dlightbox%26settings%3DeyJpZCI6MzgwMywidXJsIjoiaHR0cHM6XC9cL3d3dy5yZXByb2JhcmNlbG9uYS5jb21cL3dwLWNvbnRlbnRcL3VwbG9hZHNcLzIwMjRcLzA4XC9SZWZvcm1hcy1kZS1jb2NpbmEtZGUtbHVqby0zLmpwZyIsInNsaWRlc2hvdyI6IjZkODZjMWYifQ%3D%3D\">\n\t\t\t\t\t<div class=\"e-gallery-image elementor-gallery-item__image\" data-thumbnail=\"https:\/\/www.reprobarcelona.com\/wp-content\/uploads\/2024\/08\/Reformas-de-cocina-de-lujo-3-204x300.jpg\" data-width=\"204\" data-height=\"300\" aria-label=\"\" role=\"img\" ><\/div>\n\t\t\t\t\t\t\t\t\t\t\t<div class=\"elementor-gallery-item__overlay\"><\/div>\n\t\t\t\t\t\t\t\t\t\t\t\t\t\t<\/a>\n\t\t\t\t\t\t\t<a class=\"e-gallery-item elementor-gallery-item elementor-animated-content\" href=\"https:\/\/www.reprobarcelona.com\/wp-content\/uploads\/2024\/08\/image0-2.jpeg\" data-elementor-open-lightbox=\"yes\" data-elementor-lightbox-slideshow=\"6d86c1f\" data-elementor-lightbox-title=\"image0 (2)\" data-e-action-hash=\"#elementor-action%3Aaction%3Dlightbox%26settings%3DeyJpZCI6Mzg2MSwidXJsIjoiaHR0cHM6XC9cL3d3dy5yZXByb2JhcmNlbG9uYS5jb21cL3dwLWNvbnRlbnRcL3VwbG9hZHNcLzIwMjRcLzA4XC9pbWFnZTAtMi5qcGVnIiwic2xpZGVzaG93IjoiNmQ4NmMxZiJ9\">\n\t\t\t\t\t<div class=\"e-gallery-image elementor-gallery-item__image\" data-thumbnail=\"https:\/\/www.reprobarcelona.com\/wp-content\/uploads\/2024\/08\/image0-2-300x225.jpeg\" data-width=\"300\" data-height=\"225\" aria-label=\"\" role=\"img\" ><\/div>\n\t\t\t\t\t\t\t\t\t\t\t<div class=\"elementor-gallery-item__overlay\"><\/div>\n\t\t\t\t\t\t\t\t\t\t\t\t\t\t<\/a>\n\t\t\t\t\t\t\t<a class=\"e-gallery-item elementor-gallery-item elementor-animated-content\" href=\"https:\/\/www.reprobarcelona.com\/wp-content\/uploads\/2023\/02\/IMG-20230220-WA0015.jpg\" data-elementor-open-lightbox=\"yes\" data-elementor-lightbox-slideshow=\"6d86c1f\" data-elementor-lightbox-title=\"IMG-20230220-WA0015\" data-e-action-hash=\"#elementor-action%3Aaction%3Dlightbox%26settings%3DeyJpZCI6MTAxMiwidXJsIjoiaHR0cHM6XC9cL3d3dy5yZXByb2JhcmNlbG9uYS5jb21cL3dwLWNvbnRlbnRcL3VwbG9hZHNcLzIwMjNcLzAyXC9JTUctMjAyMzAyMjAtV0EwMDE1LmpwZyIsInNsaWRlc2hvdyI6IjZkODZjMWYifQ%3D%3D\">\n\t\t\t\t\t<div class=\"e-gallery-image elementor-gallery-item__image\" data-thumbnail=\"https:\/\/www.reprobarcelona.com\/wp-content\/uploads\/2023\/02\/IMG-20230220-WA0015-169x300.jpg\" data-width=\"169\" data-height=\"300\" aria-label=\"ReproBarcelona\" role=\"img\" ><\/div>\n\t\t\t\t\t\t\t\t\t\t\t<div class=\"elementor-gallery-item__overlay\"><\/div>\n\t\t\t\t\t\t\t\t\t\t\t\t\t\t<\/a>\n\t\t\t\t\t\t\t<a class=\"e-gallery-item elementor-gallery-item elementor-animated-content\" href=\"https:\/\/www.reprobarcelona.com\/wp-content\/uploads\/2024\/08\/Arquitectura-de-lujo-en-Barcelona-2.jpg\" data-elementor-open-lightbox=\"yes\" data-elementor-lightbox-slideshow=\"6d86c1f\" data-elementor-lightbox-title=\"Arquitectura de lujo en Barcelona 2\" data-e-action-hash=\"#elementor-action%3Aaction%3Dlightbox%26settings%3DeyJpZCI6MzY2NywidXJsIjoiaHR0cHM6XC9cL3d3dy5yZXByb2JhcmNlbG9uYS5jb21cL3dwLWNvbnRlbnRcL3VwbG9hZHNcLzIwMjRcLzA4XC9BcnF1aXRlY3R1cmEtZGUtbHVqby1lbi1CYXJjZWxvbmEtMi5qcGciLCJzbGlkZXNob3ciOiI2ZDg2YzFmIn0%3D\">\n\t\t\t\t\t<div class=\"e-gallery-image elementor-gallery-item__image\" data-thumbnail=\"https:\/\/www.reprobarcelona.com\/wp-content\/uploads\/2024\/08\/Arquitectura-de-lujo-en-Barcelona-2-200x300.jpg\" data-width=\"200\" data-height=\"300\" aria-label=\"Arquitectura de luxe a Barcelona\" role=\"img\" ><\/div>\n\t\t\t\t\t\t\t\t\t\t\t<div class=\"elementor-gallery-item__overlay\"><\/div>\n\t\t\t\t\t\t\t\t\t\t\t\t\t\t<\/a>\n\t\t\t\t\t\t\t<a class=\"e-gallery-item elementor-gallery-item elementor-animated-content\" href=\"https:\/\/www.reprobarcelona.com\/wp-content\/uploads\/2024\/08\/Reformas-de-banos-de-lujo-2.jpg\" data-elementor-open-lightbox=\"yes\" data-elementor-lightbox-slideshow=\"6d86c1f\" data-elementor-lightbox-title=\"Reformas de ba\u00f1os de lujo 2\" data-e-action-hash=\"#elementor-action%3Aaction%3Dlightbox%26settings%3DeyJpZCI6Mzc2NSwidXJsIjoiaHR0cHM6XC9cL3d3dy5yZXByb2JhcmNlbG9uYS5jb21cL3dwLWNvbnRlbnRcL3VwbG9hZHNcLzIwMjRcLzA4XC9SZWZvcm1hcy1kZS1iYW5vcy1kZS1sdWpvLTIuanBnIiwic2xpZGVzaG93IjoiNmQ4NmMxZiJ9\">\n\t\t\t\t\t<div class=\"e-gallery-image elementor-gallery-item__image\" data-thumbnail=\"https:\/\/www.reprobarcelona.com\/wp-content\/uploads\/2024\/08\/Reformas-de-banos-de-lujo-2-188x300.jpg\" data-width=\"188\" data-height=\"300\" aria-label=\"Reformes de banys de luxe a Barcelona\" role=\"img\" ><\/div>\n\t\t\t\t\t\t\t\t\t\t\t<div class=\"elementor-gallery-item__overlay\"><\/div>\n\t\t\t\t\t\t\t\t\t\t\t\t\t\t<\/a>\n\t\t\t\t\t\t\t<a class=\"e-gallery-item elementor-gallery-item elementor-animated-content\" href=\"https:\/\/www.reprobarcelona.com\/wp-content\/uploads\/2024\/08\/Reformas-de-banos-de-lujo-3.jpg\" data-elementor-open-lightbox=\"yes\" data-elementor-lightbox-slideshow=\"6d86c1f\" data-elementor-lightbox-title=\"Reformas de ba\u00f1os de lujo 3\" data-e-action-hash=\"#elementor-action%3Aaction%3Dlightbox%26settings%3DeyJpZCI6Mzc2NiwidXJsIjoiaHR0cHM6XC9cL3d3dy5yZXByb2JhcmNlbG9uYS5jb21cL3dwLWNvbnRlbnRcL3VwbG9hZHNcLzIwMjRcLzA4XC9SZWZvcm1hcy1kZS1iYW5vcy1kZS1sdWpvLTMuanBnIiwic2xpZGVzaG93IjoiNmQ4NmMxZiJ9\">\n\t\t\t\t\t<div class=\"e-gallery-image elementor-gallery-item__image\" data-thumbnail=\"https:\/\/www.reprobarcelona.com\/wp-content\/uploads\/2024\/08\/Reformas-de-banos-de-lujo-3-200x300.jpg\" data-width=\"200\" data-height=\"300\" aria-label=\"Reformes de banys de luxe a Barcelona\" role=\"img\" ><\/div>\n\t\t\t\t\t\t\t\t\t\t\t<div class=\"elementor-gallery-item__overlay\"><\/div>\n\t\t\t\t\t\t\t\t\t\t\t\t\t\t<\/a>\n\t\t\t\t\t<\/div>\n\t\t\t\t\t<\/div>\n\t\t\t\t<\/div>\n\t\t\t\t\t<\/div>\n\t\t<\/div>\n\t\t\t\t\t<\/div>\n\t\t<\/section>\n\t\t\t\t<section class=\"elementor-section elementor-top-section elementor-element elementor-element-ca31bf1 elementor-section-boxed elementor-section-height-default elementor-section-height-default\" data-id=\"ca31bf1\" data-element_type=\"section\" data-e-type=\"section\">\n\t\t\t\t\t\t<div class=\"elementor-container elementor-column-gap-default\">\n\t\t\t\t\t<div class=\"elementor-column elementor-col-100 elementor-top-column elementor-element elementor-element-987ce9b\" data-id=\"987ce9b\" data-element_type=\"column\" data-e-type=\"column\">\n\t\t\t<div class=\"elementor-widget-wrap elementor-element-populated\">\n\t\t\t\t\t\t<div class=\"elementor-element elementor-element-d672a90 elementor-widget elementor-widget-heading\" data-id=\"d672a90\" data-element_type=\"widget\" data-e-type=\"widget\" data-widget_type=\"heading.default\">\n\t\t\t\t<div class=\"elementor-widget-container\">\n\t\t\t\t\t<h2 class=\"elementor-heading-title elementor-size-default\">Preguntes freq\u00fcents<\/h2>\t\t\t\t<\/div>\n\t\t\t\t<\/div>\n\t\t\t\t<div class=\"elementor-element elementor-element-85d7af9 elementor-widget-divider--view-line elementor-widget elementor-widget-divider\" data-id=\"85d7af9\" data-element_type=\"widget\" data-e-type=\"widget\" data-widget_type=\"divider.default\">\n\t\t\t\t<div class=\"elementor-widget-container\">\n\t\t\t\t\t\t\t<div class=\"elementor-divider\">\n\t\t\t<span class=\"elementor-divider-separator\">\n\t\t\t\t\t\t<\/span>\n\t\t<\/div>\n\t\t\t\t\t\t<\/div>\n\t\t\t\t<\/div>\n\t\t\t\t<div class=\"elementor-element elementor-element-c2865f2 elementor-widget__width-initial elementor-widget elementor-widget-text-editor\" data-id=\"c2865f2\" data-element_type=\"widget\" data-e-type=\"widget\" data-widget_type=\"text-editor.default\">\n\t\t\t\t<div class=\"elementor-widget-container\">\n\t\t\t\t\t\t\t\t\t<h3 style=\"color: #000000;\">1. Quant costa una reforma de luxe?<\/h3>\n<h3><span style=\"font-size: 1.1rem; font-weight: 400;\">El cost d'una reforma de luxe dep\u00e8n de les caracter\u00edstiques de cada habitatge, de la complexitat del projecte i de la selecci\u00f3 de materials i acabats. A REPROBARCELONA estudiem cada proposta de manera personalitzada per oferir una soluci\u00f3 a mida, adaptada al nivell de qualitat i disseny que requereix cada client.<\/span><\/h3>\n<h3>2. Qu\u00e8 inclou una reforma de luxe?<\/h3>\n<p>Una reforma de luxe engloba molt m\u00e9s que una renovaci\u00f3 est\u00e8tica. Inclou un projecte personalitzat, una acurada planificaci\u00f3 dels espais, materials premium, instal\u00b7lacions actualitzades, il\u00b7luminaci\u00f3 t\u00e8cnica, mobiliari fet a mida i acabats exclusius. A <b>REPROBARCELONA<\/b> gestionem tot el proc\u00e9s amb un servei integral clau en m\u00e0.<\/p>\n<h3><span style=\"color: inherit; font-size: 1.4rem;\">3. Quins materials s'utilitzen en les reformes de luxe?<\/span><\/h3>\n<p><span style=\"font-size: 1.1rem;\">A <b>REPROBARCELONA<\/b> treballem amb materials seleccionats per la seva qualitat, bellesa i durabilitat, com ara marbre, pedra natural, porcell\u00e0nic de gran format, fusta i altres acabats premium. Cada material s'integra en el projecte per crear espais elegants, funcionals i atemporals.<\/span><\/p>\n<h3><span style=\"color: inherit; font-size: 1.4rem;\">4. Quant de temps requereix una reforma de luxe?<\/span><\/h3>\n<p>Cada habitatge presenta reptes i necessitats espec\u00edfiques, de manera que la durada dep\u00e8n de l'abast de la reforma i del nivell de personalitzaci\u00f3. El nostre equip planifica i coordina cada fase del projecte per garantir una execuci\u00f3 ordenada, eficient i amb la m\u00e0xima cura pels detalls.<\/p>\n<h3><b>5. Per qu\u00e8 confiar en REPROBARCELONA per a una reforma de luxe?<\/b><\/h3>\n<p>A REPROBARCELONA combinem experi\u00e8ncia, professionals especialitzats i una visi\u00f3 personalitzada per crear habitatges exclusius a Barcelona. Cuidem cada fase del projecte, des del disseny inicial fins al lliurament final, oferint acabats d'alta qualitat i un servei basat en la confian\u00e7a.<\/p>\t\t\t\t\t\t\t\t<\/div>\n\t\t\t\t<\/div>\n\t\t\t\t\t<\/div>\n\t\t<\/div>\n\t\t\t\t\t<\/div>\n\t\t<\/section>\n\t\t\t\t<section class=\"elementor-section elementor-top-section elementor-element elementor-element-6bac4f4 elementor-section-content-middle elementor-section-boxed elementor-section-height-default elementor-section-height-default\" data-id=\"6bac4f4\" data-element_type=\"section\" data-e-type=\"section\">\n\t\t\t\t\t\t<div class=\"elementor-container elementor-column-gap-default\">\n\t\t\t\t\t<div class=\"elementor-column elementor-col-33 elementor-top-column elementor-element elementor-element-bce63b0\" data-id=\"bce63b0\" data-element_type=\"column\" data-e-type=\"column\">\n\t\t\t<div class=\"elementor-widget-wrap elementor-element-populated\">\n\t\t\t\t\t\t<div class=\"elementor-element elementor-element-f7a4244 elementor-widget elementor-widget-image\" data-id=\"f7a4244\" data-element_type=\"widget\" data-e-type=\"widget\" data-widget_type=\"image.default\">\n\t\t\t\t<div class=\"elementor-widget-container\">\n\t\t\t\t\t\t\t\t\t\t\t\t\t\t\t\t<a href=\"https:\/\/consum.gencat.cat\/\" target=\"_blank\" rel=\"nofollow noopener\">\n\t\t\t\t\t\t\t<img loading=\"lazy\" decoding=\"async\" width=\"409\" height=\"123\" src=\"https:\/\/www.reprobarcelona.com\/wp-content\/uploads\/2023\/06\/junta-arbitral-de-consum.jpg\" class=\"attachment-large size-large wp-image-3227\" alt=\"JUNTA ARBRITRAL DE CONSUM\" srcset=\"https:\/\/www.reprobarcelona.com\/wp-content\/uploads\/2023\/06\/junta-arbitral-de-consum.jpg 409w, https:\/\/www.reprobarcelona.com\/wp-content\/uploads\/2023\/06\/junta-arbitral-de-consum-300x90.jpg 300w\" sizes=\"(max-width: 409px) 100vw, 409px\" \/>\t\t\t\t\t\t\t\t<\/a>\n\t\t\t\t\t\t\t\t\t\t\t\t\t\t\t<\/div>\n\t\t\t\t<\/div>\n\t\t\t\t\t<\/div>\n\t\t<\/div>\n\t\t\t\t<div class=\"elementor-column elementor-col-33 elementor-top-column elementor-element elementor-element-764b3e7\" data-id=\"764b3e7\" data-element_type=\"column\" data-e-type=\"column\">\n\t\t\t<div class=\"elementor-widget-wrap elementor-element-populated\">\n\t\t\t\t\t\t<div class=\"elementor-element elementor-element-a0be764 elementor-widget elementor-widget-image\" data-id=\"a0be764\" data-element_type=\"widget\" data-e-type=\"widget\" data-widget_type=\"image.default\">\n\t\t\t\t<div class=\"elementor-widget-container\">\n\t\t\t\t\t\t\t\t\t\t\t\t\t\t\t\t<a href=\"https:\/\/gestiondelamianto.com\/rera\/\" target=\"_blank\" rel=\"noopener\">\n\t\t\t\t\t\t\t<img loading=\"lazy\" decoding=\"async\" width=\"253\" height=\"123\" src=\"https:\/\/www.reprobarcelona.com\/wp-content\/uploads\/2023\/06\/RERA.jpg\" class=\"attachment-large size-large wp-image-3226\" alt=\"RERA\" \/>\t\t\t\t\t\t\t\t<\/a>\n\t\t\t\t\t\t\t\t\t\t\t\t\t\t\t<\/div>\n\t\t\t\t<\/div>\n\t\t\t\t\t<\/div>\n\t\t<\/div>\n\t\t\t\t<div class=\"elementor-column elementor-col-33 elementor-top-column elementor-element elementor-element-5de35f1\" data-id=\"5de35f1\" data-element_type=\"column\" data-e-type=\"column\">\n\t\t\t<div class=\"elementor-widget-wrap elementor-element-populated\">\n\t\t\t\t\t\t<div class=\"elementor-element elementor-element-2699d7b elementor-widget elementor-widget-image\" data-id=\"2699d7b\" data-element_type=\"widget\" data-e-type=\"widget\" data-widget_type=\"image.default\">\n\t\t\t\t<div class=\"elementor-widget-container\">\n\t\t\t\t\t\t\t\t\t\t\t\t\t\t\t\t<a href=\"https:\/\/www.tuv.com\/spain\/es\/\" target=\"_blank\" rel=\"nofollow noopener\">\n\t\t\t\t\t\t\t<img loading=\"lazy\" decoding=\"async\" width=\"347\" height=\"123\" src=\"https:\/\/www.reprobarcelona.com\/wp-content\/uploads\/2023\/06\/tuv.jpg\" class=\"attachment-large size-large wp-image-3225\" alt=\"TUV\" srcset=\"https:\/\/www.reprobarcelona.com\/wp-content\/uploads\/2023\/06\/tuv.jpg 347w, https:\/\/www.reprobarcelona.com\/wp-content\/uploads\/2023\/06\/tuv-300x106.jpg 300w\" sizes=\"(max-width: 347px) 100vw, 347px\" \/>\t\t\t\t\t\t\t\t<\/a>\n\t\t\t\t\t\t\t\t\t\t\t\t\t\t\t<\/div>\n\t\t\t\t<\/div>\n\t\t\t\t\t<\/div>\n\t\t<\/div>\n\t\t\t\t\t<\/div>\n\t\t<\/section>\n\t\t\t\t<\/div>","protected":false},"excerpt":{"rendered":"<p>Reformas de lujo en Barcelona Una vivienda excepcional no nace u\u0301nicamente de un buen disen\u0303o. Es el resultado de una ejecucio\u0301n precisa, una cuidada seleccio\u0301n de materiales y una direccio\u0301n de obra capaz de transformar una idea en una realidad construida con el ma\u0301ximo nivel de exigencia. En REPROBARCELONA entendemos cada reforma como un proyecto [&hellip;]<\/p>","protected":false},"author":7,"featured_media":0,"parent":0,"menu_order":0,"comment_status":"closed","ping_status":"closed","template":"","meta":{"footnotes":""},"class_list":["post-11784","page","type-page","status-publish","hentry"],"_links":{"self":[{"href":"https:\/\/www.reprobarcelona.com\/ca\/wp-json\/wp\/v2\/pages\/11784","targetHints":{"allow":["GET"]}}],"collection":[{"href":"https:\/\/www.reprobarcelona.com\/ca\/wp-json\/wp\/v2\/pages"}],"about":[{"href":"https:\/\/www.reprobarcelona.com\/ca\/wp-json\/wp\/v2\/types\/page"}],"author":[{"embeddable":true,"href":"https:\/\/www.reprobarcelona.com\/ca\/wp-json\/wp\/v2\/users\/7"}],"replies":[{"embeddable":true,"href":"https:\/\/www.reprobarcelona.com\/ca\/wp-json\/wp\/v2\/comments?post=11784"}],"version-history":[{"count":46,"href":"https:\/\/www.reprobarcelona.com\/ca\/wp-json\/wp\/v2\/pages\/11784\/revisions"}],"predecessor-version":[{"id":12234,"href":"https:\/\/www.reprobarcelona.com\/ca\/wp-json\/wp\/v2\/pages\/11784\/revisions\/12234"}],"wp:attachment":[{"href":"https:\/\/www.reprobarcelona.com\/ca\/wp-json\/wp\/v2\/media?parent=11784"}],"curies":[{"name":"wp","href":"https:\/\/api.w.org\/{rel}","templated":true}]}}