{"id":11805,"date":"2026-07-10T20:38:37","date_gmt":"2026-07-10T20:38:37","guid":{"rendered":"https:\/\/www.reprobarcelona.com\/?page_id=11805"},"modified":"2026-07-28T21:15:29","modified_gmt":"2026-07-28T21:15:29","slug":"pedra-natural-barcelona","status":"publish","type":"page","link":"https:\/\/www.reprobarcelona.com\/ca\/piedra-natural-barcelona\/","title":{"rendered":"Pedra natural Barcelona"},"content":{"rendered":"<div data-elementor-type=\"wp-page\" data-elementor-id=\"11805\" class=\"elementor elementor-11805\" data-elementor-post-type=\"page\">\n\t\t\t\t\t\t<section class=\"elementor-section elementor-top-section elementor-element elementor-element-c48dde9 elementor-section-boxed elementor-section-height-default elementor-section-height-default\" data-id=\"c48dde9\" data-element_type=\"section\" data-e-type=\"section\">\n\t\t\t\t\t\t<div class=\"elementor-container elementor-column-gap-default\">\n\t\t\t\t\t<div class=\"elementor-column elementor-col-100 elementor-top-column elementor-element elementor-element-136c7f1\" data-id=\"136c7f1\" data-element_type=\"column\" data-e-type=\"column\">\n\t\t\t<div class=\"elementor-widget-wrap elementor-element-populated\">\n\t\t\t\t\t\t<div class=\"elementor-element elementor-element-c76d2fb elementor-widget elementor-widget-heading\" data-id=\"c76d2fb\" data-element_type=\"widget\" data-e-type=\"widget\" data-widget_type=\"heading.default\">\n\t\t\t\t<div class=\"elementor-widget-container\">\n\t\t\t\t\t<h1 class=\"elementor-heading-title elementor-size-default\"><span style=\"font-size: 41.6px\">Pedra natural per a reformes de luxe a Barcelona<\/span><\/h1>\t\t\t\t<\/div>\n\t\t\t\t<\/div>\n\t\t\t\t<div class=\"elementor-element elementor-element-38011d5 elementor-widget-divider--view-line elementor-widget elementor-widget-divider\" data-id=\"38011d5\" data-element_type=\"widget\" data-e-type=\"widget\" data-widget_type=\"divider.default\">\n\t\t\t\t<div class=\"elementor-widget-container\">\n\t\t\t\t\t\t\t<div class=\"elementor-divider\">\n\t\t\t<span class=\"elementor-divider-separator\">\n\t\t\t\t\t\t<\/span>\n\t\t<\/div>\n\t\t\t\t\t\t<\/div>\n\t\t\t\t<\/div>\n\t\t\t\t<div class=\"elementor-element elementor-element-093b6dd elementor-widget__width-initial elementor-widget elementor-widget-text-editor\" data-id=\"093b6dd\" data-element_type=\"widget\" data-e-type=\"widget\" data-widget_type=\"text-editor.default\">\n\t\t\t\t<div class=\"elementor-widget-container\">\n\t\t\t\t\t\t\t\t\t<p class=\"translation-block\">La <b>pedra natural<\/b> \u00e9s un dels materials m\u00e9s exclusius en les reformes d'alt standing.<\/p><p><span style=\"font-size: 1.15rem;\">A\u00a0<\/span><a href=\"https:\/\/www.reprobarcelona.com\/ca\/quienes-somos\/\" target=\"_blank\" rel=\"noopener\"><b>REPROBARCELONA<\/b><\/a><span style=\"font-size: 1.15rem;\">\u00a0trabajamos con m\u00e1rmol, travertino, granito, caliza y otras superficies nobles para crear ba\u00f1os, cocinas, salones y revestimientos con car\u00e1cter arquitect\u00f3nico.\u00a0<\/span><span style=\"font-size: 1.15rem;\">Ejecutamos la preparaci\u00f3n del soporte, replanteo, colocaci\u00f3n, cortes, juntas, sellado y coordinaci\u00f3n con interioristas o arquitectos para garantizar un acabado preciso.<\/span><\/p>\t\t\t\t\t\t\t\t<\/div>\n\t\t\t\t<\/div>\n\t\t\t\t\t<\/div>\n\t\t<\/div>\n\t\t\t\t\t<\/div>\n\t\t<\/section>\n\t\t\t\t<section class=\"elementor-section elementor-top-section elementor-element elementor-element-36e4a54 elementor-section-boxed elementor-section-height-default elementor-section-height-default\" data-id=\"36e4a54\" data-element_type=\"section\" data-e-type=\"section\">\n\t\t\t\t\t\t<div class=\"elementor-container elementor-column-gap-default\">\n\t\t\t\t\t<div class=\"elementor-column elementor-col-100 elementor-top-column elementor-element elementor-element-5c66799\" data-id=\"5c66799\" data-element_type=\"column\" data-e-type=\"column\">\n\t\t\t<div class=\"elementor-widget-wrap elementor-element-populated\">\n\t\t\t\t\t\t<div class=\"elementor-element elementor-element-d665d91 animated-slow elementor-widget elementor-widget-image\" data-id=\"d665d91\" data-element_type=\"widget\" data-e-type=\"widget\" data-settings=\"{&quot;motion_fx_motion_fx_scrolling&quot;:&quot;yes&quot;,&quot;motion_fx_translateX_effect&quot;:&quot;yes&quot;,&quot;motion_fx_translateX_speed&quot;:{&quot;unit&quot;:&quot;px&quot;,&quot;size&quot;:9.8,&quot;sizes&quot;:[]},&quot;motion_fx_translateX_affectedRange&quot;:{&quot;unit&quot;:&quot;%&quot;,&quot;size&quot;:&quot;&quot;,&quot;sizes&quot;:{&quot;start&quot;:0,&quot;end&quot;:55}},&quot;_animation&quot;:&quot;none&quot;,&quot;_animation_delay&quot;:300,&quot;motion_fx_devices&quot;:[&quot;desktop&quot;,&quot;tablet&quot;,&quot;mobile&quot;]}\" data-widget_type=\"image.default\">\n\t\t\t\t<div class=\"elementor-widget-container\">\n\t\t\t\t\t\t\t\t\t\t\t\t\t\t\t<img fetchpriority=\"high\" decoding=\"async\" width=\"800\" height=\"201\" src=\"https:\/\/www.reprobarcelona.com\/wp-content\/uploads\/2023\/02\/REFOR2.png\" class=\"attachment-large size-large wp-image-864\" alt=\"REPROBARCELONA\" srcset=\"https:\/\/www.reprobarcelona.com\/wp-content\/uploads\/2023\/02\/REFOR2.png 1024w, https:\/\/www.reprobarcelona.com\/wp-content\/uploads\/2023\/02\/REFOR2-300x75.png 300w, https:\/\/www.reprobarcelona.com\/wp-content\/uploads\/2023\/02\/REFOR2-768x193.png 768w\" sizes=\"(max-width: 800px) 100vw, 800px\" \/>\t\t\t\t\t\t\t\t\t\t\t\t\t\t\t<\/div>\n\t\t\t\t<\/div>\n\t\t\t\t\t<\/div>\n\t\t<\/div>\n\t\t\t\t\t<\/div>\n\t\t<\/section>\n\t\t\t\t<section class=\"elementor-section elementor-top-section elementor-element elementor-element-fc69fed elementor-reverse-mobile elementor-section-boxed elementor-section-height-default elementor-section-height-default\" data-id=\"fc69fed\" data-element_type=\"section\" data-e-type=\"section\">\n\t\t\t\t\t\t<div class=\"elementor-container elementor-column-gap-default\">\n\t\t\t\t\t<div class=\"elementor-column elementor-col-50 elementor-top-column elementor-element elementor-element-8f4f1ea\" data-id=\"8f4f1ea\" data-element_type=\"column\" data-e-type=\"column\">\n\t\t\t<div class=\"elementor-widget-wrap elementor-element-populated\">\n\t\t\t\t\t\t<div class=\"elementor-element elementor-element-77c45cb elementor-widget elementor-widget-heading\" data-id=\"77c45cb\" data-element_type=\"widget\" data-e-type=\"widget\" data-widget_type=\"heading.default\">\n\t\t\t\t<div class=\"elementor-widget-container\">\n\t\t\t\t\t<h2 class=\"elementor-heading-title elementor-size-default\">La nostra filosofia en la instal\u00b7laci\u00f3 de pedra natural\u200b<\/h2>\t\t\t\t<\/div>\n\t\t\t\t<\/div>\n\t\t\t\t<div class=\"elementor-element elementor-element-d7e284b elementor-widget elementor-widget-text-editor\" data-id=\"d7e284b\" data-element_type=\"widget\" data-e-type=\"widget\" data-widget_type=\"text-editor.default\">\n\t\t\t\t<div class=\"elementor-widget-container\">\n\t\t\t\t\t\t\t\t\t<p class=\"isSelectedEnd\">No concebimos la <strong>pedra natural<\/strong> como un simple revestimiento, sino como un material exclusivo capaz de transformar cualquier espacio. En <a href=\"https:\/\/www.reprobarcelona.com\/ca\/quienes-somos\/\" target=\"_blank\" rel=\"noopener\"><b>REPROBARCELONA<\/b><\/a> estudiamos, seleccionamos e instalamos cada piedra respetando su origen, su veta y sus caracter\u00edsticas para conseguir un resultado \u00fanico y duradero.<\/p><p class=\"isSelectedEnd translation-block\">Cada projecte d'instal\u00b7laci\u00f3 de pedra natural a Barcelona comen\u00e7a amb l'elecci\u00f3 del material m\u00e9s adequat en funci\u00f3 de l'arquitectura, la llum, l'\u00fas previst i l'estil de l'habitatge. Treballem amb marbre, travert\u00ed, granit, calc\u00e0ria, quarsita, \u00f2nix, pissarra i altres pedres naturals d'alta gamma per a reformes premium.<\/p><p>El nostre equip cuida cada fase de la instal\u00b7laci\u00f3, des de la preparaci\u00f3 del suport fins a l'especejament, la continu\u00eftat de les vetes, les trobades i els acabats finals. Aquest nivell de detall ens permet crear revestiments de pedra natural per a banys, cuines, salons i altres espais amb la m\u00e0xima qualitat, precisi\u00f3 i valor est\u00e8tic.<\/p>\t\t\t\t\t\t\t\t<\/div>\n\t\t\t\t<\/div>\n\t\t\t\t\t<\/div>\n\t\t<\/div>\n\t\t\t\t<div class=\"elementor-column elementor-col-50 elementor-top-column elementor-element elementor-element-fad2df6\" data-id=\"fad2df6\" data-element_type=\"column\" data-e-type=\"column\">\n\t\t\t<div class=\"elementor-widget-wrap elementor-element-populated\">\n\t\t\t\t\t\t<div class=\"elementor-element elementor-element-2c1564f elementor-widget elementor-widget-image\" data-id=\"2c1564f\" data-element_type=\"widget\" data-e-type=\"widget\" data-widget_type=\"image.default\">\n\t\t\t\t<div class=\"elementor-widget-container\">\n\t\t\t\t\t\t\t\t\t\t\t\t\t\t\t\t<a href=\"https:\/\/www.reprobarcelona.com\/wp-content\/uploads\/2024\/08\/Arquitectura-de-lujo-en-Barcelona-4.jpg\" data-elementor-open-lightbox=\"yes\" data-elementor-lightbox-title=\"Arquitectura de lujo en Barcelona 4\" data-e-action-hash=\"#elementor-action%3Aaction%3Dlightbox%26settings%3DeyJpZCI6MzY2NSwidXJsIjoiaHR0cHM6XC9cL3d3dy5yZXByb2JhcmNlbG9uYS5jb21cL3dwLWNvbnRlbnRcL3VwbG9hZHNcLzIwMjRcLzA4XC9BcnF1aXRlY3R1cmEtZGUtbHVqby1lbi1CYXJjZWxvbmEtNC5qcGcifQ%3D%3D\">\n\t\t\t\t\t\t\t<img decoding=\"async\" width=\"682\" height=\"1024\" src=\"https:\/\/www.reprobarcelona.com\/wp-content\/uploads\/2024\/08\/Arquitectura-de-lujo-en-Barcelona-4-682x1024.jpg\" class=\"attachment-large size-large wp-image-3665\" alt=\"Arquitectura de luxe a Barcelona\" srcset=\"https:\/\/www.reprobarcelona.com\/wp-content\/uploads\/2024\/08\/Arquitectura-de-lujo-en-Barcelona-4-682x1024.jpg 682w, https:\/\/www.reprobarcelona.com\/wp-content\/uploads\/2024\/08\/Arquitectura-de-lujo-en-Barcelona-4-200x300.jpg 200w, https:\/\/www.reprobarcelona.com\/wp-content\/uploads\/2024\/08\/Arquitectura-de-lujo-en-Barcelona-4-768x1153.jpg 768w, https:\/\/www.reprobarcelona.com\/wp-content\/uploads\/2024\/08\/Arquitectura-de-lujo-en-Barcelona-4-1023x1536.jpg 1023w, https:\/\/www.reprobarcelona.com\/wp-content\/uploads\/2024\/08\/Arquitectura-de-lujo-en-Barcelona-4-8x12.jpg 8w, https:\/\/www.reprobarcelona.com\/wp-content\/uploads\/2024\/08\/Arquitectura-de-lujo-en-Barcelona-4.jpg 1131w\" sizes=\"(max-width: 682px) 100vw, 682px\" \/>\t\t\t\t\t\t\t\t<\/a>\n\t\t\t\t\t\t\t\t\t\t\t\t\t\t\t<\/div>\n\t\t\t\t<\/div>\n\t\t\t\t\t<\/div>\n\t\t<\/div>\n\t\t\t\t\t<\/div>\n\t\t<\/section>\n\t\t\t\t<section class=\"elementor-section elementor-top-section elementor-element elementor-element-b43541a elementor-section-full_width elementor-section-stretched elementor-section-height-default elementor-section-height-default\" data-id=\"b43541a\" data-element_type=\"section\" data-e-type=\"section\" data-settings=\"{&quot;stretch_section&quot;:&quot;section-stretched&quot;}\">\n\t\t\t\t\t\t<div class=\"elementor-container elementor-column-gap-default\">\n\t\t\t\t\t<div class=\"elementor-column elementor-col-100 elementor-top-column elementor-element elementor-element-51b4aa8\" data-id=\"51b4aa8\" data-element_type=\"column\" data-e-type=\"column\" data-settings=\"{&quot;background_background&quot;:&quot;classic&quot;}\">\n\t\t\t<div class=\"elementor-widget-wrap elementor-element-populated\">\n\t\t\t\t\t\t<div class=\"elementor-element elementor-element-e812c62 elementor-widget elementor-widget-heading\" data-id=\"e812c62\" data-element_type=\"widget\" data-e-type=\"widget\" data-widget_type=\"heading.default\">\n\t\t\t\t<div class=\"elementor-widget-container\">\n\t\t\t\t\t<h2 class=\"elementor-heading-title elementor-size-default\">Barcelona, Ibiza, Marbella i la piedra natural<\/h2>\t\t\t\t<\/div>\n\t\t\t\t<\/div>\n\t\t\t\t<section class=\"elementor-section elementor-inner-section elementor-element elementor-element-e9569ea elementor-section-full_width elementor-section-height-default elementor-section-height-default\" data-id=\"e9569ea\" data-element_type=\"section\" data-e-type=\"section\">\n\t\t\t\t\t\t<div class=\"elementor-container elementor-column-gap-default\">\n\t\t\t\t\t<div class=\"elementor-column elementor-col-100 elementor-inner-column elementor-element elementor-element-52d4239\" data-id=\"52d4239\" data-element_type=\"column\" data-e-type=\"column\" data-settings=\"{&quot;background_background&quot;:&quot;classic&quot;}\">\n\t\t\t<div class=\"elementor-widget-wrap elementor-element-populated\">\n\t\t\t\t\t<div class=\"elementor-background-overlay\"><\/div>\n\t\t\t\t\t\t<div class=\"elementor-element elementor-element-f185ea0 elementor-widget elementor-widget-text-editor\" data-id=\"f185ea0\" data-element_type=\"widget\" data-e-type=\"widget\" data-widget_type=\"text-editor.default\">\n\t\t\t\t<div class=\"elementor-widget-container\">\n\t\t\t\t\t\t\t\t\t<p class=\"translation-block\">Barcelona, <a href=\"https:\/\/www.reprobarcelona.com\/ca\/reformes-de-luxe-a-eivissa-reproibiza\/\" target=\"_blank\" rel=\"noopener\">Eivissa<\/a>, Marbella i altres destinacions compten amb una llarga tradici\u00f3 en l'\u00fas de la pedra natural, des d'edificis hist\u00f2rics fins a habitatges contemporanis. A <b>REPROBARCELONA<\/b> desenvolupem projectes de <strong>pedra natural a Barcelona<\/strong> que respecten aquest llegat i el reinterpreten mitjan\u00e7ant solucions constructives actuals per a reformes pr\u00e8mium.<\/p><p class=\"translation-block\">La pedra natural \u00e9s una inversi\u00f3 en bellesa, autenticitat i durabilitat. El nostre comprom\u00eds \u00e9s transformar cada pe\u00e7a en un element essencial del projecte arquitect\u00f2nic, executant cada instal\u00b7laci\u00f3 de pedra natural amb el m\u00e0xim nivell de precisi\u00f3, qualitat i atenci\u00f3 al detall.<\/p>\t\t\t\t\t\t\t\t<\/div>\n\t\t\t\t<\/div>\n\t\t\t\t<div class=\"elementor-element elementor-element-08daa88 elementor-align-center elementor-widget elementor-widget-button\" data-id=\"08daa88\" data-element_type=\"widget\" data-e-type=\"widget\" data-widget_type=\"button.default\">\n\t\t\t\t<div class=\"elementor-widget-container\">\n\t\t\t\t\t\t\t\t\t<div class=\"elementor-button-wrapper\">\n\t\t\t\t\t<a class=\"elementor-button elementor-button-link elementor-size-sm\" href=\"https:\/\/www.reprobarcelona.com\/ca\/contacte-reprobarcelona-2\/\">\n\t\t\t\t\t\t<span class=\"elementor-button-content-wrapper\">\n\t\t\t\t\t\t\t\t\t<span class=\"elementor-button-text\">SOL\u00b7LICITA INFORMACI\u00d3<\/span>\n\t\t\t\t\t<\/span>\n\t\t\t\t\t<\/a>\n\t\t\t\t<\/div>\n\t\t\t\t\t\t\t\t<\/div>\n\t\t\t\t<\/div>\n\t\t\t\t\t<\/div>\n\t\t<\/div>\n\t\t\t\t\t<\/div>\n\t\t<\/section>\n\t\t\t\t\t<\/div>\n\t\t<\/div>\n\t\t\t\t\t<\/div>\n\t\t<\/section>\n\t\t\t\t<section class=\"elementor-section elementor-top-section elementor-element elementor-element-c53f78b elementor-section-boxed elementor-section-height-default elementor-section-height-default\" data-id=\"c53f78b\" data-element_type=\"section\" data-e-type=\"section\">\n\t\t\t\t\t\t<div class=\"elementor-container elementor-column-gap-default\">\n\t\t\t\t\t<div class=\"elementor-column elementor-col-50 elementor-top-column elementor-element elementor-element-c25306f\" data-id=\"c25306f\" data-element_type=\"column\" data-e-type=\"column\">\n\t\t\t<div class=\"elementor-widget-wrap elementor-element-populated\">\n\t\t\t\t\t\t<div class=\"elementor-element elementor-element-17b0c76 elementor-widget__width-initial elementor-widget elementor-widget-image\" data-id=\"17b0c76\" data-element_type=\"widget\" data-e-type=\"widget\" data-widget_type=\"image.default\">\n\t\t\t\t<div class=\"elementor-widget-container\">\n\t\t\t\t\t\t\t\t\t\t\t\t\t\t\t\t<a href=\"https:\/\/www.reprobarcelona.com\/wp-content\/uploads\/2023\/07\/fc5b36ac-8e4b-4bc0-964d-56abca58a289.jpg\" data-elementor-open-lightbox=\"yes\" data-elementor-lightbox-title=\"fc5b36ac-8e4b-4bc0-964d-56abca58a289\" data-e-action-hash=\"#elementor-action%3Aaction%3Dlightbox%26settings%3DeyJpZCI6MjMwNCwidXJsIjoiaHR0cHM6XC9cL3d3dy5yZXByb2JhcmNlbG9uYS5jb21cL3dwLWNvbnRlbnRcL3VwbG9hZHNcLzIwMjNcLzA3XC9mYzViMzZhYy04ZTRiLTRiYzAtOTY0ZC01NmFiY2E1OGEyODkuanBnIn0%3D\">\n\t\t\t\t\t\t\t<img decoding=\"async\" width=\"800\" height=\"799\" src=\"https:\/\/www.reprobarcelona.com\/wp-content\/uploads\/2023\/07\/fc5b36ac-8e4b-4bc0-964d-56abca58a289.jpg\" class=\"attachment-large size-large wp-image-2304\" alt=\"Reprobarcelona\" srcset=\"https:\/\/www.reprobarcelona.com\/wp-content\/uploads\/2023\/07\/fc5b36ac-8e4b-4bc0-964d-56abca58a289.jpg 1024w, https:\/\/www.reprobarcelona.com\/wp-content\/uploads\/2023\/07\/fc5b36ac-8e4b-4bc0-964d-56abca58a289-300x300.jpg 300w, https:\/\/www.reprobarcelona.com\/wp-content\/uploads\/2023\/07\/fc5b36ac-8e4b-4bc0-964d-56abca58a289-150x150.jpg 150w, https:\/\/www.reprobarcelona.com\/wp-content\/uploads\/2023\/07\/fc5b36ac-8e4b-4bc0-964d-56abca58a289-768x767.jpg 768w\" sizes=\"(max-width: 800px) 100vw, 800px\" \/>\t\t\t\t\t\t\t\t<\/a>\n\t\t\t\t\t\t\t\t\t\t\t\t\t\t\t<\/div>\n\t\t\t\t<\/div>\n\t\t\t\t\t<\/div>\n\t\t<\/div>\n\t\t\t\t<div class=\"elementor-column elementor-col-50 elementor-top-column elementor-element elementor-element-c35eea1\" data-id=\"c35eea1\" data-element_type=\"column\" data-e-type=\"column\">\n\t\t\t<div class=\"elementor-widget-wrap elementor-element-populated\">\n\t\t\t\t\t\t<div class=\"elementor-element elementor-element-5eb27cb elementor-widget elementor-widget-heading\" data-id=\"5eb27cb\" data-element_type=\"widget\" data-e-type=\"widget\" data-widget_type=\"heading.default\">\n\t\t\t\t<div class=\"elementor-widget-container\">\n\t\t\t\t\t<h2 class=\"elementor-heading-title elementor-size-default\"><a href=\"https:\/\/www.reprobarcelona.com\/ca\/reformes-banys-luxe-barcelona\/\">Pedra natural per a banys de luxe<\/a><\/h2>\t\t\t\t<\/div>\n\t\t\t\t<\/div>\n\t\t\t\t<div class=\"elementor-element elementor-element-e1e732f elementor-widget elementor-widget-text-editor\" data-id=\"e1e732f\" data-element_type=\"widget\" data-e-type=\"widget\" data-widget_type=\"text-editor.default\">\n\t\t\t\t<div class=\"elementor-widget-container\">\n\t\t\t\t\t\t\t\t\t<p class=\"isSelectedEnd\">La piedra natural aporta al\u00a0<a href=\"https:\/\/www.reprobarcelona.com\/ca\/reformes-banys-luxe-barcelona\/\" target=\"_blank\" rel=\"noopener\"><b>bany<\/b><\/a> una sensaci\u00f3n de exclusividad, bienestar y sofisticaci\u00f3n. En <a href=\"https:\/\/www.reprobarcelona.com\/ca\/quienes-somos\/\" target=\"_blank\" rel=\"noopener\"><b>REPROBARCELONA<\/b><\/a> trabajamos con materiales como m\u00e1rmol, travertino y piedra natural seleccionada para crear ba\u00f1os de lujo con revestimientos, encimeras, zonas de ducha y elementos personalizados.<\/p><p>Gr\u00e0cies a les seves textures, tonalitats i acabats \u00fanics, cada projecte aconsegueix una est\u00e8tica diferenciada i elegant. Dissenyem banys on la pedra natural s'integra amb una il\u00b7luminaci\u00f3 acuradament estudiada, mobiliari fet a mida i solucions funcionals per crear espais d'alt nivell que combinen bellesa, confort i durabilitat.<\/p>\t\t\t\t\t\t\t\t<\/div>\n\t\t\t\t<\/div>\n\t\t\t\t\t<\/div>\n\t\t<\/div>\n\t\t\t\t\t<\/div>\n\t\t<\/section>\n\t\t\t\t<section class=\"elementor-section elementor-top-section elementor-element elementor-element-c80dffd elementor-section-boxed elementor-section-height-default elementor-section-height-default\" data-id=\"c80dffd\" data-element_type=\"section\" data-e-type=\"section\">\n\t\t\t\t\t\t<div class=\"elementor-container elementor-column-gap-default\">\n\t\t\t\t\t<div class=\"elementor-column elementor-col-50 elementor-top-column elementor-element elementor-element-a46bf5f\" data-id=\"a46bf5f\" data-element_type=\"column\" data-e-type=\"column\">\n\t\t\t<div class=\"elementor-widget-wrap elementor-element-populated\">\n\t\t\t\t\t\t<div class=\"elementor-element elementor-element-aa3b272 elementor-widget elementor-widget-heading\" data-id=\"aa3b272\" data-element_type=\"widget\" data-e-type=\"widget\" data-widget_type=\"heading.default\">\n\t\t\t\t<div class=\"elementor-widget-container\">\n\t\t\t\t\t<h2 class=\"elementor-heading-title elementor-size-default\"><a href=\"https:\/\/www.reprobarcelona.com\/ca\/reformes-cuines-luxe-barcelona\/\">Pedra natural per a cuines premium<\/a><\/h2>\t\t\t\t<\/div>\n\t\t\t\t<\/div>\n\t\t\t\t<div class=\"elementor-element elementor-element-bf15245 elementor-widget elementor-widget-text-editor\" data-id=\"bf15245\" data-element_type=\"widget\" data-e-type=\"widget\" data-widget_type=\"text-editor.default\">\n\t\t\t\t<div class=\"elementor-widget-container\">\n\t\t\t\t\t\t\t\t\t<p class=\"isSelectedEnd translation-block\">La pedra natural \u00e9s un dels materials m\u00e9s exclusius per dissenyar <a href=\"https:\/\/www.reprobarcelona.com\/ca\/reformes-cuines-luxe-barcelona\/\" target=\"_blank\" rel=\"noopener\">cuines pr\u00e8mium a Barcelona<\/a>. A <a href=\"https:\/\/www.reprobarcelona.com\/ca\/quienes-somos\/\" target=\"_blank\" rel=\"noopener\"><b>REPROBARCELONA<\/b><\/a> utilitzem marbre, granit, travert\u00ed i altres superf\u00edcies nobles per crear taulells, illes de cuina i revestiments amb un acabat \u00fanic i una gran resist\u00e8ncia a l'\u00fas diari.<\/p><p class=\"isSelectedEnd\">Cada cuina es projecta de manera personalitzada, combinant la pedra natural amb mobiliari fet a mida, il\u00b7luminaci\u00f3 t\u00e8cnica i altres materials d'alta gamma per aconseguir espais elegants, funcionals i atemporals. La selecci\u00f3 de cada pe\u00e7a permet crear una cuina amb personalitat pr\u00f2pia, on el disseny i la qualitat esdevenen els elements protagonistes.<\/p>\t\t\t\t\t\t\t\t<\/div>\n\t\t\t\t<\/div>\n\t\t\t\t\t<\/div>\n\t\t<\/div>\n\t\t\t\t<div class=\"elementor-column elementor-col-50 elementor-top-column elementor-element elementor-element-c88ffc5\" data-id=\"c88ffc5\" data-element_type=\"column\" data-e-type=\"column\">\n\t\t\t<div class=\"elementor-widget-wrap elementor-element-populated\">\n\t\t\t\t\t\t<div class=\"elementor-element elementor-element-90d2406 elementor-widget elementor-widget-image\" data-id=\"90d2406\" data-element_type=\"widget\" data-e-type=\"widget\" data-widget_type=\"image.default\">\n\t\t\t\t<div class=\"elementor-widget-container\">\n\t\t\t\t\t\t\t\t\t\t\t\t\t\t\t\t<a href=\"https:\/\/www.reprobarcelona.com\/wp-content\/uploads\/2023\/06\/IMG-20230220-WA0001.avif\" data-elementor-open-lightbox=\"yes\" data-elementor-lightbox-title=\"IMG-20230220-WA0001\" data-e-action-hash=\"#elementor-action%3Aaction%3Dlightbox%26settings%3DeyJpZCI6MTg0NywidXJsIjoiaHR0cHM6XC9cL3d3dy5yZXByb2JhcmNlbG9uYS5jb21cL3dwLWNvbnRlbnRcL3VwbG9hZHNcLzIwMjNcLzA2XC9JTUctMjAyMzAyMjAtV0EwMDAxLmF2aWYifQ%3D%3D\">\n\t\t\t\t\t\t\t<img decoding=\"async\" src=\"https:\/\/www.reprobarcelona.com\/wp-content\/uploads\/2023\/06\/IMG-20230220-WA0001.avif\" title=\"IMG-20230220-WA0001\" alt=\"reforma de cuina\" loading=\"lazy\" \/>\t\t\t\t\t\t\t\t<\/a>\n\t\t\t\t\t\t\t\t\t\t\t\t\t\t\t<\/div>\n\t\t\t\t<\/div>\n\t\t\t\t\t<\/div>\n\t\t<\/div>\n\t\t\t\t\t<\/div>\n\t\t<\/section>\n\t\t\t\t<section class=\"elementor-section elementor-top-section elementor-element elementor-element-6cf3eff elementor-section-full_width elementor-section-height-default elementor-section-height-default\" data-id=\"6cf3eff\" data-element_type=\"section\" data-e-type=\"section\" data-settings=\"{&quot;background_background&quot;:&quot;classic&quot;}\">\n\t\t\t\t\t\t<div class=\"elementor-container elementor-column-gap-default\">\n\t\t\t\t\t<div class=\"elementor-column elementor-col-100 elementor-top-column elementor-element elementor-element-dc5dcee\" data-id=\"dc5dcee\" data-element_type=\"column\" data-e-type=\"column\" data-settings=\"{&quot;background_background&quot;:&quot;classic&quot;}\">\n\t\t\t<div class=\"elementor-widget-wrap elementor-element-populated\">\n\t\t\t\t\t\t<div class=\"elementor-element elementor-element-1a41a03 elementor-widget elementor-widget-spacer\" data-id=\"1a41a03\" data-element_type=\"widget\" data-e-type=\"widget\" data-widget_type=\"spacer.default\">\n\t\t\t\t<div class=\"elementor-widget-container\">\n\t\t\t\t\t\t\t<div class=\"elementor-spacer\">\n\t\t\t<div class=\"elementor-spacer-inner\"><\/div>\n\t\t<\/div>\n\t\t\t\t\t\t<\/div>\n\t\t\t\t<\/div>\n\t\t\t\t\t<\/div>\n\t\t<\/div>\n\t\t\t\t\t<\/div>\n\t\t<\/section>\n\t\t\t\t<section class=\"elementor-section elementor-top-section elementor-element elementor-element-7181c7e elementor-section-boxed elementor-section-height-default elementor-section-height-default\" data-id=\"7181c7e\" data-element_type=\"section\" data-e-type=\"section\">\n\t\t\t\t\t\t<div class=\"elementor-container elementor-column-gap-default\">\n\t\t\t\t\t<div class=\"elementor-column elementor-col-50 elementor-top-column elementor-element elementor-element-d518108\" data-id=\"d518108\" data-element_type=\"column\" data-e-type=\"column\">\n\t\t\t<div class=\"elementor-widget-wrap elementor-element-populated\">\n\t\t\t\t\t\t<div class=\"elementor-element elementor-element-e4b8488 elementor-widget__width-initial elementor-widget elementor-widget-image\" data-id=\"e4b8488\" data-element_type=\"widget\" data-e-type=\"widget\" data-widget_type=\"image.default\">\n\t\t\t\t<div class=\"elementor-widget-container\">\n\t\t\t\t\t\t\t\t\t\t\t\t\t\t\t\t<a href=\"https:\/\/www.reprobarcelona.com\/wp-content\/uploads\/2023\/02\/IMG-20230220-WA0014.jpg\" data-elementor-open-lightbox=\"yes\" data-elementor-lightbox-title=\"IMG-20230220-WA0014\" data-e-action-hash=\"#elementor-action%3Aaction%3Dlightbox%26settings%3DeyJpZCI6OTM2LCJ1cmwiOiJodHRwczpcL1wvd3d3LnJlcHJvYmFyY2Vsb25hLmNvbVwvd3AtY29udGVudFwvdXBsb2Fkc1wvMjAyM1wvMDJcL0lNRy0yMDIzMDIyMC1XQTAwMTQuanBnIn0%3D\">\n\t\t\t\t\t\t\t<img loading=\"lazy\" decoding=\"async\" width=\"800\" height=\"450\" src=\"https:\/\/www.reprobarcelona.com\/wp-content\/uploads\/2023\/02\/IMG-20230220-WA0014-1024x576.jpg\" class=\"attachment-large size-large wp-image-936\" alt=\"rehabilitaci\u00f3\" srcset=\"https:\/\/www.reprobarcelona.com\/wp-content\/uploads\/2023\/02\/IMG-20230220-WA0014-1024x576.jpg 1024w, https:\/\/www.reprobarcelona.com\/wp-content\/uploads\/2023\/02\/IMG-20230220-WA0014-300x169.jpg 300w, https:\/\/www.reprobarcelona.com\/wp-content\/uploads\/2023\/02\/IMG-20230220-WA0014-768x432.jpg 768w, https:\/\/www.reprobarcelona.com\/wp-content\/uploads\/2023\/02\/IMG-20230220-WA0014-1536x864.jpg 1536w, https:\/\/www.reprobarcelona.com\/wp-content\/uploads\/2023\/02\/IMG-20230220-WA0014.jpg 1920w\" sizes=\"(max-width: 800px) 100vw, 800px\" \/>\t\t\t\t\t\t\t\t<\/a>\n\t\t\t\t\t\t\t\t\t\t\t\t\t\t\t<\/div>\n\t\t\t\t<\/div>\n\t\t\t\t\t<\/div>\n\t\t<\/div>\n\t\t\t\t<div class=\"elementor-column elementor-col-50 elementor-top-column elementor-element elementor-element-26af5a2\" data-id=\"26af5a2\" data-element_type=\"column\" data-e-type=\"column\">\n\t\t\t<div class=\"elementor-widget-wrap elementor-element-populated\">\n\t\t\t\t\t\t<div class=\"elementor-element elementor-element-929564a elementor-widget elementor-widget-heading\" data-id=\"929564a\" data-element_type=\"widget\" data-e-type=\"widget\" data-widget_type=\"heading.default\">\n\t\t\t\t<div class=\"elementor-widget-container\">\n\t\t\t\t\t<h2 class=\"elementor-heading-title elementor-size-default\"><a href=\"https:\/\/www.reprobarcelona.com\/ca\/pedra-natural-barcelona\/\">La selecci\u00f3 de la piedra<\/a><\/h2>\t\t\t\t<\/div>\n\t\t\t\t<\/div>\n\t\t\t\t<div class=\"elementor-element elementor-element-91a5284 elementor-widget elementor-widget-text-editor\" data-id=\"91a5284\" data-element_type=\"widget\" data-e-type=\"widget\" data-widget_type=\"text-editor.default\">\n\t\t\t\t<div class=\"elementor-widget-container\">\n\t\t\t\t\t\t\t\t\t<div title=\"Page 3\"><p class=\"translation-block\">Cada bloc de pedra natural t\u00e9 una identitat pr\u00f2pia. N'analitzem el color, el vetejat, la resist\u00e8ncia, l'absorci\u00f3 i l'acabat per garantir que el material respongui tant als criteris est\u00e8tics com als funcionals. Col\u00b7laborem amb pedreres i prove\u00efdors especialitzats per oferir pedra natural a Barcelona i materials exclusius seleccionats amb la m\u00e0xima cura.<\/p><p>La <strong>pedra natural<\/strong> puede integrarse en pavimentos, revestimientos, cocinas, ba\u00f1os, escaleras, fachadas, chimeneas, mobiliario, terrazas y elementos decorativos. Su versatilidad permite crear espacios elegantes, coherentes y duraderos, adapt\u00e1ndose a proyectos de arquitectura, interiorismo y\u00a0<a href=\"https:\/\/www.reprobarcelona.com\/ca\/reformes-de-luxe\/\" target=\"_blank\" rel=\"noopener\"><b>reformas premium<\/b><\/a>.<\/p><p class=\"translation-block\">L'excel\u00b7l\u00e8ncia d'una instal\u00b7laci\u00f3 de pedra natural dep\u00e8n tant de la qualitat del material com de la seva execuci\u00f3. Una col\u00b7locaci\u00f3 precisa evita tensions, desnivells i discontinu\u00eftats visuals, permetent que l'arquitectura expressi tot el seu potencial i que cada projecte destaqui per la qualitat dels seus acabats.<\/p><\/div>\t\t\t\t\t\t\t\t<\/div>\n\t\t\t\t<\/div>\n\t\t\t\t\t<\/div>\n\t\t<\/div>\n\t\t\t\t\t<\/div>\n\t\t<\/section>\n\t\t\t\t<section class=\"elementor-section elementor-top-section elementor-element elementor-element-4f4219c elementor-section-boxed elementor-section-height-default elementor-section-height-default\" data-id=\"4f4219c\" data-element_type=\"section\" data-e-type=\"section\">\n\t\t\t\t\t\t<div class=\"elementor-container elementor-column-gap-default\">\n\t\t\t\t\t<div class=\"elementor-column elementor-col-100 elementor-top-column elementor-element elementor-element-3d14014\" data-id=\"3d14014\" data-element_type=\"column\" data-e-type=\"column\">\n\t\t\t<div class=\"elementor-widget-wrap elementor-element-populated\">\n\t\t\t\t\t\t<div class=\"elementor-element elementor-element-1e8326d elementor-widget elementor-widget-heading\" data-id=\"1e8326d\" data-element_type=\"widget\" data-e-type=\"widget\" data-widget_type=\"heading.default\">\n\t\t\t\t<div class=\"elementor-widget-container\">\n\t\t\t\t\t<h2 class=\"elementor-heading-title elementor-size-default\">Preguntes freq\u00fcents<\/h2>\t\t\t\t<\/div>\n\t\t\t\t<\/div>\n\t\t\t\t<div class=\"elementor-element elementor-element-f9df25b elementor-widget-divider--view-line elementor-widget elementor-widget-divider\" data-id=\"f9df25b\" data-element_type=\"widget\" data-e-type=\"widget\" data-widget_type=\"divider.default\">\n\t\t\t\t<div class=\"elementor-widget-container\">\n\t\t\t\t\t\t\t<div class=\"elementor-divider\">\n\t\t\t<span class=\"elementor-divider-separator\">\n\t\t\t\t\t\t<\/span>\n\t\t<\/div>\n\t\t\t\t\t\t<\/div>\n\t\t\t\t<\/div>\n\t\t\t\t<div class=\"elementor-element elementor-element-26733f8 elementor-widget__width-initial elementor-widget elementor-widget-text-editor\" data-id=\"26733f8\" data-element_type=\"widget\" data-e-type=\"widget\" data-widget_type=\"text-editor.default\">\n\t\t\t\t<div class=\"elementor-widget-container\">\n\t\t\t\t\t\t\t\t\t<h3>1. Quin tipus de pedra natural \u00e9s el m\u00e9s adequat per a una reforma de luxe?<\/h3>\n<p class=\"translation-block\">L'elecci\u00f3 de la pedra natural dep\u00e8n de l'\u00fas, de l'estil arquitect\u00f2nic i de les caracter\u00edstiques del projecte. A <\/span><b>REPROBARCELONA<\/b><span style=\"font-weight: 400\"> treballem amb marbre, travert\u00ed, granit, quarsita, pedra calc\u00e0ria, \u00f2nix i altres pedres naturals d'alta gamma, assessorant cada client per seleccionar el material que millor s'adapti al seu habitatge i al disseny de l'espai.<\/p>\n<h3>2. Quina difer\u00e8ncia hi ha entre el marbre, el granit, el travert\u00ed i la quarsita?<\/h3>\n<p>Cada pedra natural ofereix propietats i acabats diferents. El marbre destaca per la seva eleg\u00e0ncia i el seu vetejat, el granit per la seva elevada resist\u00e8ncia, el travert\u00ed per la seva calidesa i la quarsita per la seva duresa i durabilitat. L'elecci\u00f3 dependr\u00e0 de l'aplicaci\u00f3 i de l'acabat que es vulgui aconseguir.<\/p>\n<h3>3. On es pot instal\u00b7lar la pedra natural?<\/h3>\n<p>La piedra natural puede instalarse en&nbsp;<a href=\"https:\/\/www.reprobarcelona.com\/ca\/reformes-integrals-a-barcelona\/\" target=\"_blank\">suelos, paredes, ba\u00f1os, cocinas, escaleras, fachadas, terrazas, chimeneas, encimeras y mobiliario a medida<\/a>. Su versatilidad permite crear espacios exclusivos, coherentes y atemporales tanto en interiores como en exteriores.<\/p>\n<h3>4. La pedra natural requereix manteniment?<\/h3>\n<p>S\u00ed, tot i que el manteniment dependr\u00e0 del tipus de pedra natural i de la seva aplicaci\u00f3. Alguns materials requereixen tractaments protectors per conservar-ne l'aspecte i facilitar-ne la neteja. A <\/span><b>REPROBARCELONA<\/b><span style=\"font-weight: 400\"> recomanem la soluci\u00f3 m\u00e9s adequada per garantir la bellesa i la durabilitat de cada instal\u00b7laci\u00f3.<\/p>\n<h3>5. \u00bfCada pe\u00e7a de pedra natural \u00e9s diferent?<\/h3>\n<p>S\u00ed. Una de les principals qualitats de la pedra natural \u00e9s que cada pe\u00e7a \u00e9s \u00fanica. Les variacions de color, de veta i de textura formen part del seu origen natural i aporten exclusivitat i personalitat a cada projecte.<\/p>\n<h3>6. Per qu\u00e8 escollir la pedra natural en lloc d'altres materials?<\/h3>\n<p>La pedra natural ofereix una bellesa aut\u00e8ntica, una gran durabilitat i un valor est\u00e8tic que perdura amb el pas del temps. A m\u00e9s de ser un material exclusiu, aporta car\u00e0cter, eleg\u00e0ncia i una identitat pr\u00f2pia que dif\u00edcilment poden reproduir altres revestiments.<\/p>\n<h3>7. \u00c9s important comptar amb una empresa especialitzada en la instal\u00b7laci\u00f3 de pedra natural?<\/h3>\n<p>S\u00ed. La correcta instal\u00b7laci\u00f3 de la pedra natural requereix experi\u00e8ncia, precisi\u00f3 i un profund coneixement t\u00e8cnic del material. La preparaci\u00f3 del suport, el replanteig, la col\u00b7locaci\u00f3 i els acabats s\u00f3n determinants per aconseguir un resultat impecable i durador.<\/p>\n<h3>8. \u00bfPor qu\u00e9 elegir&nbsp;<a href=\"https:\/\/www.reprobarcelona.com\/ca\/quienes-somos\/\" target=\"_blank\">REPROBARCELONA<\/a>&nbsp;para la instalaci\u00f3n de piedra natural en Barcelona?<\/h3>\n<p>A&nbsp;<a href=\"https:\/\/www.reprobarcelona.com\/ca\/quienes-somos\/\" target=\"_blank\"><b>REPROBARCELONA<\/b><\/a>&nbsp;somos especialistas en la instalaci\u00f3n de piedra natural en Barcelona para reformas de lujo. Trabajamos con materiales seleccionados de proveedores de referencia y cuidamos cada fase del proyecto, desde la elecci\u00f3n de la piedra hasta su instalaci\u00f3n final, ofreciendo acabados de m\u00e1xima calidad para viviendas exclusivas.<\/p>\t\t\t\t\t\t\t\t<\/div>\n\t\t\t\t<\/div>\n\t\t\t\t<div class=\"elementor-element elementor-element-439739c elementor-button-info elementor-align-center elementor-widget elementor-widget-button\" data-id=\"439739c\" data-element_type=\"widget\" data-e-type=\"widget\" data-widget_type=\"button.default\">\n\t\t\t\t<div class=\"elementor-widget-container\">\n\t\t\t\t\t\t\t\t\t<div class=\"elementor-button-wrapper\">\n\t\t\t\t\t<a class=\"elementor-button elementor-button-link elementor-size-sm elementor-animation-sink\" href=\"https:\/\/www.reprobarcelona.com\/ca\/contacte-reprobarcelona-2\/\">\n\t\t\t\t\t\t<span class=\"elementor-button-content-wrapper\">\n\t\t\t\t\t\t<span class=\"elementor-button-icon\">\n\t\t\t\t<i aria-hidden=\"true\" class=\"icon icon-right-arrow1\"><\/i>\t\t\t<\/span>\n\t\t\t\t\t\t\t\t\t<span class=\"elementor-button-text\">contacte'ns<\/span>\n\t\t\t\t\t<\/span>\n\t\t\t\t\t<\/a>\n\t\t\t\t<\/div>\n\t\t\t\t\t\t\t\t<\/div>\n\t\t\t\t<\/div>\n\t\t\t\t\t<\/div>\n\t\t<\/div>\n\t\t\t\t\t<\/div>\n\t\t<\/section>\n\t\t\t\t<section class=\"elementor-section elementor-top-section elementor-element elementor-element-6bac4f4 elementor-section-content-middle elementor-section-boxed elementor-section-height-default elementor-section-height-default\" data-id=\"6bac4f4\" data-element_type=\"section\" data-e-type=\"section\">\n\t\t\t\t\t\t<div class=\"elementor-container elementor-column-gap-default\">\n\t\t\t\t\t<div class=\"elementor-column elementor-col-33 elementor-top-column elementor-element elementor-element-bce63b0\" data-id=\"bce63b0\" data-element_type=\"column\" data-e-type=\"column\">\n\t\t\t<div class=\"elementor-widget-wrap elementor-element-populated\">\n\t\t\t\t\t\t<div class=\"elementor-element elementor-element-f7a4244 elementor-widget elementor-widget-image\" data-id=\"f7a4244\" data-element_type=\"widget\" data-e-type=\"widget\" data-widget_type=\"image.default\">\n\t\t\t\t<div class=\"elementor-widget-container\">\n\t\t\t\t\t\t\t\t\t\t\t\t\t\t\t\t<a href=\"https:\/\/consum.gencat.cat\/\" target=\"_blank\" rel=\"nofollow noopener\">\n\t\t\t\t\t\t\t<img loading=\"lazy\" decoding=\"async\" width=\"409\" height=\"123\" src=\"https:\/\/www.reprobarcelona.com\/wp-content\/uploads\/2023\/06\/junta-arbitral-de-consum.jpg\" class=\"attachment-large size-large wp-image-3227\" alt=\"JUNTA ARBRITRAL DE CONSUM\" srcset=\"https:\/\/www.reprobarcelona.com\/wp-content\/uploads\/2023\/06\/junta-arbitral-de-consum.jpg 409w, https:\/\/www.reprobarcelona.com\/wp-content\/uploads\/2023\/06\/junta-arbitral-de-consum-300x90.jpg 300w\" sizes=\"(max-width: 409px) 100vw, 409px\" \/>\t\t\t\t\t\t\t\t<\/a>\n\t\t\t\t\t\t\t\t\t\t\t\t\t\t\t<\/div>\n\t\t\t\t<\/div>\n\t\t\t\t\t<\/div>\n\t\t<\/div>\n\t\t\t\t<div class=\"elementor-column elementor-col-33 elementor-top-column elementor-element elementor-element-764b3e7\" data-id=\"764b3e7\" data-element_type=\"column\" data-e-type=\"column\">\n\t\t\t<div class=\"elementor-widget-wrap elementor-element-populated\">\n\t\t\t\t\t\t<div class=\"elementor-element elementor-element-a0be764 elementor-widget elementor-widget-image\" data-id=\"a0be764\" data-element_type=\"widget\" data-e-type=\"widget\" data-widget_type=\"image.default\">\n\t\t\t\t<div class=\"elementor-widget-container\">\n\t\t\t\t\t\t\t\t\t\t\t\t\t\t\t\t<a href=\"https:\/\/gestiondelamianto.com\/rera\/\" target=\"_blank\" rel=\"noopener\">\n\t\t\t\t\t\t\t<img loading=\"lazy\" decoding=\"async\" width=\"253\" height=\"123\" src=\"https:\/\/www.reprobarcelona.com\/wp-content\/uploads\/2023\/06\/RERA.jpg\" class=\"attachment-large size-large wp-image-3226\" alt=\"RERA\" \/>\t\t\t\t\t\t\t\t<\/a>\n\t\t\t\t\t\t\t\t\t\t\t\t\t\t\t<\/div>\n\t\t\t\t<\/div>\n\t\t\t\t\t<\/div>\n\t\t<\/div>\n\t\t\t\t<div class=\"elementor-column elementor-col-33 elementor-top-column elementor-element elementor-element-5de35f1\" data-id=\"5de35f1\" data-element_type=\"column\" data-e-type=\"column\">\n\t\t\t<div class=\"elementor-widget-wrap elementor-element-populated\">\n\t\t\t\t\t\t<div class=\"elementor-element elementor-element-2699d7b elementor-widget elementor-widget-image\" data-id=\"2699d7b\" data-element_type=\"widget\" data-e-type=\"widget\" data-widget_type=\"image.default\">\n\t\t\t\t<div class=\"elementor-widget-container\">\n\t\t\t\t\t\t\t\t\t\t\t\t\t\t\t\t<a href=\"https:\/\/www.tuv.com\/spain\/es\/\" target=\"_blank\" rel=\"nofollow noopener\">\n\t\t\t\t\t\t\t<img loading=\"lazy\" decoding=\"async\" width=\"347\" height=\"123\" src=\"https:\/\/www.reprobarcelona.com\/wp-content\/uploads\/2023\/06\/tuv.jpg\" class=\"attachment-large size-large wp-image-3225\" alt=\"TUV\" srcset=\"https:\/\/www.reprobarcelona.com\/wp-content\/uploads\/2023\/06\/tuv.jpg 347w, https:\/\/www.reprobarcelona.com\/wp-content\/uploads\/2023\/06\/tuv-300x106.jpg 300w\" sizes=\"(max-width: 347px) 100vw, 347px\" \/>\t\t\t\t\t\t\t\t<\/a>\n\t\t\t\t\t\t\t\t\t\t\t\t\t\t\t<\/div>\n\t\t\t\t<\/div>\n\t\t\t\t\t<\/div>\n\t\t<\/div>\n\t\t\t\t\t<\/div>\n\t\t<\/section>\n\t\t\t\t<\/div>","protected":false},"excerpt":{"rendered":"<p>Piedra natural para reformas de lujo en Barcelona La piedra natural es uno de los materiales m\u00e1s exclusivos en reformas de alto standing. En\u00a0REPROBARCELONA\u00a0trabajamos con m\u00e1rmol, travertino, granito, caliza y otras superficies nobles para crear ba\u00f1os, cocinas, salones y revestimientos con car\u00e1cter arquitect\u00f3nico.\u00a0Ejecutamos la preparaci\u00f3n del soporte, replanteo, colocaci\u00f3n, cortes, juntas, sellado y coordinaci\u00f3n con [&hellip;]<\/p>","protected":false},"author":7,"featured_media":0,"parent":0,"menu_order":0,"comment_status":"closed","ping_status":"closed","template":"","meta":{"footnotes":""},"class_list":["post-11805","page","type-page","status-publish","hentry"],"_links":{"self":[{"href":"https:\/\/www.reprobarcelona.com\/ca\/wp-json\/wp\/v2\/pages\/11805","targetHints":{"allow":["GET"]}}],"collection":[{"href":"https:\/\/www.reprobarcelona.com\/ca\/wp-json\/wp\/v2\/pages"}],"about":[{"href":"https:\/\/www.reprobarcelona.com\/ca\/wp-json\/wp\/v2\/types\/page"}],"author":[{"embeddable":true,"href":"https:\/\/www.reprobarcelona.com\/ca\/wp-json\/wp\/v2\/users\/7"}],"replies":[{"embeddable":true,"href":"https:\/\/www.reprobarcelona.com\/ca\/wp-json\/wp\/v2\/comments?post=11805"}],"version-history":[{"count":64,"href":"https:\/\/www.reprobarcelona.com\/ca\/wp-json\/wp\/v2\/pages\/11805\/revisions"}],"predecessor-version":[{"id":12757,"href":"https:\/\/www.reprobarcelona.com\/ca\/wp-json\/wp\/v2\/pages\/11805\/revisions\/12757"}],"wp:attachment":[{"href":"https:\/\/www.reprobarcelona.com\/ca\/wp-json\/wp\/v2\/media?parent=11805"}],"curies":[{"name":"wp","href":"https:\/\/api.w.org\/{rel}","templated":true}]}}