{"id":12074,"date":"2026-07-12T11:54:45","date_gmt":"2026-07-12T11:54:45","guid":{"rendered":"https:\/\/www.reprobarcelona.com\/?page_id=12074"},"modified":"2026-07-26T12:57:40","modified_gmt":"2026-07-26T12:57:40","slug":"porcellanic-gran-format-barcelona","status":"publish","type":"page","link":"https:\/\/www.reprobarcelona.com\/ca\/porcelanico-gran-formato-barcelona\/","title":{"rendered":"Porcell\u00e0nic gran format Barcelona"},"content":{"rendered":"<div data-elementor-type=\"wp-page\" data-elementor-id=\"12074\" class=\"elementor elementor-12074\" data-elementor-post-type=\"page\">\n\t\t\t\t\t\t<section class=\"elementor-section elementor-top-section elementor-element elementor-element-c48dde9 elementor-section-boxed elementor-section-height-default elementor-section-height-default\" data-id=\"c48dde9\" data-element_type=\"section\" data-e-type=\"section\">\n\t\t\t\t\t\t<div class=\"elementor-container elementor-column-gap-default\">\n\t\t\t\t\t<div class=\"elementor-column elementor-col-100 elementor-top-column elementor-element elementor-element-136c7f1\" data-id=\"136c7f1\" data-element_type=\"column\" data-e-type=\"column\">\n\t\t\t<div class=\"elementor-widget-wrap elementor-element-populated\">\n\t\t\t\t\t\t<div class=\"elementor-element elementor-element-c76d2fb elementor-widget elementor-widget-heading\" data-id=\"c76d2fb\" data-element_type=\"widget\" data-e-type=\"widget\" data-widget_type=\"heading.default\">\n\t\t\t\t<div class=\"elementor-widget-container\">\n\t\t\t\t\t<h1 class=\"elementor-heading-title elementor-size-default\"><span style=\"font-size: 41.6px\">Instal\u00b7laci\u00f3 de porcell\u00e0nic gran format a Barcelona<\/span><\/h1>\t\t\t\t<\/div>\n\t\t\t\t<\/div>\n\t\t\t\t<div class=\"elementor-element elementor-element-38011d5 elementor-widget-divider--view-line elementor-widget elementor-widget-divider\" data-id=\"38011d5\" data-element_type=\"widget\" data-e-type=\"widget\" data-widget_type=\"divider.default\">\n\t\t\t\t<div class=\"elementor-widget-container\">\n\t\t\t\t\t\t\t<div class=\"elementor-divider\">\n\t\t\t<span class=\"elementor-divider-separator\">\n\t\t\t\t\t\t<\/span>\n\t\t<\/div>\n\t\t\t\t\t\t<\/div>\n\t\t\t\t<\/div>\n\t\t\t\t<div class=\"elementor-element elementor-element-093b6dd elementor-widget__width-initial elementor-widget elementor-widget-text-editor\" data-id=\"093b6dd\" data-element_type=\"widget\" data-e-type=\"widget\" data-widget_type=\"text-editor.default\">\n\t\t\t\t<div class=\"elementor-widget-container\">\n\t\t\t\t\t\t\t\t\t<p>El porcell\u00e0nic de gran format \u00e9s una de les especialitats de\u00a0<a href=\"https:\/\/www.reprobarcelona.com\/ca\/quienes-somos\/\" target=\"_blank\" rel=\"noopener\"><b>REPROBARCELONA<\/b><\/a>. Instalamos <b>piezas XL<\/b> en\u00a0<a href=\"https:\/\/www.reprobarcelona.com\/ca\/reformes-banys-luxe-barcelona\/\" target=\"_blank\" rel=\"noopener\"><b>ba\u00f1os<\/b><\/a>,\u00a0<a href=\"https:\/\/www.reprobarcelona.com\/ca\/reformes-cuines-luxe-barcelona\/\" target=\"_blank\" rel=\"noopener\"><b>cocinas<\/b><\/a>, suelos, paredes y otros espacios, ofreciendo soluciones para\u00a0<a href=\"https:\/\/www.reprobarcelona.com\/ca\/reformes-integrals-a-barcelona\/\" target=\"_blank\" rel=\"noopener\"><b>proyectos de reforma<\/b><\/a>\u00a0e\u00a0<a href=\"https:\/\/www.reprobarcelona.com\/ca\/reformes-parcials-a-barcelona\/\" target=\"_blank\" rel=\"noopener\"><b>interiorismo<\/b><\/a>\u00a0de alto nivel.<\/p><p>Com\u00a0<strong>experts en porcell\u00e0nic gran format a Barcelona<\/strong>, realitzem la preparaci\u00f3 del suport, l&#039;anivellament i la col\u00b7locaci\u00f3 de cada pe\u00e7a amb la m\u00e0xima precisi\u00f3, aconseguint acabats elegants, resistents i amb juntes m\u00ednimes. Treballem amb porcel\u00e0nic de luxe per crear espais de disseny amb un resultat impecable i durador.<\/p>\t\t\t\t\t\t\t\t<\/div>\n\t\t\t\t<\/div>\n\t\t\t\t\t<\/div>\n\t\t<\/div>\n\t\t\t\t\t<\/div>\n\t\t<\/section>\n\t\t\t\t<section class=\"elementor-section elementor-top-section elementor-element elementor-element-36e4a54 elementor-section-boxed elementor-section-height-default elementor-section-height-default\" data-id=\"36e4a54\" data-element_type=\"section\" data-e-type=\"section\">\n\t\t\t\t\t\t<div class=\"elementor-container elementor-column-gap-default\">\n\t\t\t\t\t<div class=\"elementor-column elementor-col-100 elementor-top-column elementor-element elementor-element-5c66799\" data-id=\"5c66799\" data-element_type=\"column\" data-e-type=\"column\">\n\t\t\t<div class=\"elementor-widget-wrap elementor-element-populated\">\n\t\t\t\t\t\t<div class=\"elementor-element elementor-element-d665d91 animated-slow elementor-widget elementor-widget-image\" data-id=\"d665d91\" data-element_type=\"widget\" data-e-type=\"widget\" data-settings=\"{&quot;motion_fx_motion_fx_scrolling&quot;:&quot;yes&quot;,&quot;motion_fx_translateX_effect&quot;:&quot;yes&quot;,&quot;motion_fx_translateX_speed&quot;:{&quot;unit&quot;:&quot;px&quot;,&quot;size&quot;:9.8,&quot;sizes&quot;:[]},&quot;motion_fx_translateX_affectedRange&quot;:{&quot;unit&quot;:&quot;%&quot;,&quot;size&quot;:&quot;&quot;,&quot;sizes&quot;:{&quot;start&quot;:0,&quot;end&quot;:55}},&quot;_animation&quot;:&quot;none&quot;,&quot;_animation_delay&quot;:300,&quot;motion_fx_devices&quot;:[&quot;desktop&quot;,&quot;tablet&quot;,&quot;mobile&quot;]}\" data-widget_type=\"image.default\">\n\t\t\t\t<div class=\"elementor-widget-container\">\n\t\t\t\t\t\t\t\t\t\t\t\t\t\t\t<img fetchpriority=\"high\" decoding=\"async\" width=\"800\" height=\"201\" src=\"https:\/\/www.reprobarcelona.com\/wp-content\/uploads\/2023\/02\/REFOR2.png\" class=\"attachment-large size-large wp-image-864\" alt=\"REPROBARCELONA\" srcset=\"https:\/\/www.reprobarcelona.com\/wp-content\/uploads\/2023\/02\/REFOR2.png 1024w, https:\/\/www.reprobarcelona.com\/wp-content\/uploads\/2023\/02\/REFOR2-300x75.png 300w, https:\/\/www.reprobarcelona.com\/wp-content\/uploads\/2023\/02\/REFOR2-768x193.png 768w\" sizes=\"(max-width: 800px) 100vw, 800px\" \/>\t\t\t\t\t\t\t\t\t\t\t\t\t\t\t<\/div>\n\t\t\t\t<\/div>\n\t\t\t\t\t<\/div>\n\t\t<\/div>\n\t\t\t\t\t<\/div>\n\t\t<\/section>\n\t\t\t\t<section class=\"elementor-section elementor-top-section elementor-element elementor-element-203c8ea elementor-section-boxed elementor-section-height-default elementor-section-height-default\" data-id=\"203c8ea\" data-element_type=\"section\" data-e-type=\"section\">\n\t\t\t\t\t\t<div class=\"elementor-container elementor-column-gap-default\">\n\t\t\t\t\t<div class=\"elementor-column elementor-col-50 elementor-top-column elementor-element elementor-element-145b06d\" data-id=\"145b06d\" data-element_type=\"column\" data-e-type=\"column\">\n\t\t\t<div class=\"elementor-widget-wrap elementor-element-populated\">\n\t\t\t\t\t\t<div class=\"elementor-element elementor-element-4d8752f elementor-widget elementor-widget-heading\" data-id=\"4d8752f\" data-element_type=\"widget\" data-e-type=\"widget\" data-widget_type=\"heading.default\">\n\t\t\t\t<div class=\"elementor-widget-container\">\n\t\t\t\t\t<h2 class=\"elementor-heading-title elementor-size-default\">Aplicacions del porcell\u00e0nic de gran format<\/h2>\t\t\t\t<\/div>\n\t\t\t\t<\/div>\n\t\t\t\t<div class=\"elementor-element elementor-element-3206eed elementor-widget elementor-widget-text-editor\" data-id=\"3206eed\" data-element_type=\"widget\" data-e-type=\"widget\" data-widget_type=\"text-editor.default\">\n\t\t\t\t<div class=\"elementor-widget-container\">\n\t\t\t\t\t\t\t\t\t<p class=\"isSelectedEnd\">El <b>porcell\u00e0nic de gran format<\/b> ofrece una gran versatilidad y permite crear espacios con una est\u00e9tica continua, elegante y contempor\u00e1nea. Su capacidad para unificar materiales y reducir el n\u00famero de juntas aporta una mayor sensaci\u00f3n de amplitud y exclusividad, convirti\u00e9ndolo en una de las opciones preferidas en proyectos de arquitectura e interiorismo de alto nivel.<\/p><p>Realitzem instal\u00b7lacions de porcell\u00e0nic de gran format a:<\/p><ul><li><a href=\"https:\/\/www.reprobarcelona.com\/ca\/reformes-banys-luxe-barcelona\/\" target=\"_blank\" rel=\"noopener\">Banys<\/a>.<\/li><li><a href=\"https:\/\/www.reprobarcelona.com\/ca\/reformes-cuines-luxe-barcelona\/\" target=\"_blank\" rel=\"noopener\">Cuines<\/a>.<\/li><li>S\u00f2ls interiors.<\/li><li>Revestiments de parets.<\/li><li><span style=\"background-color: transparent;\"><a href=\"https:\/\/www.reprobarcelona.com\/ca\/arquitectura-de-luxe\/\" target=\"_blank\" rel=\"noopener\">Mobiliari i elements a mida.\u00a0<\/a>Espacios residenciales y\u00a0<\/span><a href=\"https:\/\/www.reprobarcelona.com\/ca\/diseno-de-locales-comerciales\/\" target=\"_blank\" rel=\"noopener\">comerciales<\/a><span style=\"background-color: transparent;\">.<\/span><\/li><\/ul><p class=\"translation-block\">Els acabats professionals amb <b>porcell\u00e0nic de luxe<\/b> permeten aconseguir superf\u00edcies d'alta qualitat que transmeten sofisticaci\u00f3, continu\u00eftat visual i una perfecta harmonia en el disseny del projecte. A m\u00e9s, est\u00e0 disponible en acabats amb efecte marbre, pedra natural, ciment, metall o fusta, combinant la bellesa d'aquests materials amb una elevada resist\u00e8ncia i un manteniment molt senzill.<\/p>\t\t\t\t\t\t\t\t<\/div>\n\t\t\t\t<\/div>\n\t\t\t\t\t<\/div>\n\t\t<\/div>\n\t\t\t\t<div class=\"elementor-column elementor-col-50 elementor-top-column elementor-element elementor-element-3d61f28\" data-id=\"3d61f28\" data-element_type=\"column\" data-e-type=\"column\">\n\t\t\t<div class=\"elementor-widget-wrap elementor-element-populated\">\n\t\t\t\t\t\t<div class=\"elementor-element elementor-element-38d6974 elementor-widget elementor-widget-spacer\" data-id=\"38d6974\" data-element_type=\"widget\" data-e-type=\"widget\" data-widget_type=\"spacer.default\">\n\t\t\t\t<div class=\"elementor-widget-container\">\n\t\t\t\t\t\t\t<div class=\"elementor-spacer\">\n\t\t\t<div class=\"elementor-spacer-inner\"><\/div>\n\t\t<\/div>\n\t\t\t\t\t\t<\/div>\n\t\t\t\t<\/div>\n\t\t\t\t<div class=\"elementor-element elementor-element-f50f7b3 elementor-widget elementor-widget-image\" data-id=\"f50f7b3\" data-element_type=\"widget\" data-e-type=\"widget\" data-widget_type=\"image.default\">\n\t\t\t\t<div class=\"elementor-widget-container\">\n\t\t\t\t\t\t\t\t\t\t\t\t\t\t\t\t<a href=\"https:\/\/www.reprobarcelona.com\/wp-content\/uploads\/2023\/07\/IMG_1738.jpg\" data-elementor-open-lightbox=\"yes\" data-elementor-lightbox-title=\"IMG_1738\" data-e-action-hash=\"#elementor-action%3Aaction%3Dlightbox%26settings%3DeyJpZCI6MjMwOCwidXJsIjoiaHR0cHM6XC9cL3d3dy5yZXByb2JhcmNlbG9uYS5jb21cL3dwLWNvbnRlbnRcL3VwbG9hZHNcLzIwMjNcLzA3XC9JTUdfMTczOC5qcGcifQ%3D%3D\">\n\t\t\t\t\t\t\t<img decoding=\"async\" width=\"768\" height=\"1024\" src=\"https:\/\/www.reprobarcelona.com\/wp-content\/uploads\/2023\/07\/IMG_1738.jpg\" class=\"attachment-full size-full wp-image-2308\" alt=\"reforma de bany\" srcset=\"https:\/\/www.reprobarcelona.com\/wp-content\/uploads\/2023\/07\/IMG_1738.jpg 768w, https:\/\/www.reprobarcelona.com\/wp-content\/uploads\/2023\/07\/IMG_1738-225x300.jpg 225w\" sizes=\"(max-width: 768px) 100vw, 768px\" \/>\t\t\t\t\t\t\t\t<\/a>\n\t\t\t\t\t\t\t\t\t\t\t\t\t\t\t<\/div>\n\t\t\t\t<\/div>\n\t\t\t\t\t<\/div>\n\t\t<\/div>\n\t\t\t\t\t<\/div>\n\t\t<\/section>\n\t\t\t\t<section class=\"elementor-section elementor-top-section elementor-element elementor-element-b43541a elementor-section-full_width elementor-section-stretched elementor-section-height-default elementor-section-height-default\" data-id=\"b43541a\" data-element_type=\"section\" data-e-type=\"section\" data-settings=\"{&quot;stretch_section&quot;:&quot;section-stretched&quot;}\">\n\t\t\t\t\t\t<div class=\"elementor-container elementor-column-gap-default\">\n\t\t\t\t\t<div class=\"elementor-column elementor-col-100 elementor-top-column elementor-element elementor-element-51b4aa8\" data-id=\"51b4aa8\" data-element_type=\"column\" data-e-type=\"column\" data-settings=\"{&quot;background_background&quot;:&quot;classic&quot;}\">\n\t\t\t<div class=\"elementor-widget-wrap elementor-element-populated\">\n\t\t\t\t\t\t<div class=\"elementor-element elementor-element-e812c62 elementor-widget elementor-widget-heading\" data-id=\"e812c62\" data-element_type=\"widget\" data-e-type=\"widget\" data-widget_type=\"heading.default\">\n\t\t\t\t<div class=\"elementor-widget-container\">\n\t\t\t\t\t<h2 class=\"elementor-heading-title elementor-size-default\">Especialistes en porcell\u00e0nic de gran format a Barcelona<\/h2>\t\t\t\t<\/div>\n\t\t\t\t<\/div>\n\t\t\t\t<section class=\"elementor-section elementor-inner-section elementor-element elementor-element-e9569ea elementor-section-full_width elementor-section-height-default elementor-section-height-default\" data-id=\"e9569ea\" data-element_type=\"section\" data-e-type=\"section\">\n\t\t\t\t\t\t<div class=\"elementor-container elementor-column-gap-default\">\n\t\t\t\t\t<div class=\"elementor-column elementor-col-100 elementor-inner-column elementor-element elementor-element-52d4239\" data-id=\"52d4239\" data-element_type=\"column\" data-e-type=\"column\" data-settings=\"{&quot;background_background&quot;:&quot;classic&quot;}\">\n\t\t\t<div class=\"elementor-widget-wrap elementor-element-populated\">\n\t\t\t\t\t<div class=\"elementor-background-overlay\"><\/div>\n\t\t\t\t\t\t<div class=\"elementor-element elementor-element-f185ea0 elementor-widget elementor-widget-text-editor\" data-id=\"f185ea0\" data-element_type=\"widget\" data-e-type=\"widget\" data-widget_type=\"text-editor.default\">\n\t\t\t\t<div class=\"elementor-widget-container translation-block\">La instal\u00b7laci\u00f3 de <b>porcell\u00e0nic de gran format<\/b> requereix <a href=\"https:\/\/www.reprobarcelona.com\/ca\/proyectos\/\" target=\"_blank\">experi\u00e8ncia<\/a>, precisi\u00f3 i eines espec\u00edfiques. A <a href=\"https:\/\/www.reprobarcelona.com\/ca\/quienes-somos\/\" target=\"_blank\" rel=\"noopener\"><b>REPROBARCELONA<\/b><\/a> som especialistes en la col\u00b7locaci\u00f3 de peces XL per a projectes residencials i comercials, garantint acabats d'alta qualitat en tota mena de reformes.<\/div>\n\t\t\t\t<\/div>\n\t\t\t\t<div class=\"elementor-element elementor-element-08daa88 elementor-align-center elementor-widget elementor-widget-button\" data-id=\"08daa88\" data-element_type=\"widget\" data-e-type=\"widget\" data-widget_type=\"button.default\">\n\t\t\t\t<div class=\"elementor-widget-container\">\n\t\t\t\t\t\t\t\t\t<div class=\"elementor-button-wrapper\">\n\t\t\t\t\t<a class=\"elementor-button elementor-button-link elementor-size-sm\" href=\"https:\/\/www.reprobarcelona.com\/ca\/contacte-reprobarcelona-2\/\">\n\t\t\t\t\t\t<span class=\"elementor-button-content-wrapper\">\n\t\t\t\t\t\t\t\t\t<span class=\"elementor-button-text\">SOL\u00b7LICITA INFORMACI\u00d3<\/span>\n\t\t\t\t\t<\/span>\n\t\t\t\t\t<\/a>\n\t\t\t\t<\/div>\n\t\t\t\t\t\t\t\t<\/div>\n\t\t\t\t<\/div>\n\t\t\t\t\t<\/div>\n\t\t<\/div>\n\t\t\t\t\t<\/div>\n\t\t<\/section>\n\t\t\t\t\t<\/div>\n\t\t<\/div>\n\t\t\t\t\t<\/div>\n\t\t<\/section>\n\t\t\t\t<section class=\"elementor-section elementor-top-section elementor-element elementor-element-c80dffd elementor-section-boxed elementor-section-height-default elementor-section-height-default\" data-id=\"c80dffd\" data-element_type=\"section\" data-e-type=\"section\">\n\t\t\t\t\t\t<div class=\"elementor-container elementor-column-gap-default\">\n\t\t\t\t\t<div class=\"elementor-column elementor-col-50 elementor-top-column elementor-element elementor-element-c88ffc5\" data-id=\"c88ffc5\" data-element_type=\"column\" data-e-type=\"column\">\n\t\t\t<div class=\"elementor-widget-wrap elementor-element-populated\">\n\t\t\t\t\t\t<div class=\"elementor-element elementor-element-90d2406 elementor-widget elementor-widget-image\" data-id=\"90d2406\" data-element_type=\"widget\" data-e-type=\"widget\" data-widget_type=\"image.default\">\n\t\t\t\t<div class=\"elementor-widget-container\">\n\t\t\t\t\t\t\t\t\t\t\t\t\t\t\t\t<a href=\"https:\/\/www.reprobarcelona.com\/wp-content\/uploads\/2023\/04\/IMG-20230220-WA0046.jpg\" data-elementor-open-lightbox=\"yes\" data-elementor-lightbox-title=\"IMG-20230220-WA0046\" data-e-action-hash=\"#elementor-action%3Aaction%3Dlightbox%26settings%3DeyJpZCI6MTcyNSwidXJsIjoiaHR0cHM6XC9cL3d3dy5yZXByb2JhcmNlbG9uYS5jb21cL3dwLWNvbnRlbnRcL3VwbG9hZHNcLzIwMjNcLzA0XC9JTUctMjAyMzAyMjAtV0EwMDQ2LmpwZyJ9\">\n\t\t\t\t\t\t\t<img decoding=\"async\" src=\"https:\/\/www.reprobarcelona.com\/wp-content\/uploads\/elementor\/thumbs\/IMG-20230220-WA0046-rh61yf859fu8ohcabji9oaxu4bbfs5tbhdzok3zf5c.jpg\" title=\"IMG-20230220-WA0046\" alt=\"REFORMES A BARCELONA\" loading=\"lazy\" \/>\t\t\t\t\t\t\t\t<\/a>\n\t\t\t\t\t\t\t\t\t\t\t\t\t\t\t<\/div>\n\t\t\t\t<\/div>\n\t\t\t\t\t<\/div>\n\t\t<\/div>\n\t\t\t\t<div class=\"elementor-column elementor-col-50 elementor-top-column elementor-element elementor-element-a46bf5f\" data-id=\"a46bf5f\" data-element_type=\"column\" data-e-type=\"column\">\n\t\t\t<div class=\"elementor-widget-wrap elementor-element-populated\">\n\t\t\t\t\t\t<div class=\"elementor-element elementor-element-aa3b272 elementor-widget elementor-widget-heading\" data-id=\"aa3b272\" data-element_type=\"widget\" data-e-type=\"widget\" data-widget_type=\"heading.default\">\n\t\t\t\t<div class=\"elementor-widget-container\">\n\t\t\t\t\t<h2 class=\"elementor-heading-title elementor-size-default\">Preparaci\u00f3, anivellaci\u00f3 i col\u00b7locaci\u00f3 professional del porcell\u00e0nic <\/h2>\t\t\t\t<\/div>\n\t\t\t\t<\/div>\n\t\t\t\t<div class=\"elementor-element elementor-element-bf15245 elementor-widget elementor-widget-text-editor\" data-id=\"bf15245\" data-element_type=\"widget\" data-e-type=\"widget\" data-widget_type=\"text-editor.default\">\n\t\t\t\t<div class=\"elementor-widget-container\">\n\t\t\t\t\t\t\t\t\t<p class=\"isSelectedEnd\">Una instal\u00b7laci\u00f3 de porcell\u00e0nic de gran format comen\u00e7a molt abans de col\u00b7locar la primera pe\u00e7a.<\/p><p class=\"isSelectedEnd\">A <a href=\"https:\/\/www.reprobarcelona.com\/ca\/quienes-somos\/\" target=\"_blank\" rel=\"noopener\"><b>REPROBARCELONA<\/b><\/a> preparamos y nivelamos cuidadosamente el soporte, utilizando sistemas profesionales de manipulaci\u00f3n, corte y colocaci\u00f3n para garantizar superficies perfectamente alineadas, juntas m\u00ednimas y un acabado duradero.<\/p><p>Per aconseguir el millor resultat, tamb\u00e9 \u00e9s fonamental treballar amb materials de m\u00e0xima qualitat. Per aix\u00f2 col\u00b7laborem amb prove\u00efdors de porcell\u00e0nic de gran format de refer\u00e8ncia, combinant porcel\u00e0nics de luxe amb l&#039;experi\u00e8ncia del nostre equip instal\u00b7lador. Aquesta uni\u00f3 entre fabricants, materials premium i especialistes en instal\u00b7laci\u00f3 ens permet oferir a Barcelona projectes de porcell\u00e0nic XL amb acabats precisos, elegants i pensats per perdurar.<\/p>\t\t\t\t\t\t\t\t<\/div>\n\t\t\t\t<\/div>\n\t\t\t\t\t<\/div>\n\t\t<\/div>\n\t\t\t\t\t<\/div>\n\t\t<\/section>\n\t\t\t\t<section class=\"elementor-section elementor-top-section elementor-element elementor-element-6cf3eff elementor-section-full_width elementor-section-height-default elementor-section-height-default\" data-id=\"6cf3eff\" data-element_type=\"section\" data-e-type=\"section\" data-settings=\"{&quot;background_background&quot;:&quot;classic&quot;}\">\n\t\t\t\t\t\t<div class=\"elementor-container elementor-column-gap-default\">\n\t\t\t\t\t<div class=\"elementor-column elementor-col-100 elementor-top-column elementor-element elementor-element-dc5dcee\" data-id=\"dc5dcee\" data-element_type=\"column\" data-e-type=\"column\" data-settings=\"{&quot;background_background&quot;:&quot;classic&quot;}\">\n\t\t\t<div class=\"elementor-widget-wrap elementor-element-populated\">\n\t\t\t\t\t\t<div class=\"elementor-element elementor-element-1a41a03 elementor-widget elementor-widget-spacer\" data-id=\"1a41a03\" data-element_type=\"widget\" data-e-type=\"widget\" data-widget_type=\"spacer.default\">\n\t\t\t\t<div class=\"elementor-widget-container\">\n\t\t\t\t\t\t\t<div class=\"elementor-spacer\">\n\t\t\t<div class=\"elementor-spacer-inner\"><\/div>\n\t\t<\/div>\n\t\t\t\t\t\t<\/div>\n\t\t\t\t<\/div>\n\t\t\t\t\t<\/div>\n\t\t<\/div>\n\t\t\t\t\t<\/div>\n\t\t<\/section>\n\t\t\t\t<section class=\"elementor-section elementor-top-section elementor-element elementor-element-c53f78b elementor-section-boxed elementor-section-height-default elementor-section-height-default\" data-id=\"c53f78b\" data-element_type=\"section\" data-e-type=\"section\">\n\t\t\t\t\t\t<div class=\"elementor-container elementor-column-gap-default\">\n\t\t\t\t\t<div class=\"elementor-column elementor-col-50 elementor-top-column elementor-element elementor-element-c35eea1\" data-id=\"c35eea1\" data-element_type=\"column\" data-e-type=\"column\">\n\t\t\t<div class=\"elementor-widget-wrap elementor-element-populated\">\n\t\t\t\t\t\t<div class=\"elementor-element elementor-element-5eb27cb elementor-widget elementor-widget-heading\" data-id=\"5eb27cb\" data-element_type=\"widget\" data-e-type=\"widget\" data-widget_type=\"heading.default\">\n\t\t\t\t<div class=\"elementor-widget-container\">\n\t\t\t\t\t<h2 class=\"elementor-heading-title elementor-size-default\">Porcell\u00e0nic de gran format per a banys i cuines<\/h2>\t\t\t\t<\/div>\n\t\t\t\t<\/div>\n\t\t\t\t<div class=\"elementor-element elementor-element-e1e732f elementor-widget elementor-widget-text-editor\" data-id=\"e1e732f\" data-element_type=\"widget\" data-e-type=\"widget\" data-widget_type=\"text-editor.default\">\n\t\t\t\t<div class=\"elementor-widget-container\">\n\t\t\t\t\t\t\t\t\t<h3><a href=\"https:\/\/www.reprobarcelona.com\/ca\/reformes-banys-luxe-barcelona\/\" target=\"_blank\" rel=\"noopener\">Banys de disseny amb porcel\u00e0nic XL<\/a><\/h3><div>El <strong>porcell\u00e0nic de gran format per a banys<\/strong> permet crear espais elegants, lluminosos i amb una est\u00e8tica continuada. En reduir el nombre de juntes, s&#039;aconsegueix m\u00e9s sensaci\u00f3 d&#039;amplitud, un manteniment m\u00e9s senzill i un acabat d&#039;alta qualitat. A REPROBCN instal\u00b7lem porcell\u00e0nic a parets, terres, plats de dutxa i altres superf\u00edcies, treballant amb acabats efecte marbre, pedra o ciment per crear banys exclusius i totalment personalitzats.<\/div><div>\u00a0<\/div><div><h3><a href=\"https:\/\/www.reprobarcelona.com\/ca\/reformes-cuines-luxe-barcelona\/\" target=\"_blank\" rel=\"noopener\">Cuines amb porcel\u00e0nic de gran format<\/a><\/h3><p>En las\u00a0<a href=\"https:\/\/www.reprobarcelona.com\/ca\/reformes-cuines-luxe-barcelona\/\" target=\"_blank\" rel=\"noopener\">cocinas<\/a>, el <strong>porcell\u00e0nic de gran format<\/strong> combina disseny i funcionalitat. \u00c9s un material altament resistent a la calor, la humitat, les ratllades i les taques, per la qual cosa resulta ideal per a paviments, revestiments, taulells, fronts de cuina i illes. El nostre equip realitza una instal\u00b7laci\u00f3 precisa per aconseguir superf\u00edcies cont\u00ednues, resistents i perfectament integrades, aportant un estil contemporani i un acabat premium que revalora qualsevol habitatge.<\/p><\/div>\t\t\t\t\t\t\t\t<\/div>\n\t\t\t\t<\/div>\n\t\t\t\t\t<\/div>\n\t\t<\/div>\n\t\t\t\t<div class=\"elementor-column elementor-col-50 elementor-top-column elementor-element elementor-element-c25306f\" data-id=\"c25306f\" data-element_type=\"column\" data-e-type=\"column\">\n\t\t\t<div class=\"elementor-widget-wrap elementor-element-populated\">\n\t\t\t\t\t\t<div class=\"elementor-element elementor-element-d53527a elementor-widget elementor-widget-spacer\" data-id=\"d53527a\" data-element_type=\"widget\" data-e-type=\"widget\" data-widget_type=\"spacer.default\">\n\t\t\t\t<div class=\"elementor-widget-container\">\n\t\t\t\t\t\t\t<div class=\"elementor-spacer\">\n\t\t\t<div class=\"elementor-spacer-inner\"><\/div>\n\t\t<\/div>\n\t\t\t\t\t\t<\/div>\n\t\t\t\t<\/div>\n\t\t\t\t<div class=\"elementor-element elementor-element-17b0c76 elementor-widget__width-initial elementor-widget elementor-widget-image\" data-id=\"17b0c76\" data-element_type=\"widget\" data-e-type=\"widget\" data-widget_type=\"image.default\">\n\t\t\t\t<div class=\"elementor-widget-container\">\n\t\t\t\t\t\t\t\t\t\t\t\t\t\t\t\t<a href=\"https:\/\/www.reprobarcelona.com\/wp-content\/uploads\/2023\/07\/fc5b36ac-8e4b-4bc0-964d-56abca58a289.jpg\" data-elementor-open-lightbox=\"yes\" data-elementor-lightbox-title=\"fc5b36ac-8e4b-4bc0-964d-56abca58a289\" data-e-action-hash=\"#elementor-action%3Aaction%3Dlightbox%26settings%3DeyJpZCI6MjMwNCwidXJsIjoiaHR0cHM6XC9cL3d3dy5yZXByb2JhcmNlbG9uYS5jb21cL3dwLWNvbnRlbnRcL3VwbG9hZHNcLzIwMjNcLzA3XC9mYzViMzZhYy04ZTRiLTRiYzAtOTY0ZC01NmFiY2E1OGEyODkuanBnIn0%3D\">\n\t\t\t\t\t\t\t<img decoding=\"async\" width=\"800\" height=\"799\" src=\"https:\/\/www.reprobarcelona.com\/wp-content\/uploads\/2023\/07\/fc5b36ac-8e4b-4bc0-964d-56abca58a289.jpg\" class=\"attachment-large size-large wp-image-2304\" alt=\"Reprobarcelona\" srcset=\"https:\/\/www.reprobarcelona.com\/wp-content\/uploads\/2023\/07\/fc5b36ac-8e4b-4bc0-964d-56abca58a289.jpg 1024w, https:\/\/www.reprobarcelona.com\/wp-content\/uploads\/2023\/07\/fc5b36ac-8e4b-4bc0-964d-56abca58a289-300x300.jpg 300w, https:\/\/www.reprobarcelona.com\/wp-content\/uploads\/2023\/07\/fc5b36ac-8e4b-4bc0-964d-56abca58a289-150x150.jpg 150w, https:\/\/www.reprobarcelona.com\/wp-content\/uploads\/2023\/07\/fc5b36ac-8e4b-4bc0-964d-56abca58a289-768x767.jpg 768w\" sizes=\"(max-width: 800px) 100vw, 800px\" \/>\t\t\t\t\t\t\t\t<\/a>\n\t\t\t\t\t\t\t\t\t\t\t\t\t\t\t<\/div>\n\t\t\t\t<\/div>\n\t\t\t\t\t<\/div>\n\t\t<\/div>\n\t\t\t\t\t<\/div>\n\t\t<\/section>\n\t\t\t\t<section class=\"elementor-section elementor-top-section elementor-element elementor-element-df998bd elementor-section-boxed elementor-section-height-default elementor-section-height-default\" data-id=\"df998bd\" data-element_type=\"section\" data-e-type=\"section\">\n\t\t\t\t\t\t<div class=\"elementor-container elementor-column-gap-default\">\n\t\t\t\t\t<div class=\"elementor-column elementor-col-100 elementor-top-column elementor-element elementor-element-1b6fb42\" data-id=\"1b6fb42\" data-element_type=\"column\" data-e-type=\"column\">\n\t\t\t<div class=\"elementor-widget-wrap elementor-element-populated\">\n\t\t\t\t\t\t<div class=\"elementor-element elementor-element-55efe12 elementor-widget elementor-widget-heading\" data-id=\"55efe12\" data-element_type=\"widget\" data-e-type=\"widget\" data-widget_type=\"heading.default\">\n\t\t\t\t<div class=\"elementor-widget-container\">\n\t\t\t\t\t<h2 class=\"elementor-heading-title elementor-size-default\">Preguntes freq\u00fcents<\/h2>\t\t\t\t<\/div>\n\t\t\t\t<\/div>\n\t\t\t\t<div class=\"elementor-element elementor-element-6ed4e24 elementor-widget-divider--view-line elementor-widget elementor-widget-divider\" data-id=\"6ed4e24\" data-element_type=\"widget\" data-e-type=\"widget\" data-widget_type=\"divider.default\">\n\t\t\t\t<div class=\"elementor-widget-container\">\n\t\t\t\t\t\t\t<div class=\"elementor-divider\">\n\t\t\t<span class=\"elementor-divider-separator\">\n\t\t\t\t\t\t<\/span>\n\t\t<\/div>\n\t\t\t\t\t\t<\/div>\n\t\t\t\t<\/div>\n\t\t\t\t<div class=\"elementor-element elementor-element-a14fd73 elementor-widget__width-initial elementor-widget elementor-widget-text-editor\" data-id=\"a14fd73\" data-element_type=\"widget\" data-e-type=\"widget\" data-widget_type=\"text-editor.default\">\n\t\t\t\t<div class=\"elementor-widget-container\">\n\t\t\t\t\t\t\t\t\t<h3>1. A partir de quina mesura es considera porcell\u00e0nic de gran format?<\/h3>\n<p>Es considera porcell\u00e0nic de gran format a partir de peces de <strong>60 \u00d7 120 cm<\/strong>, encara que els formats m\u00e9s utilitzats en projectes de disseny i interiorisme s\u00f3n <strong>120 \u00d7 120 cm, 120 \u00d7 240 cm i 160 \u00d7 320 cm<\/strong>. Aquestes peces XL permeten crear superf\u00edcies cont\u00ednues, reduir el nombre de juntes i aconseguir un acabat m\u00e9s elegant i sofisticat.<\/p>\n<h3>2. Es pot instal\u00b7lar porcel\u00e0nic de gran format sobre un revestiment existent?<\/h3>\n<p>S\u00ed, sempre que el suport estigui ferm, net i perfectament anivellat. En molts projectes \u00e9s possible instal\u00b7lar porcel\u00e0nic de gran format sobre el revestiment existent, evitant feines de demolici\u00f3 i reduint els temps d&#039;execuci\u00f3. Abans de comen\u00e7ar la instal\u00b7laci\u00f3, el nostre equip avalua l&#039;estat de la superf\u00edcie per garantir-ne un resultat segur i durador.<\/p>\n<h3>3. Quin gruix \u00e9s recomanable per a un taulell de porcel\u00e0nic?<\/h3>\n<p>Els taulells de porcel\u00e0nic solen fabricar-se amb gruixos de <strong>12 mm o 20 mm<\/strong>, en funci\u00f3 del disseny i de l\u00fas previst. Aquest material destaca per la seva elevada resist\u00e8ncia a la calor, les ratllades, els impactes i les taques, convertint-se en una excel\u00b7lent opci\u00f3 per a cuines i banys d&#039;alta gamma.<\/p>\n<h3>4. \u00c9s necessari comptar amb un instal\u00b7lador especialitzat?<\/h3>\n<p>S\u00ed. La instal\u00b7laci\u00f3 de porcell\u00e0nic de gran format requereix experi\u00e8ncia, eines espec\u00edfiques i t\u00e8cniques de col\u00b7locaci\u00f3 professionals. A REPROBCN utilitzem sistemes de manipulaci\u00f3, anivellament i doble encolat per garantir una instal\u00b7laci\u00f3 precisa, superf\u00edcies perfectament alineades i acabats de m\u00e0xima qualitat en cada projecte.<\/p>\n<h3 class=\"translation-block\">5. Per qu\u00e8 escollir <a href=\"https:\/\/www.reprobarcelona.com\/ca\/quienes-somos\/\" target=\"_blank\">REPROBCN<\/a> per instal\u00b7lar porcell\u00e0nic de gran format a Barcelona?<\/h3>\n<p>A REPROBCN som especialistes en la <strong>instal\u00b7laci\u00f3 de porcell\u00e0nic de gran format a Barcelona<\/strong>. Treballem amb materials premium i col\u00b7laborem amb fabricants de refer\u00e8ncia per oferir acabats impecables en banys, cuines, terres, parets i mobiliari. El nostre equip t\u00e9 cura de cada detall del proc\u00e9s per aconseguir superf\u00edcies cont\u00ednues, elegants i duradores, adaptades a les exig\u00e8ncies de cada projecte.<\/p>\t\t\t\t\t\t\t\t<\/div>\n\t\t\t\t<\/div>\n\t\t\t\t<div class=\"elementor-element elementor-element-ec98213 elementor-align-center elementor-widget elementor-widget-button\" data-id=\"ec98213\" data-element_type=\"widget\" data-e-type=\"widget\" data-widget_type=\"button.default\">\n\t\t\t\t<div class=\"elementor-widget-container\">\n\t\t\t\t\t\t\t\t\t<div class=\"elementor-button-wrapper\">\n\t\t\t\t\t<a class=\"elementor-button elementor-button-link elementor-size-sm\" href=\"https:\/\/www.reprobarcelona.com\/ca\/contacte-reprobarcelona-2\/\">\n\t\t\t\t\t\t<span class=\"elementor-button-content-wrapper\">\n\t\t\t\t\t\t\t\t\t<span class=\"elementor-button-text\">CONTACTA&#039;NS<\/span>\n\t\t\t\t\t<\/span>\n\t\t\t\t\t<\/a>\n\t\t\t\t<\/div>\n\t\t\t\t\t\t\t\t<\/div>\n\t\t\t\t<\/div>\n\t\t\t\t\t<\/div>\n\t\t<\/div>\n\t\t\t\t\t<\/div>\n\t\t<\/section>\n\t\t\t\t<section class=\"elementor-section elementor-top-section elementor-element elementor-element-6bac4f4 elementor-section-content-middle elementor-section-boxed elementor-section-height-default elementor-section-height-default\" data-id=\"6bac4f4\" data-element_type=\"section\" data-e-type=\"section\">\n\t\t\t\t\t\t<div class=\"elementor-container elementor-column-gap-default\">\n\t\t\t\t\t<div class=\"elementor-column elementor-col-33 elementor-top-column elementor-element elementor-element-bce63b0\" data-id=\"bce63b0\" data-element_type=\"column\" data-e-type=\"column\">\n\t\t\t<div class=\"elementor-widget-wrap elementor-element-populated\">\n\t\t\t\t\t\t<div class=\"elementor-element elementor-element-f7a4244 elementor-widget elementor-widget-image\" data-id=\"f7a4244\" data-element_type=\"widget\" data-e-type=\"widget\" data-widget_type=\"image.default\">\n\t\t\t\t<div class=\"elementor-widget-container\">\n\t\t\t\t\t\t\t\t\t\t\t\t\t\t\t\t<a href=\"https:\/\/consum.gencat.cat\/\" target=\"_blank\" rel=\"nofollow noopener\">\n\t\t\t\t\t\t\t<img loading=\"lazy\" decoding=\"async\" width=\"409\" height=\"123\" src=\"https:\/\/www.reprobarcelona.com\/wp-content\/uploads\/2023\/06\/junta-arbitral-de-consum.jpg\" class=\"attachment-large size-large wp-image-3227\" alt=\"JUNTA ARBRITRAL DE CONSUM\" srcset=\"https:\/\/www.reprobarcelona.com\/wp-content\/uploads\/2023\/06\/junta-arbitral-de-consum.jpg 409w, https:\/\/www.reprobarcelona.com\/wp-content\/uploads\/2023\/06\/junta-arbitral-de-consum-300x90.jpg 300w\" sizes=\"(max-width: 409px) 100vw, 409px\" \/>\t\t\t\t\t\t\t\t<\/a>\n\t\t\t\t\t\t\t\t\t\t\t\t\t\t\t<\/div>\n\t\t\t\t<\/div>\n\t\t\t\t\t<\/div>\n\t\t<\/div>\n\t\t\t\t<div class=\"elementor-column elementor-col-33 elementor-top-column elementor-element elementor-element-764b3e7\" data-id=\"764b3e7\" data-element_type=\"column\" data-e-type=\"column\">\n\t\t\t<div class=\"elementor-widget-wrap elementor-element-populated\">\n\t\t\t\t\t\t<div class=\"elementor-element elementor-element-a0be764 elementor-widget elementor-widget-image\" data-id=\"a0be764\" data-element_type=\"widget\" data-e-type=\"widget\" data-widget_type=\"image.default\">\n\t\t\t\t<div class=\"elementor-widget-container\">\n\t\t\t\t\t\t\t\t\t\t\t\t\t\t\t\t<a href=\"https:\/\/gestiondelamianto.com\/rera\/\" target=\"_blank\" rel=\"noopener\">\n\t\t\t\t\t\t\t<img loading=\"lazy\" decoding=\"async\" width=\"253\" height=\"123\" src=\"https:\/\/www.reprobarcelona.com\/wp-content\/uploads\/2023\/06\/RERA.jpg\" class=\"attachment-large size-large wp-image-3226\" alt=\"RERA\" \/>\t\t\t\t\t\t\t\t<\/a>\n\t\t\t\t\t\t\t\t\t\t\t\t\t\t\t<\/div>\n\t\t\t\t<\/div>\n\t\t\t\t\t<\/div>\n\t\t<\/div>\n\t\t\t\t<div class=\"elementor-column elementor-col-33 elementor-top-column elementor-element elementor-element-5de35f1\" data-id=\"5de35f1\" data-element_type=\"column\" data-e-type=\"column\">\n\t\t\t<div class=\"elementor-widget-wrap elementor-element-populated\">\n\t\t\t\t\t\t<div class=\"elementor-element elementor-element-2699d7b elementor-widget elementor-widget-image\" data-id=\"2699d7b\" data-element_type=\"widget\" data-e-type=\"widget\" data-widget_type=\"image.default\">\n\t\t\t\t<div class=\"elementor-widget-container\">\n\t\t\t\t\t\t\t\t\t\t\t\t\t\t\t\t<a href=\"https:\/\/www.tuv.com\/spain\/es\/\" target=\"_blank\" rel=\"nofollow noopener\">\n\t\t\t\t\t\t\t<img loading=\"lazy\" decoding=\"async\" width=\"347\" height=\"123\" src=\"https:\/\/www.reprobarcelona.com\/wp-content\/uploads\/2023\/06\/tuv.jpg\" class=\"attachment-large size-large wp-image-3225\" alt=\"TUV\" srcset=\"https:\/\/www.reprobarcelona.com\/wp-content\/uploads\/2023\/06\/tuv.jpg 347w, https:\/\/www.reprobarcelona.com\/wp-content\/uploads\/2023\/06\/tuv-300x106.jpg 300w\" sizes=\"(max-width: 347px) 100vw, 347px\" \/>\t\t\t\t\t\t\t\t<\/a>\n\t\t\t\t\t\t\t\t\t\t\t\t\t\t\t<\/div>\n\t\t\t\t<\/div>\n\t\t\t\t\t<\/div>\n\t\t<\/div>\n\t\t\t\t\t<\/div>\n\t\t<\/section>\n\t\t\t\t<\/div>","protected":false},"excerpt":{"rendered":"<p>Instalaci\u00f3n de porcel\u00e1nico gran formato en Barcelona El porcel\u00e1nico de gran formato es una de las especialidades de\u00a0REPROBARCELONA. Instalamos piezas XL en\u00a0ba\u00f1os,\u00a0cocinas, suelos, paredes y otros espacios, ofreciendo soluciones para\u00a0proyectos de reforma\u00a0e\u00a0interiorismo\u00a0de alto nivel. Como\u00a0expertos en porcel\u00e1nico gran formato en Barcelona, realizamos la preparaci\u00f3n del soporte, la nivelaci\u00f3n y la colocaci\u00f3n de cada pieza con [&hellip;]<\/p>","protected":false},"author":7,"featured_media":0,"parent":0,"menu_order":0,"comment_status":"closed","ping_status":"closed","template":"","meta":{"footnotes":""},"class_list":["post-12074","page","type-page","status-publish","hentry"],"_links":{"self":[{"href":"https:\/\/www.reprobarcelona.com\/ca\/wp-json\/wp\/v2\/pages\/12074","targetHints":{"allow":["GET"]}}],"collection":[{"href":"https:\/\/www.reprobarcelona.com\/ca\/wp-json\/wp\/v2\/pages"}],"about":[{"href":"https:\/\/www.reprobarcelona.com\/ca\/wp-json\/wp\/v2\/types\/page"}],"author":[{"embeddable":true,"href":"https:\/\/www.reprobarcelona.com\/ca\/wp-json\/wp\/v2\/users\/7"}],"replies":[{"embeddable":true,"href":"https:\/\/www.reprobarcelona.com\/ca\/wp-json\/wp\/v2\/comments?post=12074"}],"version-history":[{"count":16,"href":"https:\/\/www.reprobarcelona.com\/ca\/wp-json\/wp\/v2\/pages\/12074\/revisions"}],"predecessor-version":[{"id":12624,"href":"https:\/\/www.reprobarcelona.com\/ca\/wp-json\/wp\/v2\/pages\/12074\/revisions\/12624"}],"wp:attachment":[{"href":"https:\/\/www.reprobarcelona.com\/ca\/wp-json\/wp\/v2\/media?parent=12074"}],"curies":[{"name":"wp","href":"https:\/\/api.w.org\/{rel}","templated":true}]}}