{"id":224,"date":"2022-03-07T10:44:11","date_gmt":"2022-03-07T10:44:11","guid":{"rendered":"https:\/\/www.reprobarcelona.com\/?page_id=224"},"modified":"2023-09-06T16:42:17","modified_gmt":"2023-09-06T16:42:17","slug":"legal-reformas-barcelona","status":"publish","type":"page","link":"https:\/\/www.reprobarcelona.com\/ca\/legal-reformes-barcelona\/","title":{"rendered":"Informaci\u00f3 legal"},"content":{"rendered":"<div data-elementor-type=\"wp-page\" data-elementor-id=\"224\" class=\"elementor elementor-224\" data-elementor-post-type=\"page\">\n\t\t\t\t\t\t<section class=\"elementor-section elementor-top-section elementor-element elementor-element-1d5f72e elementor-section-boxed elementor-section-height-default elementor-section-height-default\" data-id=\"1d5f72e\" data-element_type=\"section\" data-e-type=\"section\">\n\t\t\t\t\t\t<div class=\"elementor-container elementor-column-gap-default\">\n\t\t\t\t\t<div class=\"elementor-column elementor-col-100 elementor-top-column elementor-element elementor-element-f100e81\" data-id=\"f100e81\" data-element_type=\"column\" data-e-type=\"column\">\n\t\t\t<div class=\"elementor-widget-wrap elementor-element-populated\">\n\t\t\t\t\t\t<div class=\"elementor-element elementor-element-badd80a elementor-toc--minimized-on-tablet elementor-widget elementor-widget-table-of-contents\" data-id=\"badd80a\" data-element_type=\"widget\" data-e-type=\"widget\" data-settings=\"{&quot;exclude_headings_by_selector&quot;:[],&quot;headings_by_tags&quot;:[&quot;h2&quot;,&quot;h3&quot;,&quot;h4&quot;,&quot;h5&quot;,&quot;h6&quot;],&quot;marker_view&quot;:&quot;numbers&quot;,&quot;no_headings_message&quot;:&quot;No s&#039;ha trobat cap encap\\u00e7alament en aquesta p\\u00e0gina.&quot;,&quot;minimize_box&quot;:&quot;yes&quot;,&quot;minimized_on&quot;:&quot;tablet&quot;,&quot;hierarchical_view&quot;:&quot;yes&quot;,&quot;min_height&quot;:{&quot;unit&quot;:&quot;px&quot;,&quot;size&quot;:&quot;&quot;,&quot;sizes&quot;:[]},&quot;min_height_tablet&quot;:{&quot;unit&quot;:&quot;px&quot;,&quot;size&quot;:&quot;&quot;,&quot;sizes&quot;:[]},&quot;min_height_mobile&quot;:{&quot;unit&quot;:&quot;px&quot;,&quot;size&quot;:&quot;&quot;,&quot;sizes&quot;:[]}}\" data-widget_type=\"table-of-contents.default\">\n\t\t\t\t<div class=\"elementor-widget-container\">\n\t\t\t\t\t\t\t\t\t<div class=\"elementor-toc__header\">\n\t\t\t\t\t\t<h4 class=\"elementor-toc__header-title\">\n\t\t\t\tCONTINGUT\t\t\t<\/h4>\n\t\t\t\t\t\t\t\t\t\t<div class=\"elementor-toc__toggle-button elementor-toc__toggle-button--expand\" role=\"button\" tabindex=\"0\" aria-controls=\"elementor-toc__badd80a\" aria-expanded=\"true\" aria-label=\"Open table of contents\"><i aria-hidden=\"true\" class=\"fas fa-chevron-down\"><\/i><\/div>\n\t\t\t\t<div class=\"elementor-toc__toggle-button elementor-toc__toggle-button--collapse\" role=\"button\" tabindex=\"0\" aria-controls=\"elementor-toc__badd80a\" aria-expanded=\"true\" aria-label=\"Close table of contents\"><i aria-hidden=\"true\" class=\"fas fa-chevron-up\"><\/i><\/div>\n\t\t\t\t\t<\/div>\n\t\t\t\t<div id=\"elementor-toc__badd80a\" class=\"elementor-toc__body\">\n\t\t\t<div class=\"elementor-toc__spinner-container\">\n\t\t\t\t<i class=\"elementor-toc__spinner eicon-animation-spin eicon-loading\" aria-hidden=\"true\"><\/i>\t\t\t<\/div>\n\t\t<\/div>\n\t\t\t\t\t\t<\/div>\n\t\t\t\t<\/div>\n\t\t\t\t\t<\/div>\n\t\t<\/div>\n\t\t\t\t\t<\/div>\n\t\t<\/section>\n\t\t\t\t<section class=\"elementor-section elementor-top-section elementor-element elementor-element-88a32d5 elementor-section-boxed elementor-section-height-default elementor-section-height-default\" data-id=\"88a32d5\" data-element_type=\"section\" data-e-type=\"section\">\n\t\t\t\t\t\t<div class=\"elementor-container elementor-column-gap-default\">\n\t\t\t\t\t<div class=\"elementor-column elementor-col-100 elementor-top-column elementor-element elementor-element-34876db\" data-id=\"34876db\" data-element_type=\"column\" data-e-type=\"column\">\n\t\t\t<div class=\"elementor-widget-wrap elementor-element-populated\">\n\t\t\t\t\t\t<div class=\"elementor-element elementor-element-0f0c3f6 elementor-widget elementor-widget-heading\" data-id=\"0f0c3f6\" data-element_type=\"widget\" data-e-type=\"widget\" data-widget_type=\"heading.default\">\n\t\t\t\t<div class=\"elementor-widget-container\">\n\t\t\t\t\t<h1 class=\"elementor-heading-title elementor-size-default\">Informaci\u00f3 legal de reformes i projectes Barcelona, REPROBCN<\/h1>\t\t\t\t<\/div>\n\t\t\t\t<\/div>\n\t\t\t\t\t<\/div>\n\t\t<\/div>\n\t\t\t\t\t<\/div>\n\t\t<\/section>\n\t\t\t\t<section class=\"elementor-section elementor-top-section elementor-element elementor-element-e9dfb7d elementor-section-boxed elementor-section-height-default elementor-section-height-default\" data-id=\"e9dfb7d\" data-element_type=\"section\" data-e-type=\"section\">\n\t\t\t\t\t\t<div class=\"elementor-container elementor-column-gap-default\">\n\t\t\t\t\t<div class=\"elementor-column elementor-col-100 elementor-top-column elementor-element elementor-element-94f34b3\" data-id=\"94f34b3\" data-element_type=\"column\" data-e-type=\"column\">\n\t\t\t<div class=\"elementor-widget-wrap elementor-element-populated\">\n\t\t\t\t\t\t<div class=\"elementor-element elementor-element-4270787 elementor-widget elementor-widget-text-editor\" data-id=\"4270787\" data-element_type=\"widget\" data-e-type=\"widget\" data-widget_type=\"text-editor.default\">\n\t\t\t\t<div class=\"elementor-widget-container\">\n\t\t\t\t\t\t\t\t\t<p>En compliment amb el deure de la informaci\u00f3 recollit a l&#039;article 10 de la Llei 34\/2002, d&#039;11 de juliol, de Serveis de la Societat de la Informaci\u00f3 i del Comer\u00e7 Electr\u00f2nic, us informem que el contingut d&#039;aquesta p\u00e0gina web http:\/\/reprobarcelona.com (d&#039;ara endavant, la \u00abWeb\u00bb) pertany a REFORMES I PROJECTES REPROBCN SL n\u00fam. B67123364. Aquest av\u00eds legal regula les condicions d\u00fas del portal desmentat dInternet.<\/p>\t\t\t\t\t\t\t\t<\/div>\n\t\t\t\t<\/div>\n\t\t\t\t\t<\/div>\n\t\t<\/div>\n\t\t\t\t\t<\/div>\n\t\t<\/section>\n\t\t\t\t<section class=\"elementor-section elementor-top-section elementor-element elementor-element-2608bd3 elementor-section-boxed elementor-section-height-default elementor-section-height-default\" data-id=\"2608bd3\" data-element_type=\"section\" data-e-type=\"section\">\n\t\t\t\t\t\t<div class=\"elementor-container elementor-column-gap-default\">\n\t\t\t\t\t<div class=\"elementor-column elementor-col-100 elementor-top-column elementor-element elementor-element-962a587\" data-id=\"962a587\" data-element_type=\"column\" data-e-type=\"column\">\n\t\t\t<div class=\"elementor-widget-wrap elementor-element-populated\">\n\t\t\t\t\t\t<div class=\"elementor-element elementor-element-dc3e16d elementor-widget elementor-widget-heading\" data-id=\"dc3e16d\" data-element_type=\"widget\" data-e-type=\"widget\" data-widget_type=\"heading.default\">\n\t\t\t\t<div class=\"elementor-widget-container\">\n\t\t\t\t\t<h2 class=\"elementor-heading-title elementor-size-default\">Acceptaci\u00f3 de lusuari<\/h2>\t\t\t\t<\/div>\n\t\t\t\t<\/div>\n\t\t\t\t\t<\/div>\n\t\t<\/div>\n\t\t\t\t\t<\/div>\n\t\t<\/section>\n\t\t\t\t<section class=\"elementor-section elementor-top-section elementor-element elementor-element-4045a2f elementor-section-boxed elementor-section-height-default elementor-section-height-default\" data-id=\"4045a2f\" data-element_type=\"section\" data-e-type=\"section\">\n\t\t\t\t\t\t<div class=\"elementor-container elementor-column-gap-default\">\n\t\t\t\t\t<div class=\"elementor-column elementor-col-100 elementor-top-column elementor-element elementor-element-9fd3a4e\" data-id=\"9fd3a4e\" data-element_type=\"column\" data-e-type=\"column\">\n\t\t\t<div class=\"elementor-widget-wrap elementor-element-populated\">\n\t\t\t\t\t\t<div class=\"elementor-element elementor-element-318c6dd elementor-widget elementor-widget-text-editor\" data-id=\"318c6dd\" data-element_type=\"widget\" data-e-type=\"widget\" data-widget_type=\"text-editor.default\">\n\t\t\t\t<div class=\"elementor-widget-container\">\n\t\t\t\t\t\t\t\t\t<p>Aquest Av\u00eds Legal regula l&#039;acc\u00e9s, la navegaci\u00f3 i l&#039;\u00fas de la p\u00e0gina web http:\/\/reprobarcelona.com, que REFORMES I PROJECTES REPROBCN SL, posa a la disposici\u00f3 dels usuaris d&#039;internet. Per tant, l&#039;acc\u00e9s a aquesta implica l&#039;adquisici\u00f3 de la condici\u00f3 d&#039;usuari i, aix\u00ed, l&#039;acceptaci\u00f3 de les condicions d&#039;\u00fas del web. En cas de desacord amb les condicions cal abstenir-se de l\u00fas del lloc web.<\/p><p>L&#039;usuari queda informat, i accepta, que l&#039;acc\u00e9s a la present web no suposa, de cap manera, l&#039;inici d&#039;una relaci\u00f3 comercial amb REFORMES I PROJECTES REPROBCN SL<\/p>\t\t\t\t\t\t\t\t<\/div>\n\t\t\t\t<\/div>\n\t\t\t\t\t<\/div>\n\t\t<\/div>\n\t\t\t\t\t<\/div>\n\t\t<\/section>\n\t\t\t\t<section class=\"elementor-section elementor-top-section elementor-element elementor-element-c6570bc elementor-section-boxed elementor-section-height-default elementor-section-height-default\" data-id=\"c6570bc\" data-element_type=\"section\" data-e-type=\"section\">\n\t\t\t\t\t\t<div class=\"elementor-container elementor-column-gap-default\">\n\t\t\t\t\t<div class=\"elementor-column elementor-col-100 elementor-top-column elementor-element elementor-element-36d9548\" data-id=\"36d9548\" data-element_type=\"column\" data-e-type=\"column\">\n\t\t\t<div class=\"elementor-widget-wrap elementor-element-populated\">\n\t\t\t\t\t\t<div class=\"elementor-element elementor-element-d85aec5 elementor-widget elementor-widget-heading\" data-id=\"d85aec5\" data-element_type=\"widget\" data-e-type=\"widget\" data-widget_type=\"heading.default\">\n\t\t\t\t<div class=\"elementor-widget-container\">\n\t\t\t\t\t<h2 class=\"elementor-heading-title elementor-size-default\">Contingut i \u00fas <\/h2>\t\t\t\t<\/div>\n\t\t\t\t<\/div>\n\t\t\t\t\t<\/div>\n\t\t<\/div>\n\t\t\t\t\t<\/div>\n\t\t<\/section>\n\t\t\t\t<section class=\"elementor-section elementor-top-section elementor-element elementor-element-2fe91c5 elementor-section-boxed elementor-section-height-default elementor-section-height-default\" data-id=\"2fe91c5\" data-element_type=\"section\" data-e-type=\"section\">\n\t\t\t\t\t\t<div class=\"elementor-container elementor-column-gap-default\">\n\t\t\t\t\t<div class=\"elementor-column elementor-col-100 elementor-top-column elementor-element elementor-element-a8d1c5d\" data-id=\"a8d1c5d\" data-element_type=\"column\" data-e-type=\"column\">\n\t\t\t<div class=\"elementor-widget-wrap elementor-element-populated\">\n\t\t\t\t\t\t<div class=\"elementor-element elementor-element-a6cc7e4 elementor-widget elementor-widget-text-editor\" data-id=\"a6cc7e4\" data-element_type=\"widget\" data-e-type=\"widget\" data-widget_type=\"text-editor.default\">\n\t\t\t\t<div class=\"elementor-widget-container\">\n\t\t\t\t\t\t\t\t\t<p>La visita a la p\u00e0gina web per part de l&#039;usuari haur\u00e0 de fer-se de forma responsable i de conformitat amb la legalitat vigent, la bona fe, aquest Av\u00eds Legal i respectant els drets de propietat intel\u00b7lectual i industrial titularitat de REFORMES I PROJECTES REPROBCN SL El lloc web proporciona una gran diversitat d&#039;informaci\u00f3, serveis i dades. L&#039;usuari assumeix la responsabilitat en l&#039;\u00fas correcte del lloc web.<\/p><p>L&#039;\u00fas de qualsevol dels continguts de la p\u00e0gina web amb finalitats que siguin o poguessin ser il\u00b7l\u00edcites queda totalment prohibit, aix\u00ed com la realitzaci\u00f3 de qualsevol acci\u00f3 que causi o pugui causar danys o alteracions de qualsevol mena no consentides per REFORMES I PROJECTES REPROBCN SL, a la web o als seus continguts.<\/p><p>REFORMES I PROJECTES REPROBCN SL es reserva el dret d&#039;efectuar sense previ av\u00eds les modificacions que consideri oportunes a la seva web, podent canviar, suprimir o afegir tant els continguts i serveis que es prestin a trav\u00e9s d&#039;aquesta com la forma en qu\u00e8 aquests apareguin presentats o localitzats als seus servidors.<\/p>\t\t\t\t\t\t\t\t<\/div>\n\t\t\t\t<\/div>\n\t\t\t\t\t<\/div>\n\t\t<\/div>\n\t\t\t\t\t<\/div>\n\t\t<\/section>\n\t\t\t\t<section class=\"elementor-section elementor-top-section elementor-element elementor-element-fef0a09 elementor-section-boxed elementor-section-height-default elementor-section-height-default\" data-id=\"fef0a09\" data-element_type=\"section\" data-e-type=\"section\">\n\t\t\t\t\t\t<div class=\"elementor-container elementor-column-gap-default\">\n\t\t\t\t\t<div class=\"elementor-column elementor-col-100 elementor-top-column elementor-element elementor-element-bbb8261\" data-id=\"bbb8261\" data-element_type=\"column\" data-e-type=\"column\">\n\t\t\t<div class=\"elementor-widget-wrap elementor-element-populated\">\n\t\t\t\t\t\t<div class=\"elementor-element elementor-element-47010aa elementor-align-center elementor-widget elementor-widget-button\" data-id=\"47010aa\" data-element_type=\"widget\" data-e-type=\"widget\" data-widget_type=\"button.default\">\n\t\t\t\t<div class=\"elementor-widget-container\">\n\t\t\t\t\t\t\t\t\t<div class=\"elementor-button-wrapper\">\n\t\t\t\t\t<a class=\"elementor-button elementor-button-link elementor-size-sm\" href=\"https:\/\/www.reprobarcelona.com\/ca\/contacto-reformas-barcelona\/\">\n\t\t\t\t\t\t<span class=\"elementor-button-content-wrapper\">\n\t\t\t\t\t\t\t\t\t<span class=\"elementor-button-text\">Contacta aqu\u00ed amb nosaltres<\/span>\n\t\t\t\t\t<\/span>\n\t\t\t\t\t<\/a>\n\t\t\t\t<\/div>\n\t\t\t\t\t\t\t\t<\/div>\n\t\t\t\t<\/div>\n\t\t\t\t\t<\/div>\n\t\t<\/div>\n\t\t\t\t\t<\/div>\n\t\t<\/section>\n\t\t\t\t<section class=\"elementor-section elementor-top-section elementor-element elementor-element-1d7b560 elementor-section-boxed elementor-section-height-default elementor-section-height-default\" data-id=\"1d7b560\" data-element_type=\"section\" data-e-type=\"section\">\n\t\t\t\t\t\t<div class=\"elementor-container elementor-column-gap-default\">\n\t\t\t\t\t<div class=\"elementor-column elementor-col-100 elementor-top-column elementor-element elementor-element-3346020\" data-id=\"3346020\" data-element_type=\"column\" data-e-type=\"column\">\n\t\t\t<div class=\"elementor-widget-wrap elementor-element-populated\">\n\t\t\t\t\t\t<div class=\"elementor-element elementor-element-786510a elementor-widget elementor-widget-heading\" data-id=\"786510a\" data-element_type=\"widget\" data-e-type=\"widget\" data-widget_type=\"heading.default\">\n\t\t\t\t<div class=\"elementor-widget-container\">\n\t\t\t\t\t<h2 class=\"elementor-heading-title elementor-size-default\">Responsabilitats i garanties<\/h2>\t\t\t\t<\/div>\n\t\t\t\t<\/div>\n\t\t\t\t\t<\/div>\n\t\t<\/div>\n\t\t\t\t\t<\/div>\n\t\t<\/section>\n\t\t\t\t<section class=\"elementor-section elementor-top-section elementor-element elementor-element-d0d8cb6 elementor-section-boxed elementor-section-height-default elementor-section-height-default\" data-id=\"d0d8cb6\" data-element_type=\"section\" data-e-type=\"section\">\n\t\t\t\t\t\t<div class=\"elementor-container elementor-column-gap-default\">\n\t\t\t\t\t<div class=\"elementor-column elementor-col-100 elementor-top-column elementor-element elementor-element-aea0c23\" data-id=\"aea0c23\" data-element_type=\"column\" data-e-type=\"column\">\n\t\t\t<div class=\"elementor-widget-wrap elementor-element-populated\">\n\t\t\t\t\t\t<div class=\"elementor-element elementor-element-54f14a5 elementor-widget elementor-widget-text-editor\" data-id=\"54f14a5\" data-element_type=\"widget\" data-e-type=\"widget\" data-widget_type=\"text-editor.default\">\n\t\t\t\t<div class=\"elementor-widget-container\">\n\t\t\t\t\t\t\t\t\t<p>REFORMES I PROJECTES REPROBCN SL declara que ha adoptat les mesures necess\u00e0ries que, dins de les seves possibilitats i l&#039;estat de la tecnologia, permeten el funcionament correcte del web aix\u00ed com l&#039;abs\u00e8ncia de virus i components nocius. Tanmateix, REFORMES I PROJECTES REPROBCN SL no es pot fer responsable de les situacions seg\u00fcents que s&#039;enumeren a t\u00edtol enunciatiu, per\u00f2 no limitatiu:<\/p><p>La continu\u00eftat i la disponibilitat dels continguts.<br \/>L&#039;abs\u00e8ncia d&#039;errors en aquests continguts ni la correcci\u00f3 de qualsevol defecte que es pugui produir.<br \/>L&#039;abs\u00e8ncia de virus i\/o altres components nocius.<br \/>Els danys o perjudicis que causi qualsevol persona que vulneri els sistemes de seguretat de REFORMES I PROJECTES REPROBCN SL<br \/>L&#039;\u00fas que els usuaris puguin fer dels continguts inclosos al web. En conseq\u00fc\u00e8ncia, REFORMES I PROJECTES REPROBCN SL no garanteix que l&#039;\u00fas que els usuaris puguin fer dels continguts que si s&#039;escau s&#039;incloguin al lloc web, s&#039;ajustin al present av\u00eds legal, ni que l&#039;\u00fas del lloc web es faci de forma diligent.<br \/>L&#039;\u00fas per menors d&#039;edat del lloc web o de l&#039;enviament de les vostres dades personals sense el perm\u00eds dels vostres tutors, sent els tutors responsables de l&#039;\u00fas que facin d&#039;Internet.<br \/>Els continguts als quals lusuari pugui accedir a trav\u00e9s denlla\u00e7os no autoritzats o introdu\u00efts per usuaris mitjan\u00e7ant comentaris o eines similars.<br \/>La introducci\u00f3 de dades err\u00f2nies per part de lusuari o dun tercer.<br \/>REFORMES I PROJECTES REPROBCN SL podr\u00e0 suspendre temporalment i sense av\u00eds previ, l&#039;accessibilitat a la web amb motiu d&#039;operacions de manteniment, reparaci\u00f3, actualitzaci\u00f3 o millora. En conseq\u00fc\u00e8ncia, REFORMES I PROJECTES REPROBCN SL no ser\u00e0, en cap cas, responsable per qualsevol dany i perjudici que puguin derivar-se de la manca de disponibilitat o accessibilitat al lloc web o de la interrupci\u00f3 en el funcionament del lloc web. Aix\u00f2 no obstant, sempre que les circumst\u00e0ncies ho permetin, REFORMES I PROJECTES REPROBCN SL comunicar\u00e0 a l&#039;usuari, amb antelaci\u00f3 suficient, la data prevista per a la suspensi\u00f3 dels continguts.<\/p><p>Aix\u00ed mateix, de conformitat amb els arts. 11 i 16 de la Llei 34\/2002, de 11 de juliol, de serveis de la societat de la informaci\u00f3 i de comer\u00e7 electr\u00f2nic (LSSICE), REFORMES I PROJECTES REPROBCN SL es compromet a l&#039;eliminaci\u00f3 o, si escau, bloqueig dels continguts que puguin afectar o ser contraris a la legislaci\u00f3 vigent, els drets de tercers o la moral i ordre p\u00fablic.<\/p>\t\t\t\t\t\t\t\t<\/div>\n\t\t\t\t<\/div>\n\t\t\t\t\t<\/div>\n\t\t<\/div>\n\t\t\t\t\t<\/div>\n\t\t<\/section>\n\t\t\t\t<section class=\"elementor-section elementor-top-section elementor-element elementor-element-d3c83c7 elementor-section-boxed elementor-section-height-default elementor-section-height-default\" data-id=\"d3c83c7\" data-element_type=\"section\" data-e-type=\"section\">\n\t\t\t\t\t\t<div class=\"elementor-container elementor-column-gap-default\">\n\t\t\t\t\t<div class=\"elementor-column elementor-col-100 elementor-top-column elementor-element elementor-element-e833133\" data-id=\"e833133\" data-element_type=\"column\" data-e-type=\"column\">\n\t\t\t<div class=\"elementor-widget-wrap elementor-element-populated\">\n\t\t\t\t\t\t<div class=\"elementor-element elementor-element-0cfb2a6 elementor-widget elementor-widget-heading\" data-id=\"0cfb2a6\" data-element_type=\"widget\" data-e-type=\"widget\" data-widget_type=\"heading.default\">\n\t\t\t\t<div class=\"elementor-widget-container\">\n\t\t\t\t\t<h2 class=\"elementor-heading-title elementor-size-default\">Pol\u00edtica d&#039;enlla\u00e7os<\/h2>\t\t\t\t<\/div>\n\t\t\t\t<\/div>\n\t\t\t\t\t<\/div>\n\t\t<\/div>\n\t\t\t\t\t<\/div>\n\t\t<\/section>\n\t\t\t\t<section class=\"elementor-section elementor-top-section elementor-element elementor-element-c0905f0 elementor-section-boxed elementor-section-height-default elementor-section-height-default\" data-id=\"c0905f0\" data-element_type=\"section\" data-e-type=\"section\">\n\t\t\t\t\t\t<div class=\"elementor-container elementor-column-gap-default\">\n\t\t\t\t\t<div class=\"elementor-column elementor-col-100 elementor-top-column elementor-element elementor-element-5313ae6\" data-id=\"5313ae6\" data-element_type=\"column\" data-e-type=\"column\">\n\t\t\t<div class=\"elementor-widget-wrap elementor-element-populated\">\n\t\t\t\t\t\t<div class=\"elementor-element elementor-element-4c6805b elementor-widget elementor-widget-text-editor\" data-id=\"4c6805b\" data-element_type=\"widget\" data-e-type=\"widget\" data-widget_type=\"text-editor.default\">\n\t\t\t\t<div class=\"elementor-widget-container\">\n\t\t\t\t\t\t\t\t\t<p>REFORMES I PROJECTES REPROBCN SL no es fa responsable del contingut dels llocs web a qu\u00e8 l&#039;usuari pugui accedir a trav\u00e9s dels enlla\u00e7os establerts al seu lloc web i declara que en cap cas procedir\u00e0 a examinar o exercitar cap tipus de control sobre el contingut altres llocs de la xarxa. Aix\u00ed mateix, tampoc garantir\u00e0 la disponibilitat t\u00e8cnica, exactitud, veracitat, validesa o legalitat de llocs aliens a la seva propietat a qu\u00e8 es pugui accedir per mitj\u00e0 dels enlla\u00e7os.<\/p><p>Pol\u00edtica de propietat intel\u00b7lectual i industrial<br \/>REFORMES I PROJECTES REPROBCN SL \u00e9s el titular en exclusiva dels drets relatius a la seva p\u00e0gina web i les seves xarxes socials, per aix\u00f2, tots els continguts, el disseny gr\u00e0fic i els codis que formen part de http:\/\/reprobarcelona.com s\u00f3n de titularitat exclusiva de REFORMES I PROJECTES REPROBCN SL Queda prohibida la seva reproducci\u00f3, distribuci\u00f3, comunicaci\u00f3 p\u00fablica, se citin les fonts, llevat que es compti amb el consentiment previ, expr\u00e9s i per escrit de REFORMES I PROJECTES REPROBCN SL<\/p><p>REFORMES I PROJECTES REPROBCN SL no concedeix cap autoritzaci\u00f3 d&#039;\u00fas de cap classe sobre els seus drets de propietat intel\u00b7lectual i industrial o sobre qualsevol altra propietat o dret relacionat amb la web, i en cap cas s&#039;entendr\u00e0 que l&#039;acc\u00e9s i la navegaci\u00f3 dels usuaris implica una ren\u00fancia, transmissi\u00f3, llic\u00e8ncia o cessi\u00f3 total ni parcial dels drets esmentats per part de REFORMES I PROJECTES REPROBCN SL Qualsevol \u00fas d&#039;aquests continguts no autoritzat pr\u00e8viament per part de REFORMES I PROJECTES REPROBCN SL ser\u00e0 considerat un incompliment greu dels drets de propietat intel\u00b7lectual o industrial i donar\u00e0 lloc a les responsabilitats legalment establertes. REFORMES I PROJECTES REPROBCN SL es reserva el dret d&#039;exercitar davant de l&#039;usuari les accions judicials i extrajudicials que corresponguin.<\/p><p>Pol\u00edtica de propietat intel\u00b7lectual i industrial<br \/>REFORMES I PROJECTES REPROBCN SL \u00e9s el titular en exclusiva dels drets relatius a la seva p\u00e0gina web i les seves xarxes socials, per aix\u00f2, tots els continguts, el disseny gr\u00e0fic i els codis que formen part de http:\/\/reprobarcelona.com s\u00f3n de titularitat exclusiva de REFORMES I PROJECTES REPROBCN SL Queda prohibida la seva reproducci\u00f3, distribuci\u00f3, comunicaci\u00f3 p\u00fablica, se citin les fonts, llevat que es compti amb el consentiment previ, expr\u00e9s i per escrit de REFORMES I PROJECTES REPROBCN SL<\/p><p>REFORMES I PROJECTES REPROBCN SL no concedeix cap autoritzaci\u00f3 d&#039;\u00fas de cap classe sobre els seus drets de propietat intel\u00b7lectual i industrial o sobre qualsevol altra propietat o dret relacionat amb la web, i en cap cas s&#039;entendr\u00e0 que l&#039;acc\u00e9s i la navegaci\u00f3 dels usuaris implica una ren\u00fancia, transmissi\u00f3, llic\u00e8ncia o cessi\u00f3 total ni parcial dels drets esmentats per part de REFORMES I PROJECTES REPROBCN SL Qualsevol \u00fas d&#039;aquests continguts no autoritzat pr\u00e8viament per part de REFORMES I PROJECTES REPROBCN SL ser\u00e0 considerat un incompliment greu dels drets de propietat intel\u00b7lectual o industrial i donar\u00e0 lloc a les responsabilitats legalment establertes. REFORMES I PROJECTES REPROBCN SL es reserva el dret d&#039;exercitar davant de l&#039;usuari les accions judicials i extrajudicials que corresponguin.<\/p><p>La continu\u00eftat i la disponibilitat dels continguts.<br \/>L&#039;abs\u00e8ncia d&#039;errors en aquests continguts ni la correcci\u00f3 de qualsevol defecte que es pugui produir.<br \/>L&#039;abs\u00e8ncia de virus i\/o altres components nocius.<br \/>Els danys o perjudicis que causi qualsevol persona que vulneri els sistemes de seguretat de REFORMES I PROJECTES REPROBCN SL<br \/>L&#039;\u00fas que els usuaris puguin fer dels continguts inclosos al web. En conseq\u00fc\u00e8ncia, REFORMES I PROJECTES REPROBCN SL no garanteix que l&#039;\u00fas que els usuaris puguin fer dels continguts que si s&#039;escau s&#039;incloguin al lloc web, s&#039;ajustin al present av\u00eds legal, ni que l&#039;\u00fas del lloc web es faci de forma diligent.<br \/>L&#039;\u00fas per menors d&#039;edat del lloc web o de l&#039;enviament de les vostres dades personals sense el perm\u00eds dels vostres tutors, sent els tutors responsables de l&#039;\u00fas que facin d&#039;Internet.<br \/>Els continguts als quals lusuari pugui accedir a trav\u00e9s denlla\u00e7os no autoritzats o introdu\u00efts per usuaris mitjan\u00e7ant comentaris o eines similars.<br \/>La introducci\u00f3 de dades err\u00f2nies per part de lusuari o dun tercer.<br \/>REFORMES I PROJECTES REPROBCN SL podr\u00e0 suspendre temporalment i sense av\u00eds previ, l&#039;accessibilitat a la web amb motiu d&#039;operacions de manteniment, reparaci\u00f3, actualitzaci\u00f3 o millora. En conseq\u00fc\u00e8ncia, REFORMES I PROJECTES REPROBCN SL no ser\u00e0, en cap cas, responsable per qualsevol dany i perjudici que puguin derivar-se de la manca de disponibilitat o accessibilitat al lloc web o de la interrupci\u00f3 en el funcionament del lloc web. Aix\u00f2 no obstant, sempre que les circumst\u00e0ncies ho permetin, REFORMES I PROJECTES REPROBCN SL comunicar\u00e0 a l&#039;usuari, amb antelaci\u00f3 suficient, la data prevista per a la suspensi\u00f3 dels continguts.<\/p><p>Aix\u00ed mateix, de conformitat amb els arts. 11 i 16 de la Llei 34\/2002, de 11 de juliol, de serveis de la societat de la informaci\u00f3 i de comer\u00e7 electr\u00f2nic (LSSICE), REFORMES I PROJECTES REPROBCN SL es compromet a l&#039;eliminaci\u00f3 o, si escau, bloqueig dels continguts que puguin afectar o ser contraris a la legislaci\u00f3 vigent, els drets de tercers o la moral i ordre p\u00fablic.<\/p>\t\t\t\t\t\t\t\t<\/div>\n\t\t\t\t<\/div>\n\t\t\t\t\t<\/div>\n\t\t<\/div>\n\t\t\t\t\t<\/div>\n\t\t<\/section>\n\t\t\t\t<section class=\"elementor-section elementor-top-section elementor-element elementor-element-9b0b564 elementor-section-boxed elementor-section-height-default elementor-section-height-default\" data-id=\"9b0b564\" data-element_type=\"section\" data-e-type=\"section\">\n\t\t\t\t\t\t<div class=\"elementor-container elementor-column-gap-default\">\n\t\t\t\t\t<div class=\"elementor-column elementor-col-100 elementor-top-column elementor-element elementor-element-cb0848c\" data-id=\"cb0848c\" data-element_type=\"column\" data-e-type=\"column\">\n\t\t\t<div class=\"elementor-widget-wrap elementor-element-populated\">\n\t\t\t\t\t\t<div class=\"elementor-element elementor-element-f1ecb14 elementor-widget elementor-widget-heading\" data-id=\"f1ecb14\" data-element_type=\"widget\" data-e-type=\"widget\" data-widget_type=\"heading.default\">\n\t\t\t\t<div class=\"elementor-widget-container\">\n\t\t\t\t\t<h2 class=\"elementor-heading-title elementor-size-default\">Cl\u00e0usula de protecci\u00f3 de dades<\/h2>\t\t\t\t<\/div>\n\t\t\t\t<\/div>\n\t\t\t\t\t<\/div>\n\t\t<\/div>\n\t\t\t\t\t<\/div>\n\t\t<\/section>\n\t\t\t\t<section class=\"elementor-section elementor-top-section elementor-element elementor-element-fa9074a elementor-section-boxed elementor-section-height-default elementor-section-height-default\" data-id=\"fa9074a\" data-element_type=\"section\" data-e-type=\"section\">\n\t\t\t\t\t\t<div class=\"elementor-container elementor-column-gap-default\">\n\t\t\t\t\t<div class=\"elementor-column elementor-col-100 elementor-top-column elementor-element elementor-element-1dc71d9\" data-id=\"1dc71d9\" data-element_type=\"column\" data-e-type=\"column\">\n\t\t\t<div class=\"elementor-widget-wrap elementor-element-populated\">\n\t\t\t\t\t\t<div class=\"elementor-element elementor-element-8ecee2d elementor-widget elementor-widget-text-editor\" data-id=\"8ecee2d\" data-element_type=\"widget\" data-e-type=\"widget\" data-widget_type=\"text-editor.default\">\n\t\t\t\t<div class=\"elementor-widget-container\">\n\t\t\t\t\t\t\t\t\t<p>De conformitat amb all\u00f2 establert a la normativa vigent en mat\u00e8ria de Protecci\u00f3 de Dades de Car\u00e0cter Personal, s&#039;informa als usuaris que les seves dades seran incorporades al Registre d&#039;Activitats de Tractament titularitat de REFORMES I PROJECTES REPROBCN SL amb la finalitat d&#039;eventualment, poder portar a terme els serveis contractats.<\/p><p>En compliment amb la normativa vigent, REFORMES I PROJECTES REPROBCN SL informa que les dades seran conservades durant el termini estrictament necessari per complir els serveis prestats.<\/p><p>Aix\u00ed mateix, les dades es tractaran de manera l\u00edcita, lleial, transparent, adequada, pertinent, limitada, exacta i actualitzada. \u00c9s per aix\u00f2 que REFORMES I PROJECTES REPROBCN SL es compromet a adoptar totes les mesures t\u00e8cniques i de seguretat raonables perqu\u00e8 aquests se suprimeixin o rectifiquin sense dilaci\u00f3 quan siguin inexactes o no vera\u00e7os.<\/p><p>D&#039;acord amb la normativa en protecci\u00f3 de dades, els usuaris podran exercir els drets d&#039;acc\u00e9s, rectificaci\u00f3, limitaci\u00f3 de tractament, supressi\u00f3, portabilitat i oposici\u00f3 al tractament de les seves dades de car\u00e0cter personal aix\u00ed com renunciar al consentiment prestat per al seu tractament. La petici\u00f3 s&#039;haur\u00e0 d&#039;adre\u00e7ar al correu electr\u00f2nic seg\u00fcent oficinareprobarcelona@gmail.com.<\/p>\t\t\t\t\t\t\t\t<\/div>\n\t\t\t\t<\/div>\n\t\t\t\t\t<\/div>\n\t\t<\/div>\n\t\t\t\t\t<\/div>\n\t\t<\/section>\n\t\t\t\t<section class=\"elementor-section elementor-top-section elementor-element elementor-element-dccc632 elementor-section-boxed elementor-section-height-default elementor-section-height-default\" data-id=\"dccc632\" data-element_type=\"section\" data-e-type=\"section\">\n\t\t\t\t\t\t<div class=\"elementor-container elementor-column-gap-default\">\n\t\t\t\t\t<div class=\"elementor-column elementor-col-100 elementor-top-column elementor-element elementor-element-e7666b2\" data-id=\"e7666b2\" data-element_type=\"column\" data-e-type=\"column\">\n\t\t\t<div class=\"elementor-widget-wrap elementor-element-populated\">\n\t\t\t\t\t\t<div class=\"elementor-element elementor-element-f7599d9 elementor-widget elementor-widget-heading\" data-id=\"f7599d9\" data-element_type=\"widget\" data-e-type=\"widget\" data-widget_type=\"heading.default\">\n\t\t\t\t<div class=\"elementor-widget-container\">\n\t\t\t\t\t<h2 class=\"elementor-heading-title elementor-size-default\">Reserva del dret a modificar aquest av\u00eds legal <\/h2>\t\t\t\t<\/div>\n\t\t\t\t<\/div>\n\t\t\t\t\t<\/div>\n\t\t<\/div>\n\t\t\t\t\t<\/div>\n\t\t<\/section>\n\t\t\t\t<section class=\"elementor-section elementor-top-section elementor-element elementor-element-303e0d8 elementor-section-boxed elementor-section-height-default elementor-section-height-default\" data-id=\"303e0d8\" data-element_type=\"section\" data-e-type=\"section\">\n\t\t\t\t\t\t<div class=\"elementor-container elementor-column-gap-default\">\n\t\t\t\t\t<div class=\"elementor-column elementor-col-100 elementor-top-column elementor-element elementor-element-b7a9a69\" data-id=\"b7a9a69\" data-element_type=\"column\" data-e-type=\"column\">\n\t\t\t<div class=\"elementor-widget-wrap elementor-element-populated\">\n\t\t\t\t\t\t<div class=\"elementor-element elementor-element-e2cb88c elementor-widget elementor-widget-text-editor\" data-id=\"e2cb88c\" data-element_type=\"widget\" data-e-type=\"widget\" data-widget_type=\"text-editor.default\">\n\t\t\t\t<div class=\"elementor-widget-container\">\n\t\t\t\t\t\t\t\t\t<p>REFORMES I PROJECTES REPROBCN SL es reserva el dret a modificar aquest av\u00eds legal per adaptar-lo a qualsevol canvi o novetat normativa, per motius t\u00e8cnics, per canvis en els serveis oferts per REFORMES I PROJECTES REPROBCN SL o per decisions estrat\u00e8giques de la companyia. En aquests casos s&#039;avisar\u00e0 a la present p\u00e0gina web amb antelaci\u00f3 prudencial els canvis que es produeixin ia partir de quan comen\u00e7aran a tenir plens efectes.<\/p><p>Si l&#039;usuari no est\u00e0 conforme amb els canvis, haureu de deixar d&#039;utilitzar el lloc web. La utilitzaci\u00f3 del lloc web despr\u00e9s de la realitzaci\u00f3 dels canvis suposar\u00e0 l&#039;acceptaci\u00f3 dels mateixos pels usuaris.<\/p>\t\t\t\t\t\t\t\t<\/div>\n\t\t\t\t<\/div>\n\t\t\t\t\t<\/div>\n\t\t<\/div>\n\t\t\t\t\t<\/div>\n\t\t<\/section>\n\t\t\t\t<section class=\"elementor-section elementor-top-section elementor-element elementor-element-7e62a42 elementor-section-boxed elementor-section-height-default elementor-section-height-default\" data-id=\"7e62a42\" data-element_type=\"section\" data-e-type=\"section\">\n\t\t\t\t\t\t<div class=\"elementor-container elementor-column-gap-default\">\n\t\t\t\t\t<div class=\"elementor-column elementor-col-100 elementor-top-column elementor-element elementor-element-faed37f\" data-id=\"faed37f\" data-element_type=\"column\" data-e-type=\"column\">\n\t\t\t<div class=\"elementor-widget-wrap elementor-element-populated\">\n\t\t\t\t\t\t<div class=\"elementor-element elementor-element-9485280 elementor-align-center elementor-widget elementor-widget-button\" data-id=\"9485280\" data-element_type=\"widget\" data-e-type=\"widget\" data-widget_type=\"button.default\">\n\t\t\t\t<div class=\"elementor-widget-container\">\n\t\t\t\t\t\t\t\t\t<div class=\"elementor-button-wrapper\">\n\t\t\t\t\t<a class=\"elementor-button elementor-button-link elementor-size-sm\" href=\"https:\/\/www.reprobarcelona.com\/ca\/contacto-reformas-barcelona\/\">\n\t\t\t\t\t\t<span class=\"elementor-button-content-wrapper\">\n\t\t\t\t\t\t\t\t\t<span class=\"elementor-button-text\">Contacta aqu\u00ed amb nosaltres<\/span>\n\t\t\t\t\t<\/span>\n\t\t\t\t\t<\/a>\n\t\t\t\t<\/div>\n\t\t\t\t\t\t\t\t<\/div>\n\t\t\t\t<\/div>\n\t\t\t\t\t<\/div>\n\t\t<\/div>\n\t\t\t\t\t<\/div>\n\t\t<\/section>\n\t\t\t\t<section class=\"elementor-section elementor-top-section elementor-element elementor-element-1dc52c0 elementor-section-boxed elementor-section-height-default elementor-section-height-default\" data-id=\"1dc52c0\" data-element_type=\"section\" data-e-type=\"section\">\n\t\t\t\t\t\t<div class=\"elementor-container elementor-column-gap-default\">\n\t\t\t\t\t<div class=\"elementor-column elementor-col-100 elementor-top-column elementor-element elementor-element-397f2a3\" data-id=\"397f2a3\" data-element_type=\"column\" data-e-type=\"column\">\n\t\t\t<div class=\"elementor-widget-wrap elementor-element-populated\">\n\t\t\t\t\t\t<div class=\"elementor-element elementor-element-b4642d2 elementor-widget elementor-widget-heading\" data-id=\"b4642d2\" data-element_type=\"widget\" data-e-type=\"widget\" data-widget_type=\"heading.default\">\n\t\t\t\t<div class=\"elementor-widget-container\">\n\t\t\t\t\t<h2 class=\"elementor-heading-title elementor-size-default\">Nul\u00b7litat<\/h2>\t\t\t\t<\/div>\n\t\t\t\t<\/div>\n\t\t\t\t\t<\/div>\n\t\t<\/div>\n\t\t\t\t\t<\/div>\n\t\t<\/section>\n\t\t\t\t<section class=\"elementor-section elementor-top-section elementor-element elementor-element-9bda7b8 elementor-section-boxed elementor-section-height-default elementor-section-height-default\" data-id=\"9bda7b8\" data-element_type=\"section\" data-e-type=\"section\">\n\t\t\t\t\t\t<div class=\"elementor-container elementor-column-gap-default\">\n\t\t\t\t\t<div class=\"elementor-column elementor-col-100 elementor-top-column elementor-element elementor-element-949b4b5\" data-id=\"949b4b5\" data-element_type=\"column\" data-e-type=\"column\">\n\t\t\t<div class=\"elementor-widget-wrap elementor-element-populated\">\n\t\t\t\t\t\t<div class=\"elementor-element elementor-element-c200019 elementor-widget elementor-widget-text-editor\" data-id=\"c200019\" data-element_type=\"widget\" data-e-type=\"widget\" data-widget_type=\"text-editor.default\">\n\t\t\t\t<div class=\"elementor-widget-container\">\n\t\t\t\t\t\t\t\t\t<p>Si alguna de les presents disposicions es considera nul\u00b7la, inv\u00e0lida o inaplicable, aquesta disposici\u00f3 (o la part que es declari nul\u00b7la, inv\u00e0lida o no aplicable) queda invalidada, sense que aix\u00f2 afecti la validesa i l&#039;aplicabilitat de les disposicions restants.<\/p>\t\t\t\t\t\t\t\t<\/div>\n\t\t\t\t<\/div>\n\t\t\t\t\t<\/div>\n\t\t<\/div>\n\t\t\t\t\t<\/div>\n\t\t<\/section>\n\t\t\t\t<section class=\"elementor-section elementor-top-section elementor-element elementor-element-e4ebc31 elementor-section-boxed elementor-section-height-default elementor-section-height-default\" data-id=\"e4ebc31\" data-element_type=\"section\" data-e-type=\"section\">\n\t\t\t\t\t\t<div class=\"elementor-container elementor-column-gap-default\">\n\t\t\t\t\t<div class=\"elementor-column elementor-col-100 elementor-top-column elementor-element elementor-element-04351d3\" data-id=\"04351d3\" data-element_type=\"column\" data-e-type=\"column\">\n\t\t\t<div class=\"elementor-widget-wrap elementor-element-populated\">\n\t\t\t\t\t\t<div class=\"elementor-element elementor-element-fcf8b23 elementor-widget elementor-widget-heading\" data-id=\"fcf8b23\" data-element_type=\"widget\" data-e-type=\"widget\" data-widget_type=\"heading.default\">\n\t\t\t\t<div class=\"elementor-widget-container\">\n\t\t\t\t\t<h2 class=\"elementor-heading-title elementor-size-default\">Contacta amb nosaltres<\/h2>\t\t\t\t<\/div>\n\t\t\t\t<\/div>\n\t\t\t\t\t<\/div>\n\t\t<\/div>\n\t\t\t\t\t<\/div>\n\t\t<\/section>\n\t\t\t\t<section class=\"elementor-section elementor-top-section elementor-element elementor-element-fdcac27 elementor-section-boxed elementor-section-height-default elementor-section-height-default\" data-id=\"fdcac27\" data-element_type=\"section\" data-e-type=\"section\">\n\t\t\t\t\t\t<div class=\"elementor-container elementor-column-gap-default\">\n\t\t\t\t\t<div class=\"elementor-column elementor-col-100 elementor-top-column elementor-element elementor-element-358f64d\" data-id=\"358f64d\" data-element_type=\"column\" data-e-type=\"column\">\n\t\t\t<div class=\"elementor-widget-wrap elementor-element-populated\">\n\t\t\t\t\t\t<div class=\"elementor-element elementor-element-6f67874 elementor-widget elementor-widget-text-editor\" data-id=\"6f67874\" data-element_type=\"widget\" data-e-type=\"widget\" data-widget_type=\"text-editor.default\">\n\t\t\t\t<div class=\"elementor-widget-container\">\n\t\t\t\t\t\t\t\t\t<p>Per contactar amb nosaltres podeu fer-ho a l&#039;adre\u00e7a a dalt indicada i tamb\u00e9 telef\u00f2nicament al n\u00famero indicat a la web.<\/p>\t\t\t\t\t\t\t\t<\/div>\n\t\t\t\t<\/div>\n\t\t\t\t\t<\/div>\n\t\t<\/div>\n\t\t\t\t\t<\/div>\n\t\t<\/section>\n\t\t\t\t<section class=\"elementor-section elementor-top-section elementor-element elementor-element-5c9d1dc elementor-section-boxed elementor-section-height-default elementor-section-height-default\" data-id=\"5c9d1dc\" data-element_type=\"section\" data-e-type=\"section\">\n\t\t\t\t\t\t<div class=\"elementor-container elementor-column-gap-default\">\n\t\t\t\t\t<div class=\"elementor-column elementor-col-100 elementor-top-column elementor-element elementor-element-12dda1e\" data-id=\"12dda1e\" data-element_type=\"column\" data-e-type=\"column\">\n\t\t\t<div class=\"elementor-widget-wrap elementor-element-populated\">\n\t\t\t\t\t\t<div class=\"elementor-element elementor-element-67a9e25 elementor-widget elementor-widget-heading\" data-id=\"67a9e25\" data-element_type=\"widget\" data-e-type=\"widget\" data-widget_type=\"heading.default\">\n\t\t\t\t<div class=\"elementor-widget-container\">\n\t\t\t\t\t<h2 class=\"elementor-heading-title elementor-size-default\">Pol\u00edtica de privadesa<\/h2>\t\t\t\t<\/div>\n\t\t\t\t<\/div>\n\t\t\t\t\t<\/div>\n\t\t<\/div>\n\t\t\t\t\t<\/div>\n\t\t<\/section>\n\t\t\t\t<section class=\"elementor-section elementor-top-section elementor-element elementor-element-5e85023 elementor-section-boxed elementor-section-height-default elementor-section-height-default\" data-id=\"5e85023\" data-element_type=\"section\" data-e-type=\"section\">\n\t\t\t\t\t\t<div class=\"elementor-container elementor-column-gap-default\">\n\t\t\t\t\t<div class=\"elementor-column elementor-col-100 elementor-top-column elementor-element elementor-element-5f7dfc5\" data-id=\"5f7dfc5\" data-element_type=\"column\" data-e-type=\"column\">\n\t\t\t<div class=\"elementor-widget-wrap elementor-element-populated\">\n\t\t\t\t\t\t<div class=\"elementor-element elementor-element-c265eb8 elementor-widget elementor-widget-text-editor\" data-id=\"c265eb8\" data-element_type=\"widget\" data-e-type=\"widget\" data-widget_type=\"text-editor.default\">\n\t\t\t\t<div class=\"elementor-widget-container\">\n\t\t\t\t\t\t\t\t\t<p>De conformitat amb all\u00f2 establert als arts. 13 i 14 del REGLAMENT (UE) 2016\/679 DEL PARLAMENT EUROPEU I DEL CONSELL de 27 d&#039;abril de 2016, relatiu a la protecci\u00f3 de les persones f\u00edsiques pel que fa al tractament de dades personals ia la lliure circulaci\u00f3 d&#039;aquestes dades (en endavant, \u00abRGPD\u00bb), i els articles 6 i 11 de la Llei Org\u00e0nica 3\/2018, de 5 de desembre, de Protecci\u00f3 de Dades de Car\u00e0cter Personal i garantia dels drets digitals (d&#039;ara endavant, \u00abLOPDGDD\u00bb), pel que es regula el dret d&#039;informaci\u00f3 a la recollida de dades, us informem dels seg\u00fcents extrems.<\/p>\t\t\t\t\t\t\t\t<\/div>\n\t\t\t\t<\/div>\n\t\t\t\t\t<\/div>\n\t\t<\/div>\n\t\t\t\t\t<\/div>\n\t\t<\/section>\n\t\t\t\t<section class=\"elementor-section elementor-top-section elementor-element elementor-element-ef9eb0f elementor-section-boxed elementor-section-height-default elementor-section-height-default\" data-id=\"ef9eb0f\" data-element_type=\"section\" data-e-type=\"section\">\n\t\t\t\t\t\t<div class=\"elementor-container elementor-column-gap-default\">\n\t\t\t\t\t<div class=\"elementor-column elementor-col-100 elementor-top-column elementor-element elementor-element-ed4f85c\" data-id=\"ed4f85c\" data-element_type=\"column\" data-e-type=\"column\">\n\t\t\t<div class=\"elementor-widget-wrap elementor-element-populated\">\n\t\t\t\t\t\t<div class=\"elementor-element elementor-element-6f5f2cd elementor-widget elementor-widget-heading\" data-id=\"6f5f2cd\" data-element_type=\"widget\" data-e-type=\"widget\" data-widget_type=\"heading.default\">\n\t\t\t\t<div class=\"elementor-widget-container\">\n\t\t\t\t\t<h2 class=\"elementor-heading-title elementor-size-default\">Qui \u00e9s el responsable del tractament de les teves dades personals?<\/h2>\t\t\t\t<\/div>\n\t\t\t\t<\/div>\n\t\t\t\t\t<\/div>\n\t\t<\/div>\n\t\t\t\t\t<\/div>\n\t\t<\/section>\n\t\t\t\t<section class=\"elementor-section elementor-top-section elementor-element elementor-element-5f3a9f3 elementor-section-boxed elementor-section-height-default elementor-section-height-default\" data-id=\"5f3a9f3\" data-element_type=\"section\" data-e-type=\"section\">\n\t\t\t\t\t\t<div class=\"elementor-container elementor-column-gap-default\">\n\t\t\t\t\t<div class=\"elementor-column elementor-col-100 elementor-top-column elementor-element elementor-element-9a230e5\" data-id=\"9a230e5\" data-element_type=\"column\" data-e-type=\"column\">\n\t\t\t<div class=\"elementor-widget-wrap elementor-element-populated\">\n\t\t\t\t\t\t<div class=\"elementor-element elementor-element-109ac3a elementor-widget elementor-widget-text-editor\" data-id=\"109ac3a\" data-element_type=\"widget\" data-e-type=\"widget\" data-widget_type=\"text-editor.default\">\n\t\t\t\t<div class=\"elementor-widget-container\">\n\t\t\t\t\t\t\t\t\t<p>Les dades de car\u00e0cter personal que ens ha subministrat a trav\u00e9s de la p\u00e0gina web i en qualsevol altra comunicaci\u00f3 mantinguda amb vost\u00e8 seran objecte del Registre d&#039;Activitats de Tractament titularitat de REFORMES I PROJECTES REPROBCN SL amb domicili social Carrer Josep Pla 184, prove\u00efda de CIF B67123364 .<\/p>\t\t\t\t\t\t\t\t<\/div>\n\t\t\t\t<\/div>\n\t\t\t\t\t<\/div>\n\t\t<\/div>\n\t\t\t\t\t<\/div>\n\t\t<\/section>\n\t\t\t\t<section class=\"elementor-section elementor-top-section elementor-element elementor-element-5cd8deb elementor-section-boxed elementor-section-height-default elementor-section-height-default\" data-id=\"5cd8deb\" data-element_type=\"section\" data-e-type=\"section\">\n\t\t\t\t\t\t<div class=\"elementor-container elementor-column-gap-default\">\n\t\t\t\t\t<div class=\"elementor-column elementor-col-100 elementor-top-column elementor-element elementor-element-97afadc\" data-id=\"97afadc\" data-element_type=\"column\" data-e-type=\"column\">\n\t\t\t<div class=\"elementor-widget-wrap elementor-element-populated\">\n\t\t\t\t\t\t<div class=\"elementor-element elementor-element-2b9b17c elementor-widget elementor-widget-heading\" data-id=\"2b9b17c\" data-element_type=\"widget\" data-e-type=\"widget\" data-widget_type=\"heading.default\">\n\t\t\t\t<div class=\"elementor-widget-container\">\n\t\t\t\t\t<h2 class=\"elementor-heading-title elementor-size-default\">Quina pres\u00e8ncia t\u00e9 a les xarxes socials?<\/h2>\t\t\t\t<\/div>\n\t\t\t\t<\/div>\n\t\t\t\t\t<\/div>\n\t\t<\/div>\n\t\t\t\t\t<\/div>\n\t\t<\/section>\n\t\t\t\t<section class=\"elementor-section elementor-top-section elementor-element elementor-element-2925c92 elementor-section-boxed elementor-section-height-default elementor-section-height-default\" data-id=\"2925c92\" data-element_type=\"section\" data-e-type=\"section\">\n\t\t\t\t\t\t<div class=\"elementor-container elementor-column-gap-default\">\n\t\t\t\t\t<div class=\"elementor-column elementor-col-100 elementor-top-column elementor-element elementor-element-2b676ef\" data-id=\"2b676ef\" data-element_type=\"column\" data-e-type=\"column\">\n\t\t\t<div class=\"elementor-widget-wrap elementor-element-populated\">\n\t\t\t\t\t\t<div class=\"elementor-element elementor-element-4fec709 elementor-widget elementor-widget-text-editor\" data-id=\"4fec709\" data-element_type=\"widget\" data-e-type=\"widget\" data-widget_type=\"text-editor.default\">\n\t\t\t\t<div class=\"elementor-widget-container\">\n\t\t\t\t\t\t\t\t\t<p>REFORMES I PROJECTES REPROBCN SL compta amb els seg\u00fcents perfils a les principals xarxes socials d&#039;Internet (Facebook, Linkedin, Youtube, Blog i Newsletter).<\/p><p>Es reconeix com a responsable del tractament de les dades dels seus usuaris, seguidors, o persones que facin comentaris a trav\u00e9s de les mateixes. Aix\u00ed mateix d&#039;acord amb la Llei de serveis de la societat de la informaci\u00f3 i de comer\u00e7 electr\u00f2nic REFORMES I PROJECTES REPROBCN SL s&#039;exonera de qualsevol tipus de responsabilitat derivada per comentaris dels usuaris i seguidors a les seves xarxes socials.<\/p><p>REFORMES I PROJECTES REPROBCN SL podr\u00e0 utilitzar els perfils descrits anteriorment per informar els usuaris de temes que consideri del seu inter\u00e8s.<\/p>\t\t\t\t\t\t\t\t<\/div>\n\t\t\t\t<\/div>\n\t\t\t\t\t<\/div>\n\t\t<\/div>\n\t\t\t\t\t<\/div>\n\t\t<\/section>\n\t\t\t\t<section class=\"elementor-section elementor-top-section elementor-element elementor-element-f5e4684 elementor-section-boxed elementor-section-height-default elementor-section-height-default\" data-id=\"f5e4684\" data-element_type=\"section\" data-e-type=\"section\">\n\t\t\t\t\t\t<div class=\"elementor-container elementor-column-gap-default\">\n\t\t\t\t\t<div class=\"elementor-column elementor-col-100 elementor-top-column elementor-element elementor-element-7d10192\" data-id=\"7d10192\" data-element_type=\"column\" data-e-type=\"column\">\n\t\t\t<div class=\"elementor-widget-wrap elementor-element-populated\">\n\t\t\t\t\t\t<div class=\"elementor-element elementor-element-c3269e9 elementor-widget elementor-widget-heading\" data-id=\"c3269e9\" data-element_type=\"widget\" data-e-type=\"widget\" data-widget_type=\"heading.default\">\n\t\t\t\t<div class=\"elementor-widget-container\">\n\t\t\t\t\t<h2 class=\"elementor-heading-title elementor-size-default\">Quines dades personals recopilem?<\/h2>\t\t\t\t<\/div>\n\t\t\t\t<\/div>\n\t\t\t\t\t<\/div>\n\t\t<\/div>\n\t\t\t\t\t<\/div>\n\t\t<\/section>\n\t\t\t\t<section class=\"elementor-section elementor-top-section elementor-element elementor-element-52bbd5a elementor-section-boxed elementor-section-height-default elementor-section-height-default\" data-id=\"52bbd5a\" data-element_type=\"section\" data-e-type=\"section\">\n\t\t\t\t\t\t<div class=\"elementor-container elementor-column-gap-default\">\n\t\t\t\t\t<div class=\"elementor-column elementor-col-100 elementor-top-column elementor-element elementor-element-3d8fd11\" data-id=\"3d8fd11\" data-element_type=\"column\" data-e-type=\"column\">\n\t\t\t<div class=\"elementor-widget-wrap elementor-element-populated\">\n\t\t\t\t\t\t<div class=\"elementor-element elementor-element-10a0b2f elementor-widget elementor-widget-text-editor\" data-id=\"10a0b2f\" data-element_type=\"widget\" data-e-type=\"widget\" data-widget_type=\"text-editor.default\">\n\t\t\t\t<div class=\"elementor-widget-container\">\n\t\t\t\t\t\t\t\t\t<p>Les dades personals que l&#039;usuari pot proporcionar:<\/p><p>Dades identificatives: nom, cognoms, c\u00e0rrec, rol, correu electr\u00f2nic i\/o n\u00famero de tel\u00e8fon.<br \/>Dades comptables: n\u00famero de compte, targeta banc\u00e0ria, etc.<\/p>\t\t\t\t\t\t\t\t<\/div>\n\t\t\t\t<\/div>\n\t\t\t\t\t<\/div>\n\t\t<\/div>\n\t\t\t\t\t<\/div>\n\t\t<\/section>\n\t\t\t\t<section class=\"elementor-section elementor-top-section elementor-element elementor-element-092e168 elementor-section-boxed elementor-section-height-default elementor-section-height-default\" data-id=\"092e168\" data-element_type=\"section\" data-e-type=\"section\">\n\t\t\t\t\t\t<div class=\"elementor-container elementor-column-gap-default\">\n\t\t\t\t\t<div class=\"elementor-column elementor-col-100 elementor-top-column elementor-element elementor-element-6ca3087\" data-id=\"6ca3087\" data-element_type=\"column\" data-e-type=\"column\">\n\t\t\t<div class=\"elementor-widget-wrap elementor-element-populated\">\n\t\t\t\t\t\t<div class=\"elementor-element elementor-element-6705b80 elementor-widget elementor-widget-heading\" data-id=\"6705b80\" data-element_type=\"widget\" data-e-type=\"widget\" data-widget_type=\"heading.default\">\n\t\t\t\t<div class=\"elementor-widget-container\">\n\t\t\t\t\t<h2 class=\"elementor-heading-title elementor-size-default\">Per qu\u00e8 i per qu\u00e8 tractem les teves dades?<\/h2>\t\t\t\t<\/div>\n\t\t\t\t<\/div>\n\t\t\t\t\t<\/div>\n\t\t<\/div>\n\t\t\t\t\t<\/div>\n\t\t<\/section>\n\t\t\t\t<section class=\"elementor-section elementor-top-section elementor-element elementor-element-9413097 elementor-section-boxed elementor-section-height-default elementor-section-height-default\" data-id=\"9413097\" data-element_type=\"section\" data-e-type=\"section\">\n\t\t\t\t\t\t<div class=\"elementor-container elementor-column-gap-default\">\n\t\t\t\t\t<div class=\"elementor-column elementor-col-100 elementor-top-column elementor-element elementor-element-d5f112e\" data-id=\"d5f112e\" data-element_type=\"column\" data-e-type=\"column\">\n\t\t\t<div class=\"elementor-widget-wrap elementor-element-populated\">\n\t\t\t\t\t\t<div class=\"elementor-element elementor-element-60a9744 elementor-widget elementor-widget-text-editor\" data-id=\"60a9744\" data-element_type=\"widget\" data-e-type=\"widget\" data-widget_type=\"text-editor.default\">\n\t\t\t\t<div class=\"elementor-widget-container\">\n\t\t\t\t\t\t\t\t\t<p>Depenent de les finalitats necessitarem tractar unes dades o altres, que en general seran, segons el cas, les seg\u00fcents:<\/p><p>La p\u00e0gina web \u00e9s totalment informativa sobre els serveis de plataforma educativa que ofereix REFORMES I PROJECTES REPROBCN SL Les dades es poden tractar per respondre a les sol\u00b7licituds d&#039;informaci\u00f3 sobre aquests serveis.<br \/>La recollida i el tractament automatitzat de dades que es realitza a trav\u00e9s del formulari de la p\u00e0gina web per sol\u00b7licitar informaci\u00f3 es recol\u00b7lecta per estudiar la possibilitat de contactar amb nosaltres.<br \/>La p\u00e0gina web informa a trav\u00e9s de v\u00eddeos identificatius.<br \/>La p\u00e0gina web t\u00e9 un bloc per poder pujar i compartir hist\u00f2ries dinter\u00e8s per als usuaris.<br \/>Per gestionar i mantenir la seva candidatura a ocupar un lloc de treball a REFORMES I PROJECTES REPROBCN SL, quan ens envieu la vostra sol\u00b7licitud de participaci\u00f3 en un proc\u00e9s de selecci\u00f3. Aquest tractament es basa en el consentiment de l&#039;Usuari i en l&#039;inter\u00e8s leg\u00edtim i mutu de REFORMES I PROJECTES REPROBCN SL i l&#039;Usuari, com s&#039;indica a la informaci\u00f3 sobre privadesa que l&#039;Usuari ha d&#039;acceptar pr\u00e8viament a l&#039;enviament de la seva candidatura.<br \/>Les dades personals que s&#039;obtinguin a trav\u00e9s de qualsevol dels canals de la p\u00e0gina web formaran part del Registre d&#039;Activitats i operacions de Tractament (RAT) titularitat de REFORMES I PROJECTES REPROBCN SL Aquest s&#039;actualitzar\u00e0 peri\u00f2dicament d&#039;acord amb all\u00f2 establert al RGPD i la LOPDGDD, \u00e9s per aix\u00f2 que REFORMES I PROJECTES REPROBCN SL ha adoptat totes les mesures de seguretat pertinents en aquest sentit.<\/p><p>S&#039;informa a l&#039;usuari de la possibilitat de retirar-ne el consentiment en el cas que s&#039;hagi atorgat per a alguna finalitat espec\u00edfica, sense que aix\u00f2 afecti la licitud del tractament precedent basat en el consentiment previ a la seva retirada.<\/p>\t\t\t\t\t\t\t\t<\/div>\n\t\t\t\t<\/div>\n\t\t\t\t\t<\/div>\n\t\t<\/div>\n\t\t\t\t\t<\/div>\n\t\t<\/section>\n\t\t\t\t<section class=\"elementor-section elementor-top-section elementor-element elementor-element-16d0e04 elementor-section-full_width elementor-section-height-default elementor-section-height-default\" data-id=\"16d0e04\" data-element_type=\"section\" data-e-type=\"section\" data-settings=\"{&quot;background_background&quot;:&quot;classic&quot;}\">\n\t\t\t\t\t\t<div class=\"elementor-container elementor-column-gap-no\">\n\t\t\t\t\t<div class=\"elementor-column elementor-col-100 elementor-top-column elementor-element elementor-element-0ba2676\" data-id=\"0ba2676\" data-element_type=\"column\" data-e-type=\"column\">\n\t\t\t<div class=\"elementor-widget-wrap elementor-element-populated\">\n\t\t\t\t\t\t<div class=\"elementor-element elementor-element-58ba27c elementor-widget elementor-widget-image\" data-id=\"58ba27c\" data-element_type=\"widget\" data-e-type=\"widget\" data-widget_type=\"image.default\">\n\t\t\t\t<div class=\"elementor-widget-container\">\n\t\t\t\t\t\t\t\t\t\t\t\t\t\t\t\t<a href=\"https:\/\/www.reprobarcelona.com\/ca\/\">\n\t\t\t\t\t\t\t<img fetchpriority=\"high\" decoding=\"async\" width=\"800\" height=\"378\" src=\"https:\/\/www.reprobarcelona.com\/wp-content\/uploads\/2022\/04\/REFORMAS-BARCELONA-1024x484.png\" class=\"attachment-large size-large wp-image-371\" alt=\"Reformes barcelona\" srcset=\"https:\/\/www.reprobarcelona.com\/wp-content\/uploads\/2022\/04\/REFORMAS-BARCELONA-1024x484.png 1024w, https:\/\/www.reprobarcelona.com\/wp-content\/uploads\/2022\/04\/REFORMAS-BARCELONA-300x142.png 300w, https:\/\/www.reprobarcelona.com\/wp-content\/uploads\/2022\/04\/REFORMAS-BARCELONA-768x363.png 768w, https:\/\/www.reprobarcelona.com\/wp-content\/uploads\/2022\/04\/REFORMAS-BARCELONA-1536x726.png 1536w, https:\/\/www.reprobarcelona.com\/wp-content\/uploads\/2022\/04\/REFORMAS-BARCELONA.png 1600w\" sizes=\"(max-width: 800px) 100vw, 800px\" \/>\t\t\t\t\t\t\t\t<\/a>\n\t\t\t\t\t\t\t\t\t\t\t\t\t\t\t<\/div>\n\t\t\t\t<\/div>\n\t\t\t\t\t<\/div>\n\t\t<\/div>\n\t\t\t\t\t<\/div>\n\t\t<\/section>\n\t\t\t\t<section class=\"elementor-section elementor-top-section elementor-element elementor-element-b887879 elementor-section-boxed elementor-section-height-default elementor-section-height-default\" data-id=\"b887879\" data-element_type=\"section\" data-e-type=\"section\">\n\t\t\t\t\t\t<div class=\"elementor-container elementor-column-gap-default\">\n\t\t\t\t\t<div class=\"elementor-column elementor-col-100 elementor-top-column elementor-element elementor-element-e28ebd9\" data-id=\"e28ebd9\" data-element_type=\"column\" data-e-type=\"column\">\n\t\t\t<div class=\"elementor-widget-wrap elementor-element-populated\">\n\t\t\t\t\t\t<div class=\"elementor-element elementor-element-7798585 elementor-widget elementor-widget-heading\" data-id=\"7798585\" data-element_type=\"widget\" data-e-type=\"widget\" data-widget_type=\"heading.default\">\n\t\t\t\t<div class=\"elementor-widget-container\">\n\t\t\t\t\t<h2 class=\"elementor-heading-title elementor-size-default\">Quina \u00e9s la legitimaci\u00f3 per al tractament de les teves dades?<\/h2>\t\t\t\t<\/div>\n\t\t\t\t<\/div>\n\t\t\t\t\t<\/div>\n\t\t<\/div>\n\t\t\t\t\t<\/div>\n\t\t<\/section>\n\t\t\t\t<section class=\"elementor-section elementor-top-section elementor-element elementor-element-c3db44d elementor-section-boxed elementor-section-height-default elementor-section-height-default\" data-id=\"c3db44d\" data-element_type=\"section\" data-e-type=\"section\">\n\t\t\t\t\t\t<div class=\"elementor-container elementor-column-gap-default\">\n\t\t\t\t\t<div class=\"elementor-column elementor-col-100 elementor-top-column elementor-element elementor-element-7b5626a\" data-id=\"7b5626a\" data-element_type=\"column\" data-e-type=\"column\">\n\t\t\t<div class=\"elementor-widget-wrap elementor-element-populated\">\n\t\t\t\t\t\t<div class=\"elementor-element elementor-element-6d90a9a elementor-widget elementor-widget-text-editor\" data-id=\"6d90a9a\" data-element_type=\"widget\" data-e-type=\"widget\" data-widget_type=\"text-editor.default\">\n\t\t\t\t<div class=\"elementor-widget-container\">\n\t\t\t\t\t\t\t\t\t<p>El tractament de les teves dades es pot fonamentar en les bases legals seg\u00fcents:<\/p><p>Consentiment expr\u00e9s per part dels usuaris en la compleci\u00f3 dels formularis per rebre comunicacions comercials per part de REFORMES I PROJECTES REPROBCN SL<br \/>Inter\u00e8s leg\u00edtim: consisteix a poder garantir que la nostra p\u00e0gina web romangui segura, aix\u00ed com ajudar-nos a comprendre les necessitats, expectatives i el nivell de satisfacci\u00f3 dels usuaris i, per tant, millorar els nostres serveis. Totes les accions es fan per tal de millorar el nivell de satisfacci\u00f3 dels usuaris i assegurar una experi\u00e8ncia \u00fanica de navegaci\u00f3 i eventual contractaci\u00f3.<br \/>Compliment d&#039;obligacions legals per a prevenci\u00f3 del frau, col\u00b7laboraci\u00f3 amb les autoritats p\u00fabliques i\/o eventuals reclamacions de tercers.<\/p>\t\t\t\t\t\t\t\t<\/div>\n\t\t\t\t<\/div>\n\t\t\t\t\t<\/div>\n\t\t<\/div>\n\t\t\t\t\t<\/div>\n\t\t<\/section>\n\t\t\t\t<section class=\"elementor-section elementor-top-section elementor-element elementor-element-a38d8ba elementor-section-boxed elementor-section-height-default elementor-section-height-default\" data-id=\"a38d8ba\" data-element_type=\"section\" data-e-type=\"section\">\n\t\t\t\t\t\t<div class=\"elementor-container elementor-column-gap-default\">\n\t\t\t\t\t<div class=\"elementor-column elementor-col-100 elementor-top-column elementor-element elementor-element-fb971c8\" data-id=\"fb971c8\" data-element_type=\"column\" data-e-type=\"column\">\n\t\t\t<div class=\"elementor-widget-wrap elementor-element-populated\">\n\t\t\t\t\t\t<div class=\"elementor-element elementor-element-eb6fcd6 elementor-widget elementor-widget-heading\" data-id=\"eb6fcd6\" data-element_type=\"widget\" data-e-type=\"widget\" data-widget_type=\"heading.default\">\n\t\t\t\t<div class=\"elementor-widget-container\">\n\t\t\t\t\t<h2 class=\"elementor-heading-title elementor-size-default\">Quant de temps conservem les teves dades?<\/h2>\t\t\t\t<\/div>\n\t\t\t\t<\/div>\n\t\t\t\t\t<\/div>\n\t\t<\/div>\n\t\t\t\t\t<\/div>\n\t\t<\/section>\n\t\t\t\t<section class=\"elementor-section elementor-top-section elementor-element elementor-element-29c73d3 elementor-section-boxed elementor-section-height-default elementor-section-height-default\" data-id=\"29c73d3\" data-element_type=\"section\" data-e-type=\"section\">\n\t\t\t\t\t\t<div class=\"elementor-container elementor-column-gap-default\">\n\t\t\t\t\t<div class=\"elementor-column elementor-col-100 elementor-top-column elementor-element elementor-element-a16cb8e\" data-id=\"a16cb8e\" data-element_type=\"column\" data-e-type=\"column\">\n\t\t\t<div class=\"elementor-widget-wrap elementor-element-populated\">\n\t\t\t\t\t\t<div class=\"elementor-element elementor-element-7a2c5fe elementor-widget elementor-widget-text-editor\" data-id=\"7a2c5fe\" data-element_type=\"widget\" data-e-type=\"widget\" data-widget_type=\"text-editor.default\">\n\t\t\t\t<div class=\"elementor-widget-container\">\n\t\t\t\t\t\t\t\t\t<p>El tractament de les dades amb les finalitats descrites es mantindr\u00e0 durant el temps necessari per complir amb la finalitat de la recollida, aix\u00ed com per al compliment de les obligacions legals que es derivin del tractament de les dades. Sense perjudici que la conservaci\u00f3 sigui necess\u00e0ria per a la formulaci\u00f3, l&#039;exercici o la defensa de reclamacions potencials; sempre que ho permet\u00e9s la legislaci\u00f3 aplicable.<\/p><p>REFORMES I PROJECTES REPROBCN SL es compromet a cessar el tractament de les dades personals quan hagi finalitzat el termini de conservaci\u00f3, aix\u00ed com bloquejar-les degudament a les nostres bases de dades.<\/p>\t\t\t\t\t\t\t\t<\/div>\n\t\t\t\t<\/div>\n\t\t\t\t\t<\/div>\n\t\t<\/div>\n\t\t\t\t\t<\/div>\n\t\t<\/section>\n\t\t\t\t<section class=\"elementor-section elementor-top-section elementor-element elementor-element-f6db548 elementor-section-boxed elementor-section-height-default elementor-section-height-default\" data-id=\"f6db548\" data-element_type=\"section\" data-e-type=\"section\">\n\t\t\t\t\t\t<div class=\"elementor-container elementor-column-gap-default\">\n\t\t\t\t\t<div class=\"elementor-column elementor-col-100 elementor-top-column elementor-element elementor-element-5d681ac\" data-id=\"5d681ac\" data-element_type=\"column\" data-e-type=\"column\">\n\t\t\t<div class=\"elementor-widget-wrap elementor-element-populated\">\n\t\t\t\t\t\t<div class=\"elementor-element elementor-element-66ba3b9 elementor-widget elementor-widget-heading\" data-id=\"66ba3b9\" data-element_type=\"widget\" data-e-type=\"widget\" data-widget_type=\"heading.default\">\n\t\t\t\t<div class=\"elementor-widget-container\">\n\t\t\t\t\t<h2 class=\"elementor-heading-title elementor-size-default\">Cessi\u00f3 de dades<\/h2>\t\t\t\t<\/div>\n\t\t\t\t<\/div>\n\t\t\t\t\t<\/div>\n\t\t<\/div>\n\t\t\t\t\t<\/div>\n\t\t<\/section>\n\t\t\t\t<section class=\"elementor-section elementor-top-section elementor-element elementor-element-be370f0 elementor-section-boxed elementor-section-height-default elementor-section-height-default\" data-id=\"be370f0\" data-element_type=\"section\" data-e-type=\"section\">\n\t\t\t\t\t\t<div class=\"elementor-container elementor-column-gap-default\">\n\t\t\t\t\t<div class=\"elementor-column elementor-col-100 elementor-top-column elementor-element elementor-element-fda4a0a\" data-id=\"fda4a0a\" data-element_type=\"column\" data-e-type=\"column\">\n\t\t\t<div class=\"elementor-widget-wrap elementor-element-populated\">\n\t\t\t\t\t\t<div class=\"elementor-element elementor-element-dcf9173 elementor-widget elementor-widget-text-editor\" data-id=\"dcf9173\" data-element_type=\"widget\" data-e-type=\"widget\" data-widget_type=\"text-editor.default\">\n\t\t\t\t<div class=\"elementor-widget-container\">\n\t\t\t\t\t\t\t\t\t<p>De manera general, REFORMES I PROJECTES REPROBCN SL no cedir\u00e0 dades personals a terceres parts, excepte en aquelles situacions en qu\u00e8 aquests es puguin cedir a col\u00b7laboradors que prestin serveis a REFORMES I PROJECTES REPROBCN SL, amb la finalitat de gestionar la prestaci\u00f3 dels serveis , la relaci\u00f3 contractual i\/o precontractual amb els interessats o tramitar sol\u00b7licituds formulades per aquests.<\/p><p>En aquests casos, ens assegurem que els destinataris respecten la confidencialitat i compten amb les mesures adequades per protegir les dades personals. REFORMES I PROJECTES REPROBCN SL procura garantir la seguretat de les dades personals quan s&#039;envien fora de l&#039;empresa. Els tercers amb qu\u00e8 REFORMES I PROJECTES REPROBCN SL contracta tenen l&#039;obligaci\u00f3 de garantir que la informaci\u00f3 es tracta d&#039;acord amb la normativa de protecci\u00f3 de dades vigent.<\/p><p>En aquells casos en qu\u00e8 la llei pot exigir que es revelin dades personals a organismes p\u00fablics o altres parts, nom\u00e9s es revelar\u00e0 all\u00f2 estrictament necessari per al compliment de les esmentades obligacions legals.<\/p><p>REFORMES I PROJECTES REPROBCN SL comunica dades a prove\u00efdors externs, com a encarregats de tractament, per dur a terme determinats serveis:<\/p>\t\t\t\t\t\t\t\t<\/div>\n\t\t\t\t<\/div>\n\t\t\t\t\t<\/div>\n\t\t<\/div>\n\t\t\t\t\t<\/div>\n\t\t<\/section>\n\t\t\t\t<section class=\"elementor-section elementor-top-section elementor-element elementor-element-0a2a092 elementor-section-boxed elementor-section-height-default elementor-section-height-default\" data-id=\"0a2a092\" data-element_type=\"section\" data-e-type=\"section\">\n\t\t\t\t\t\t<div class=\"elementor-container elementor-column-gap-default\">\n\t\t\t\t\t<div class=\"elementor-column elementor-col-100 elementor-top-column elementor-element elementor-element-e809ef0\" data-id=\"e809ef0\" data-element_type=\"column\" data-e-type=\"column\">\n\t\t\t<div class=\"elementor-widget-wrap elementor-element-populated\">\n\t\t\t\t\t\t<div class=\"elementor-element elementor-element-2f74b19 elementor-widget elementor-widget-heading\" data-id=\"2f74b19\" data-element_type=\"widget\" data-e-type=\"widget\" data-widget_type=\"heading.default\">\n\t\t\t\t<div class=\"elementor-widget-container\">\n\t\t\t\t\t<h2 class=\"elementor-heading-title elementor-size-default\">Quins drets t&#039;hi assisteixen i com els pots exercir?<\/h2>\t\t\t\t<\/div>\n\t\t\t\t<\/div>\n\t\t\t\t\t<\/div>\n\t\t<\/div>\n\t\t\t\t\t<\/div>\n\t\t<\/section>\n\t\t\t\t<section class=\"elementor-section elementor-top-section elementor-element elementor-element-c79a97d elementor-section-boxed elementor-section-height-default elementor-section-height-default\" data-id=\"c79a97d\" data-element_type=\"section\" data-e-type=\"section\">\n\t\t\t\t\t\t<div class=\"elementor-container elementor-column-gap-default\">\n\t\t\t\t\t<div class=\"elementor-column elementor-col-100 elementor-top-column elementor-element elementor-element-1c15f41\" data-id=\"1c15f41\" data-element_type=\"column\" data-e-type=\"column\">\n\t\t\t<div class=\"elementor-widget-wrap elementor-element-populated\">\n\t\t\t\t\t\t<div class=\"elementor-element elementor-element-8f20a4a elementor-widget elementor-widget-text-editor\" data-id=\"8f20a4a\" data-element_type=\"widget\" data-e-type=\"widget\" data-widget_type=\"text-editor.default\">\n\t\t\t\t<div class=\"elementor-widget-container\">\n\t\t\t\t\t\t\t\t\t<p>Podeu adre\u00e7ar les vostres comunicacions i exercitar els vostres drets mitjan\u00e7ant una comunicaci\u00f3 escrita al seg\u00fcent correu electr\u00f2nic: oficinareprobarcelona@gmail.com<\/p><p>En virtut del que estableix la normativa en protecci\u00f3 de dades pots sol\u00b7licitar:<\/p><p>Dret d&#039;acc\u00e9s: podeu demanar informaci\u00f3 d&#039;aquelles dades personals que disposem sobre tu.<br \/>Dret de rectificaci\u00f3: pots comunicar qualsevol canvi a les teves dades personals.<br \/>Dret de supressi\u00f3 i oblit: pots sol\u00b7licitar l&#039;eliminaci\u00f3 previ bloqueig de les dades personals.<br \/>Dret de limitaci\u00f3 al tractament: suposa la restricci\u00f3 del tractament de les dades personals.<br \/>Dret d&#039;oposici\u00f3: pots retirar el consentiment del tractament de les dades, oposant-se que se segueixin tractant.<br \/>Dret a la portabilitat: en alguns casos, pots demanar una c\u00f2pia de les dades personals en un format estructurat, d&#039;\u00fas com\u00fa i lectura mec\u00e0nica per transmetre-les a un altre responsable.<br \/>Dret a no ser objecte de decisions individualitzades: pots sol\u00b7licitar que no es prenguin decisions que es basen \u00fanicament en el tractament automatitzat, incloent-hi l&#039;elaboraci\u00f3 de perfils, que produeixi efectes jur\u00eddics o afecti significativament l&#039;interessat.<br \/>En alguns casos, es podr\u00e0 rebutjar la sol\u00b7licitud si sol\u00b7liciteu que s&#039;eliminin dades necess\u00e0ries per al compliment d&#039;obligacions legals. Aix\u00ed mateix, si tens alguna queixa sobre el tractament de les dades, pots presentar una reclamaci\u00f3 a l&#039;autoritat competent en protecci\u00f3 de dades.<\/p>\t\t\t\t\t\t\t\t<\/div>\n\t\t\t\t<\/div>\n\t\t\t\t\t<\/div>\n\t\t<\/div>\n\t\t\t\t\t<\/div>\n\t\t<\/section>\n\t\t\t\t<section class=\"elementor-section elementor-top-section elementor-element elementor-element-2a80ca5 elementor-section-boxed elementor-section-height-default elementor-section-height-default\" data-id=\"2a80ca5\" data-element_type=\"section\" data-e-type=\"section\">\n\t\t\t\t\t\t<div class=\"elementor-container elementor-column-gap-default\">\n\t\t\t\t\t<div class=\"elementor-column elementor-col-100 elementor-top-column elementor-element elementor-element-0177776\" data-id=\"0177776\" data-element_type=\"column\" data-e-type=\"column\">\n\t\t\t<div class=\"elementor-widget-wrap elementor-element-populated\">\n\t\t\t\t\t\t<div class=\"elementor-element elementor-element-10f0576 elementor-align-center elementor-widget elementor-widget-button\" data-id=\"10f0576\" data-element_type=\"widget\" data-e-type=\"widget\" data-widget_type=\"button.default\">\n\t\t\t\t<div class=\"elementor-widget-container\">\n\t\t\t\t\t\t\t\t\t<div class=\"elementor-button-wrapper\">\n\t\t\t\t\t<a class=\"elementor-button elementor-button-link elementor-size-sm\" href=\"https:\/\/www.reprobarcelona.com\/ca\/contacto-reformas-barcelona\/\">\n\t\t\t\t\t\t<span class=\"elementor-button-content-wrapper\">\n\t\t\t\t\t\t\t\t\t<span class=\"elementor-button-text\">Contacta aqu\u00ed amb nosaltres<\/span>\n\t\t\t\t\t<\/span>\n\t\t\t\t\t<\/a>\n\t\t\t\t<\/div>\n\t\t\t\t\t\t\t\t<\/div>\n\t\t\t\t<\/div>\n\t\t\t\t\t<\/div>\n\t\t<\/div>\n\t\t\t\t\t<\/div>\n\t\t<\/section>\n\t\t\t\t<section class=\"elementor-section elementor-top-section elementor-element elementor-element-2247f62 elementor-section-boxed elementor-section-height-default elementor-section-height-default\" data-id=\"2247f62\" data-element_type=\"section\" data-e-type=\"section\">\n\t\t\t\t\t\t<div class=\"elementor-container elementor-column-gap-default\">\n\t\t\t\t\t<div class=\"elementor-column elementor-col-100 elementor-top-column elementor-element elementor-element-da04246\" data-id=\"da04246\" data-element_type=\"column\" data-e-type=\"column\">\n\t\t\t<div class=\"elementor-widget-wrap elementor-element-populated\">\n\t\t\t\t\t\t<div class=\"elementor-element elementor-element-6ceb3b2 elementor-widget elementor-widget-heading\" data-id=\"6ceb3b2\" data-element_type=\"widget\" data-e-type=\"widget\" data-widget_type=\"heading.default\">\n\t\t\t\t<div class=\"elementor-widget-container\">\n\t\t\t\t\t<h2 class=\"elementor-heading-title elementor-size-default\">Qui \u00e9s el responsable de l&#039;exactitud i veracitat de les dades facilitades?\n\n\n<\/h2>\t\t\t\t<\/div>\n\t\t\t\t<\/div>\n\t\t\t\t\t<\/div>\n\t\t<\/div>\n\t\t\t\t\t<\/div>\n\t\t<\/section>\n\t\t\t\t<section class=\"elementor-section elementor-top-section elementor-element elementor-element-cf66ef5 elementor-section-boxed elementor-section-height-default elementor-section-height-default\" data-id=\"cf66ef5\" data-element_type=\"section\" data-e-type=\"section\">\n\t\t\t\t\t\t<div class=\"elementor-container elementor-column-gap-default\">\n\t\t\t\t\t<div class=\"elementor-column elementor-col-100 elementor-top-column elementor-element elementor-element-1d17ea9\" data-id=\"1d17ea9\" data-element_type=\"column\" data-e-type=\"column\">\n\t\t\t<div class=\"elementor-widget-wrap elementor-element-populated\">\n\t\t\t\t\t\t<div class=\"elementor-element elementor-element-ff798c5 elementor-widget elementor-widget-text-editor\" data-id=\"ff798c5\" data-element_type=\"widget\" data-e-type=\"widget\" data-widget_type=\"text-editor.default\">\n\t\t\t\t<div class=\"elementor-widget-container\">\n\t\t\t\t\t\t\t\t\t<p>L&#039;usuari \u00e9s l&#039;\u00fanic responsable de la veracitat i correcci\u00f3 de les dades facilitades a trav\u00e9s de qualsevol dels formularis incorporats a la web, exonerant REFORMES I PROJECTES REPROBCN SL de qualsevol responsabilitat al respecte. Els usuaris garanteixen i responen, en qualsevol cas, de l&#039;exactitud, vig\u00e8ncia i autenticitat de les dades personals facilitades, i es comprometen a mantenir-les degudament actualitzades. L&#039;usuari accepta proporcionar informaci\u00f3 completa i correcta als formularis que empleni.<\/p><p>REFORMES I PROJECTES REPROBCN SL no respon de la veracitat de les informacions que no siguin d&#039;elaboraci\u00f3 pr\u00f2pia i de les quals s&#039;indiqui una altra font, per la qual cosa tampoc no assumeix cap responsabilitat quant a hipot\u00e8tics perjudicis que es puguin originar per l&#039;\u00fas d&#039;aquesta informaci\u00f3.<\/p><p>S&#039;exonera REFORMES I PROJECTES REPROBCN SL de responsabilitat davant de qualsevol dany o perjudici que pogu\u00e9s patir l&#039;usuari com a conseq\u00fc\u00e8ncia d&#039;errors, defectes o omissions, en la informaci\u00f3 facilitada per REFORMES I PROJECTES REPROBCN SL sempre que aquesta procedeixi de fonts alienes a ella.<\/p>\t\t\t\t\t\t\t\t<\/div>\n\t\t\t\t<\/div>\n\t\t\t\t\t<\/div>\n\t\t<\/div>\n\t\t\t\t\t<\/div>\n\t\t<\/section>\n\t\t\t\t<section class=\"elementor-section elementor-top-section elementor-element elementor-element-75d66b0 elementor-section-boxed elementor-section-height-default elementor-section-height-default\" data-id=\"75d66b0\" data-element_type=\"section\" data-e-type=\"section\">\n\t\t\t\t\t\t<div class=\"elementor-container elementor-column-gap-default\">\n\t\t\t\t\t<div class=\"elementor-column elementor-col-100 elementor-top-column elementor-element elementor-element-9666851\" data-id=\"9666851\" data-element_type=\"column\" data-e-type=\"column\">\n\t\t\t<div class=\"elementor-widget-wrap elementor-element-populated\">\n\t\t\t\t\t\t<div class=\"elementor-element elementor-element-b241aea elementor-widget elementor-widget-heading\" data-id=\"b241aea\" data-element_type=\"widget\" data-e-type=\"widget\" data-widget_type=\"heading.default\">\n\t\t\t\t<div class=\"elementor-widget-container\">\n\t\t\t\t\t<h2 class=\"elementor-heading-title elementor-size-default\">Quines mesures de seguretat apliquem per protegir les dades personals?\n\n\n<\/h2>\t\t\t\t<\/div>\n\t\t\t\t<\/div>\n\t\t\t\t\t<\/div>\n\t\t<\/div>\n\t\t\t\t\t<\/div>\n\t\t<\/section>\n\t\t\t\t<section class=\"elementor-section elementor-top-section elementor-element elementor-element-e8637cd elementor-section-boxed elementor-section-height-default elementor-section-height-default\" data-id=\"e8637cd\" data-element_type=\"section\" data-e-type=\"section\">\n\t\t\t\t\t\t<div class=\"elementor-container elementor-column-gap-default\">\n\t\t\t\t\t<div class=\"elementor-column elementor-col-100 elementor-top-column elementor-element elementor-element-deec3e0\" data-id=\"deec3e0\" data-element_type=\"column\" data-e-type=\"column\">\n\t\t\t<div class=\"elementor-widget-wrap elementor-element-populated\">\n\t\t\t\t\t\t<div class=\"elementor-element elementor-element-ea83c9b elementor-widget elementor-widget-text-editor\" data-id=\"ea83c9b\" data-element_type=\"widget\" data-e-type=\"widget\" data-widget_type=\"text-editor.default\">\n\t\t\t\t<div class=\"elementor-widget-container\">\n\t\t\t\t\t\t\t\t\t<p>REFORMES I PROJECTES REPROBCN SL ha adoptat els nivells de seguretat de protecci\u00f3 de les dades personals legalment requerides, i procura instal\u00b7lar aquells mitjans i mesures t\u00e8cniques addicionals al seu abast per evitar la p\u00e8rdua, mal \u00fas, alteraci\u00f3, acc\u00e9s no autoritzat i robatori de les dades personals facilitats a REFORMES I PROJECTES REPROBCN SL Aix\u00f2 no obstant, l&#039;usuari ha de ser conscient que les mesures de seguretat a Internet no s\u00f3n inexpugnables.<\/p><p>Per aix\u00f2 REFORMES I PROJECTES REPROBCN SL no \u00e9s responsable d&#039;hipot\u00e8tics danys o perjudicis que es puguin derivar d&#039;interfer\u00e8ncies, omissions, interrupcions, virus inform\u00e0tics, avaries telef\u00f2niques o desconnexions en el funcionament operatiu d&#039;aquest sistema electr\u00f2nic, motivades per causes alienes a REFORMES I PROJECTES REPROBCN SL de retards o bloquejos en l&#039;\u00fas del present sistema electr\u00f2nic causats per defici\u00e8ncies o sobrec\u00e0rregues de l\u00ednies telef\u00f2niques o sobrec\u00e0rregues al Centre de Processos de Dades, al sistema d&#039;Internet o en altres sistemes electr\u00f2nics, aix\u00ed com de danys que puguin ser causats per terceres persones mitjan\u00e7ant intromissions il\u00b7leg\u00edtimes fora del control de REFORMES I PROJECTES REPROBCN SL<\/p>\t\t\t\t\t\t\t\t<\/div>\n\t\t\t\t<\/div>\n\t\t\t\t\t<\/div>\n\t\t<\/div>\n\t\t\t\t\t<\/div>\n\t\t<\/section>\n\t\t\t\t<section class=\"elementor-section elementor-top-section elementor-element elementor-element-fd1ab9b elementor-section-boxed elementor-section-height-default elementor-section-height-default\" data-id=\"fd1ab9b\" data-element_type=\"section\" data-e-type=\"section\">\n\t\t\t\t\t\t<div class=\"elementor-container elementor-column-gap-default\">\n\t\t\t\t\t<div class=\"elementor-column elementor-col-100 elementor-top-column elementor-element elementor-element-ec7c3e7\" data-id=\"ec7c3e7\" data-element_type=\"column\" data-e-type=\"column\">\n\t\t\t<div class=\"elementor-widget-wrap elementor-element-populated\">\n\t\t\t\t\t\t<div class=\"elementor-element elementor-element-1e7a6a1 elementor-widget elementor-widget-heading\" data-id=\"1e7a6a1\" data-element_type=\"widget\" data-e-type=\"widget\" data-widget_type=\"heading.default\">\n\t\t\t\t<div class=\"elementor-widget-container\">\n\t\t\t\t\t<h2 class=\"elementor-heading-title elementor-size-default\">Com tractem les dades dels menors?<\/h2>\t\t\t\t<\/div>\n\t\t\t\t<\/div>\n\t\t\t\t\t<\/div>\n\t\t<\/div>\n\t\t\t\t\t<\/div>\n\t\t<\/section>\n\t\t\t\t<section class=\"elementor-section elementor-top-section elementor-element elementor-element-24ccf0b elementor-section-boxed elementor-section-height-default elementor-section-height-default\" data-id=\"24ccf0b\" data-element_type=\"section\" data-e-type=\"section\">\n\t\t\t\t\t\t<div class=\"elementor-container elementor-column-gap-default\">\n\t\t\t\t\t<div class=\"elementor-column elementor-col-100 elementor-top-column elementor-element elementor-element-24fcae8\" data-id=\"24fcae8\" data-element_type=\"column\" data-e-type=\"column\">\n\t\t\t<div class=\"elementor-widget-wrap elementor-element-populated\">\n\t\t\t\t\t\t<div class=\"elementor-element elementor-element-3a344c1 elementor-widget elementor-widget-text-editor\" data-id=\"3a344c1\" data-element_type=\"widget\" data-e-type=\"widget\" data-widget_type=\"text-editor.default\">\n\t\t\t\t<div class=\"elementor-widget-container\">\n\t\t\t\t\t\t\t\t\t<p>Com a regla general, REFORMES I PROJECTES REPROBCN SL tractar\u00e0 dades de menors d&#039;edat per a l&#039;emmagatzematge i el manteniment d&#039;aquestes dades a la plataforma educativa de la qual \u00e9s Responsable del Tractament. Signant amb els centres educatius els contractes d&#039;encarregats de tractament necessaris per garantir la protecci\u00f3 i la seguretat d&#039;aquestes dades.<\/p>\t\t\t\t\t\t\t\t<\/div>\n\t\t\t\t<\/div>\n\t\t\t\t\t<\/div>\n\t\t<\/div>\n\t\t\t\t\t<\/div>\n\t\t<\/section>\n\t\t\t\t<section class=\"elementor-section elementor-top-section elementor-element elementor-element-ecb2520 elementor-section-boxed elementor-section-height-default elementor-section-height-default\" data-id=\"ecb2520\" data-element_type=\"section\" data-e-type=\"section\">\n\t\t\t\t\t\t<div class=\"elementor-container elementor-column-gap-default\">\n\t\t\t\t\t<div class=\"elementor-column elementor-col-100 elementor-top-column elementor-element elementor-element-537f878\" data-id=\"537f878\" data-element_type=\"column\" data-e-type=\"column\">\n\t\t\t<div class=\"elementor-widget-wrap elementor-element-populated\">\n\t\t\t\t\t\t<div class=\"elementor-element elementor-element-3604e51 elementor-widget elementor-widget-heading\" data-id=\"3604e51\" data-element_type=\"widget\" data-e-type=\"widget\" data-widget_type=\"heading.default\">\n\t\t\t\t<div class=\"elementor-widget-container\">\n\t\t\t\t\t<h2 class=\"elementor-heading-title elementor-size-default\">Com utilitzem les galetes?<\/h2>\t\t\t\t<\/div>\n\t\t\t\t<\/div>\n\t\t\t\t\t<\/div>\n\t\t<\/div>\n\t\t\t\t\t<\/div>\n\t\t<\/section>\n\t\t\t\t<section class=\"elementor-section elementor-top-section elementor-element elementor-element-20c5ae3 elementor-section-boxed elementor-section-height-default elementor-section-height-default\" data-id=\"20c5ae3\" data-element_type=\"section\" data-e-type=\"section\">\n\t\t\t\t\t\t<div class=\"elementor-container elementor-column-gap-default\">\n\t\t\t\t\t<div class=\"elementor-column elementor-col-100 elementor-top-column elementor-element elementor-element-f161587\" data-id=\"f161587\" data-element_type=\"column\" data-e-type=\"column\">\n\t\t\t<div class=\"elementor-widget-wrap elementor-element-populated\">\n\t\t\t\t\t\t<div class=\"elementor-element elementor-element-46db552 elementor-widget elementor-widget-text-editor\" data-id=\"46db552\" data-element_type=\"widget\" data-e-type=\"widget\" data-widget_type=\"text-editor.default\">\n\t\t\t\t<div class=\"elementor-widget-container\">\n\t\t\t\t\t\t\t\t\t<p>El lloc web i les xarxes socials de REFORMES I PROJECTES REPROBCN SL utilitzen cookies, a l&#039;efecte d&#039;optimitzar i personalitzar la navegaci\u00f3 per les mateixes. Les galetes s\u00f3n fitxers f\u00edsics d&#039;informaci\u00f3 que s&#039;allotgen al mateix terminal de l&#039;usuari, la informaci\u00f3 recollida mitjan\u00e7ant les galetes serveix per facilitar la navegaci\u00f3 de l&#039;usuari pel portal i optimitzar l&#039;experi\u00e8ncia de navegaci\u00f3. Les dades recopilades mitjan\u00e7ant les cookies poden ser compartides amb els seus creadors, per\u00f2 en cap cas la informaci\u00f3 obtinguda per aquestes no ser\u00e0 associada a dades personals ni a dades que puguin identificar l&#039;usuari. No obstant aix\u00f2, si l&#039;usuari no desitja que s&#039;instal\u00b7lin cookies al vostre disc dur, teniu la possibilitat de configurar el navegador de manera que impedeixi la instal\u00b7laci\u00f3 d&#039;aquests fitxers. Per obtenir m\u00e9s informaci\u00f3 consulteu la nostra Pol\u00edtica de Cookies.<\/p>\t\t\t\t\t\t\t\t<\/div>\n\t\t\t\t<\/div>\n\t\t\t\t\t<\/div>\n\t\t<\/div>\n\t\t\t\t\t<\/div>\n\t\t<\/section>\n\t\t\t\t<section class=\"elementor-section elementor-top-section elementor-element elementor-element-735c20d elementor-section-boxed elementor-section-height-default elementor-section-height-default\" data-id=\"735c20d\" data-element_type=\"section\" data-e-type=\"section\">\n\t\t\t\t\t\t<div class=\"elementor-container elementor-column-gap-default\">\n\t\t\t\t\t<div class=\"elementor-column elementor-col-100 elementor-top-column elementor-element elementor-element-bbea872\" data-id=\"bbea872\" data-element_type=\"column\" data-e-type=\"column\">\n\t\t\t<div class=\"elementor-widget-wrap elementor-element-populated\">\n\t\t\t\t\t\t<div class=\"elementor-element elementor-element-e4da785 elementor-widget elementor-widget-heading\" data-id=\"e4da785\" data-element_type=\"widget\" data-e-type=\"widget\" data-widget_type=\"heading.default\">\n\t\t\t\t<div class=\"elementor-widget-container\">\n\t\t\t\t\t<h2 class=\"elementor-heading-title elementor-size-default\">Pol\u00edtica de seguretat interna<\/h2>\t\t\t\t<\/div>\n\t\t\t\t<\/div>\n\t\t\t\t\t<\/div>\n\t\t<\/div>\n\t\t\t\t\t<\/div>\n\t\t<\/section>\n\t\t\t\t<section class=\"elementor-section elementor-top-section elementor-element elementor-element-3cf08a2 elementor-section-boxed elementor-section-height-default elementor-section-height-default\" data-id=\"3cf08a2\" data-element_type=\"section\" data-e-type=\"section\">\n\t\t\t\t\t\t<div class=\"elementor-container elementor-column-gap-default\">\n\t\t\t\t\t<div class=\"elementor-column elementor-col-100 elementor-top-column elementor-element elementor-element-78917ce\" data-id=\"78917ce\" data-element_type=\"column\" data-e-type=\"column\">\n\t\t\t<div class=\"elementor-widget-wrap elementor-element-populated\">\n\t\t\t\t\t\t<div class=\"elementor-element elementor-element-44c6c40 elementor-widget elementor-widget-text-editor\" data-id=\"44c6c40\" data-element_type=\"widget\" data-e-type=\"widget\" data-widget_type=\"text-editor.default\">\n\t\t\t\t<div class=\"elementor-widget-container\">\n\t\t\t\t\t\t\t\t\t<p>Les bretxes de seguretat poden ser causades per treballadors, tercers o errors inform\u00e0tics. Per aix\u00f2, estem obligats legalment a notificar als interessats si les vostres dades personals s&#039;han vist greument afectades en un termini m\u00e0xim de 72 hores. A m\u00e9s, es notificar\u00e0 als usuaris tan aviat com es resolgui la bretxa de seguretat.<\/p><p><br \/>Modificaci\u00f3 de la pol\u00edtica de privadesa<\/p><p>Aquesta pol\u00edtica de privadesa es pot modificar. Et recomanem que revisis la pol\u00edtica de privadesa amb certa periodicitat.<\/p><p>REFORMES I PROJECTES REPROBCN SL 2021 | Av\u00eds legal i Pol\u00edtica de privadesa | Pol\u00edtica de galetes |<br \/>Les galetes d&#039;aquest lloc web es fan servir per personalitzar el contingut i els anuncis, oferir funcions de xarxes socials i analitzar el tr\u00e0nsit. A m\u00e9s, compartim informaci\u00f3 sobre l&#039;\u00fas que feu del lloc web amb els nostres partners de xarxes socials, publicitat i an\u00e0lisi web, els quals poden combinar-la amb una altra informaci\u00f3 que us hagi proporcionat o que hagin recopilat a partir de l&#039;\u00fas que hagi fet dels seus serveis.<\/p>\t\t\t\t\t\t\t\t<\/div>\n\t\t\t\t<\/div>\n\t\t\t\t\t<\/div>\n\t\t<\/div>\n\t\t\t\t\t<\/div>\n\t\t<\/section>\n\t\t\t\t<section class=\"elementor-section elementor-top-section elementor-element elementor-element-14b3250 elementor-section-boxed elementor-section-height-default elementor-section-height-default\" data-id=\"14b3250\" data-element_type=\"section\" data-e-type=\"section\">\n\t\t\t\t\t\t<div class=\"elementor-container elementor-column-gap-default\">\n\t\t\t\t\t<div class=\"elementor-column elementor-col-100 elementor-top-column elementor-element elementor-element-d97e74c\" data-id=\"d97e74c\" data-element_type=\"column\" data-e-type=\"column\">\n\t\t\t<div class=\"elementor-widget-wrap elementor-element-populated\">\n\t\t\t\t\t\t<div class=\"elementor-element elementor-element-a0569aa elementor-widget__width-auto elementor-fixed elementor-shape-rounded elementor-grid-0 e-grid-align-center elementor-widget elementor-widget-social-icons\" data-id=\"a0569aa\" data-element_type=\"widget\" data-e-type=\"widget\" data-settings=\"{&quot;_position&quot;:&quot;fixed&quot;}\" data-widget_type=\"social-icons.default\">\n\t\t\t\t<div class=\"elementor-widget-container\">\n\t\t\t\t\t\t\t<div class=\"elementor-social-icons-wrapper elementor-grid\">\n\t\t\t\t\t\t\t<span class=\"elementor-grid-item\">\n\t\t\t\t\t<a class=\"elementor-icon elementor-social-icon elementor-social-icon-whatsapp elementor-repeater-item-d51b345\" href=\"https:\/\/api.whatsapp.com\/send?phone=34627011370\" target=\"_blank\" rel=\"noopener\">\n\t\t\t\t\t\t<span class=\"elementor-screen-only\">Whatsapp<\/span>\n\t\t\t\t\t\t<i aria-hidden=\"true\" class=\"fab fa-whatsapp\"><\/i>\t\t\t\t\t<\/a>\n\t\t\t\t<\/span>\n\t\t\t\t\t<\/div>\n\t\t\t\t\t\t<\/div>\n\t\t\t\t<\/div>\n\t\t\t\t\t<\/div>\n\t\t<\/div>\n\t\t\t\t\t<\/div>\n\t\t<\/section>\n\t\t\t\t<\/div>","protected":false},"excerpt":{"rendered":"<p>CONTINGUT Informaci\u00f3 legal de reformes i projectes Barcelona, REPROBCN En compliment amb el deure de la informaci\u00f3 recollit a l&#039;article 10 de la Llei 34\/2002, d&#039;11 de juliol, de Serveis de la Societat de la Informaci\u00f3 i del Comer\u00e7 Electr\u00f2nic, us informem que el contingut d&#039;aquesta p\u00e0gina web http:\/\/reprobarcelona.com (d&#039;ara endavant, la [\u2026]<\/p>","protected":false},"author":1,"featured_media":0,"parent":0,"menu_order":0,"comment_status":"closed","ping_status":"open","template":"","meta":{"footnotes":""},"class_list":["post-224","page","type-page","status-publish","hentry"],"_links":{"self":[{"href":"https:\/\/www.reprobarcelona.com\/ca\/wp-json\/wp\/v2\/pages\/224","targetHints":{"allow":["GET"]}}],"collection":[{"href":"https:\/\/www.reprobarcelona.com\/ca\/wp-json\/wp\/v2\/pages"}],"about":[{"href":"https:\/\/www.reprobarcelona.com\/ca\/wp-json\/wp\/v2\/types\/page"}],"author":[{"embeddable":true,"href":"https:\/\/www.reprobarcelona.com\/ca\/wp-json\/wp\/v2\/users\/1"}],"replies":[{"embeddable":true,"href":"https:\/\/www.reprobarcelona.com\/ca\/wp-json\/wp\/v2\/comments?post=224"}],"version-history":[{"count":0,"href":"https:\/\/www.reprobarcelona.com\/ca\/wp-json\/wp\/v2\/pages\/224\/revisions"}],"wp:attachment":[{"href":"https:\/\/www.reprobarcelona.com\/ca\/wp-json\/wp\/v2\/media?parent=224"}],"curies":[{"name":"wp","href":"https:\/\/api.w.org\/{rel}","templated":true}]}}