{"id":3797,"date":"2024-08-18T08:36:40","date_gmt":"2024-08-18T08:36:40","guid":{"rendered":"https:\/\/www.reprobarcelona.com\/?page_id=3797"},"modified":"2026-07-25T18:08:12","modified_gmt":"2026-07-25T18:08:12","slug":"reformes-cuines-luxe-barcelona","status":"publish","type":"page","link":"https:\/\/www.reprobarcelona.com\/ca\/reformas-cocinas-lujo-barcelona\/","title":{"rendered":"Reformes de cuina de luxe"},"content":{"rendered":"<div data-elementor-type=\"wp-page\" data-elementor-id=\"3797\" class=\"elementor elementor-3797\" data-elementor-post-type=\"page\">\n\t\t\t\t\t\t<section class=\"elementor-section elementor-top-section elementor-element elementor-element-c48dde9 elementor-section-boxed elementor-section-height-default elementor-section-height-default\" data-id=\"c48dde9\" data-element_type=\"section\" data-e-type=\"section\">\n\t\t\t\t\t\t<div class=\"elementor-container elementor-column-gap-default\">\n\t\t\t\t\t<div class=\"elementor-column elementor-col-100 elementor-top-column elementor-element elementor-element-136c7f1\" data-id=\"136c7f1\" data-element_type=\"column\" data-e-type=\"column\">\n\t\t\t<div class=\"elementor-widget-wrap elementor-element-populated\">\n\t\t\t\t\t\t<div class=\"elementor-element elementor-element-c76d2fb elementor-widget elementor-widget-heading\" data-id=\"c76d2fb\" data-element_type=\"widget\" data-e-type=\"widget\" data-widget_type=\"heading.default\">\n\t\t\t\t<div class=\"elementor-widget-container\">\n\t\t\t\t\t<h1 class=\"elementor-heading-title elementor-size-default\">Reformes de cuines de luxe a Barcelona<\/h1>\t\t\t\t<\/div>\n\t\t\t\t<\/div>\n\t\t\t\t<div class=\"elementor-element elementor-element-38011d5 elementor-widget-divider--view-line elementor-widget elementor-widget-divider\" data-id=\"38011d5\" data-element_type=\"widget\" data-e-type=\"widget\" data-widget_type=\"divider.default\">\n\t\t\t\t<div class=\"elementor-widget-container\">\n\t\t\t\t\t\t\t<div class=\"elementor-divider\">\n\t\t\t<span class=\"elementor-divider-separator\">\n\t\t\t\t\t\t<\/span>\n\t\t<\/div>\n\t\t\t\t\t\t<\/div>\n\t\t\t\t<\/div>\n\t\t\t\t<div class=\"elementor-element elementor-element-093b6dd elementor-widget__width-initial elementor-widget elementor-widget-text-editor\" data-id=\"093b6dd\" data-element_type=\"widget\" data-e-type=\"widget\" data-widget_type=\"text-editor.default\">\n\t\t\t\t<div class=\"elementor-widget-container\">\n\t\t\t\t\t\t\t\t\t<p><span style=\"font-weight: 400;\">Alguna vegada has somiat una cuina que combini funcionalitat, tecnologia avan\u00e7ada i un disseny sofisticat? Les <\/span>reformas de cocina de lujo en Barcelona pueden hacer realidad ese sue\u00f1o. Una cocina de lujo no es solo un lugar para cocinar; es un espacio para disfrutar, compartir y experimentar. En <a href=\"https:\/\/www.reprobarcelona.com\/ca\/quienes-somos\/\" target=\"_blank\" rel=\"noopener\"><b>REPROBARCELONA<\/b><\/a><span style=\"font-weight: 400;\">, ens especialitzem en transformar i crear cuines en espais extraordinaris que reflecteixen estil, innovaci\u00f3 i comoditat.<\/span><\/p>\t\t\t\t\t\t\t\t<\/div>\n\t\t\t\t<\/div>\n\t\t\t\t\t<\/div>\n\t\t<\/div>\n\t\t\t\t\t<\/div>\n\t\t<\/section>\n\t\t\t\t<section class=\"elementor-section elementor-top-section elementor-element elementor-element-f249702 elementor-section-boxed elementor-section-height-default elementor-section-height-default\" data-id=\"f249702\" data-element_type=\"section\" data-e-type=\"section\">\n\t\t\t\t\t\t<div class=\"elementor-container elementor-column-gap-default\">\n\t\t\t\t\t<div class=\"elementor-column elementor-col-50 elementor-top-column elementor-element elementor-element-25cf6ef\" data-id=\"25cf6ef\" data-element_type=\"column\" data-e-type=\"column\">\n\t\t\t<div class=\"elementor-widget-wrap elementor-element-populated\">\n\t\t\t\t\t\t<div class=\"elementor-element elementor-element-3dda25d elementor-widget elementor-widget-heading\" data-id=\"3dda25d\" data-element_type=\"widget\" data-e-type=\"widget\" data-widget_type=\"heading.default\">\n\t\t\t\t<div class=\"elementor-widget-container\">\n\t\t\t\t\t<h2 class=\"elementor-heading-title elementor-size-default\">Tend\u00e8ncies actuals a les reformes de cuina de luxe<\/h2>\t\t\t\t<\/div>\n\t\t\t\t<\/div>\n\t\t\t\t<div class=\"elementor-element elementor-element-73d168d elementor-widget elementor-widget-text-editor\" data-id=\"73d168d\" data-element_type=\"widget\" data-e-type=\"widget\" data-widget_type=\"text-editor.default\">\n\t\t\t\t<div class=\"elementor-widget-container\">\n\t\t\t\t\t\t\t\t\t<p><span style=\"font-weight: 400;\">Les cuines de luxe no nom\u00e9s es destaquen pels materials i electrodom\u00e8stics, sin\u00f3 tamb\u00e9 per les tend\u00e8ncies de disseny que incorporen. Algunes de les tend\u00e8ncies m\u00e9s populars inclouen:<\/span><\/p><h3>Cuines obertes i multifuncionals<\/h3><p><span style=\"font-weight: 400;\">Una tend\u00e8ncia creixent \u00e9s crear cuines obertes que s&#039;integren amb altres \u00e0rees de la casa, com el menjador o la sala d&#039;estar. Aquest disseny no sols fa que l&#039;espai se senti m\u00e9s gran, sin\u00f3 que tamb\u00e9 en facilita la interacci\u00f3 social i familiar.<\/span><\/p><h3>Il\u00b7luminaci\u00f3 personalitzada<\/h3><p><span style=\"font-weight: 400;\">La il\u00b7luminaci\u00f3 \u00e9s crucial en una cuina de luxe. Des de llums sota els armaris fins a l\u00e0mpades penjants sobre l&#039;illa de cuina, la il\u00b7luminaci\u00f3 adequada pot transformar completament l&#039;ambient de l&#039;espai. A m\u00e9s, la incorporaci\u00f3 de sistemes d&#039;il\u00b7luminaci\u00f3 intel\u00b7ligent permet ajustar la intensitat i el color dels llums per adaptar-se a diferents ocasions.<\/span><\/p><h3>Contacta&#039;ns per comen\u00e7ar el teu projecte de cuina de luxe<\/h3><p><span style=\"font-weight: 400;\">Si est\u00e0s considerant una reforma de cuina de luxe a Barcelona, no dubtis a posar-te en contacte amb nosaltres. A ReproBarcelona, som aqu\u00ed per ajudar-te a transformar la teva cuina en un espai de luxe i sofisticaci\u00f3, dissenyat a mida per a tu.<\/span><\/p>\t\t\t\t\t\t\t\t<\/div>\n\t\t\t\t<\/div>\n\t\t\t\t\t<\/div>\n\t\t<\/div>\n\t\t\t\t<div class=\"elementor-column elementor-col-50 elementor-top-column elementor-element elementor-element-1d917ea\" data-id=\"1d917ea\" data-element_type=\"column\" data-e-type=\"column\">\n\t\t\t<div class=\"elementor-widget-wrap elementor-element-populated\">\n\t\t\t\t\t\t<div class=\"elementor-element elementor-element-735be03 elementor-widget elementor-widget-spacer\" data-id=\"735be03\" data-element_type=\"widget\" data-e-type=\"widget\" data-widget_type=\"spacer.default\">\n\t\t\t\t<div class=\"elementor-widget-container\">\n\t\t\t\t\t\t\t<div class=\"elementor-spacer\">\n\t\t\t<div class=\"elementor-spacer-inner\"><\/div>\n\t\t<\/div>\n\t\t\t\t\t\t<\/div>\n\t\t\t\t<\/div>\n\t\t\t\t<div class=\"elementor-element elementor-element-e740791 elementor-widget elementor-widget-image\" data-id=\"e740791\" data-element_type=\"widget\" data-e-type=\"widget\" data-widget_type=\"image.default\">\n\t\t\t\t<div class=\"elementor-widget-container\">\n\t\t\t\t\t\t\t\t\t\t\t\t\t\t\t\t<a href=\"https:\/\/www.reprobarcelona.com\/wp-content\/uploads\/2024\/08\/Reformas-de-cocina-de-lujo-4.jpg\" data-elementor-open-lightbox=\"yes\" data-elementor-lightbox-title=\"Reformas de cocina de lujo 4\" data-e-action-hash=\"#elementor-action%3Aaction%3Dlightbox%26settings%3DeyJpZCI6MzgwNSwidXJsIjoiaHR0cHM6XC9cL3d3dy5yZXByb2JhcmNlbG9uYS5jb21cL3dwLWNvbnRlbnRcL3VwbG9hZHNcLzIwMjRcLzA4XC9SZWZvcm1hcy1kZS1jb2NpbmEtZGUtbHVqby00LmpwZyJ9\">\n\t\t\t\t\t\t\t<img decoding=\"async\" src=\"https:\/\/www.reprobarcelona.com\/wp-content\/uploads\/elementor\/thumbs\/Reformas-de-cocina-de-lujo-4-rh61yf859fryu3z4z8sfjvlskximolwl3g0cg9viz4.jpg\" title=\"Reformes de cuina de luxe 4\" alt=\"Reformes de cuina de luxe 4\" loading=\"lazy\" \/>\t\t\t\t\t\t\t\t<\/a>\n\t\t\t\t\t\t\t\t\t\t\t\t\t\t\t<\/div>\n\t\t\t\t<\/div>\n\t\t\t\t\t<\/div>\n\t\t<\/div>\n\t\t\t\t\t<\/div>\n\t\t<\/section>\n\t\t\t\t<section class=\"elementor-section elementor-top-section elementor-element elementor-element-36e4a54 elementor-section-boxed elementor-section-height-default elementor-section-height-default\" data-id=\"36e4a54\" data-element_type=\"section\" data-e-type=\"section\">\n\t\t\t\t\t\t<div class=\"elementor-container elementor-column-gap-default\">\n\t\t\t\t\t<div class=\"elementor-column elementor-col-100 elementor-top-column elementor-element elementor-element-5c66799\" data-id=\"5c66799\" data-element_type=\"column\" data-e-type=\"column\">\n\t\t\t<div class=\"elementor-widget-wrap elementor-element-populated\">\n\t\t\t\t\t\t<div class=\"elementor-element elementor-element-d665d91 elementor-widget elementor-widget-image\" data-id=\"d665d91\" data-element_type=\"widget\" data-e-type=\"widget\" data-settings=\"{&quot;motion_fx_motion_fx_scrolling&quot;:&quot;yes&quot;,&quot;motion_fx_translateX_effect&quot;:&quot;yes&quot;,&quot;motion_fx_translateX_speed&quot;:{&quot;unit&quot;:&quot;px&quot;,&quot;size&quot;:3.2,&quot;sizes&quot;:[]},&quot;motion_fx_translateX_affectedRange&quot;:{&quot;unit&quot;:&quot;%&quot;,&quot;size&quot;:&quot;&quot;,&quot;sizes&quot;:{&quot;start&quot;:0,&quot;end&quot;:88}},&quot;motion_fx_devices&quot;:[&quot;desktop&quot;,&quot;tablet&quot;,&quot;mobile&quot;]}\" data-widget_type=\"image.default\">\n\t\t\t\t<div class=\"elementor-widget-container\">\n\t\t\t\t\t\t\t\t\t\t\t\t\t\t\t<img fetchpriority=\"high\" decoding=\"async\" width=\"800\" height=\"201\" src=\"https:\/\/www.reprobarcelona.com\/wp-content\/uploads\/2023\/02\/REFOR2.png\" class=\"attachment-large size-large wp-image-864\" alt=\"REPROBARCELONA\" srcset=\"https:\/\/www.reprobarcelona.com\/wp-content\/uploads\/2023\/02\/REFOR2.png 1024w, https:\/\/www.reprobarcelona.com\/wp-content\/uploads\/2023\/02\/REFOR2-300x75.png 300w, https:\/\/www.reprobarcelona.com\/wp-content\/uploads\/2023\/02\/REFOR2-768x193.png 768w\" sizes=\"(max-width: 800px) 100vw, 800px\" \/>\t\t\t\t\t\t\t\t\t\t\t\t\t\t\t<\/div>\n\t\t\t\t<\/div>\n\t\t\t\t\t<\/div>\n\t\t<\/div>\n\t\t\t\t\t<\/div>\n\t\t<\/section>\n\t\t\t\t<section class=\"elementor-section elementor-top-section elementor-element elementor-element-c2ecc9c elementor-section-boxed elementor-section-height-default elementor-section-height-default\" data-id=\"c2ecc9c\" data-element_type=\"section\" data-e-type=\"section\">\n\t\t\t\t\t\t<div class=\"elementor-container elementor-column-gap-default\">\n\t\t\t\t\t<div class=\"elementor-column elementor-col-50 elementor-top-column elementor-element elementor-element-e563dc1\" data-id=\"e563dc1\" data-element_type=\"column\" data-e-type=\"column\">\n\t\t\t<div class=\"elementor-widget-wrap elementor-element-populated\">\n\t\t\t\t\t\t<div class=\"elementor-element elementor-element-584f1fb elementor-widget elementor-widget-heading\" data-id=\"584f1fb\" data-element_type=\"widget\" data-e-type=\"widget\" data-widget_type=\"heading.default\">\n\t\t\t\t<div class=\"elementor-widget-container\">\n\t\t\t\t\t<h2 class=\"elementor-heading-title elementor-size-default\">Qu\u00e8 defineix una cuina de luxe?<\/h2>\t\t\t\t<\/div>\n\t\t\t\t<\/div>\n\t\t\t\t<div class=\"elementor-element elementor-element-a1f48bd elementor-widget elementor-widget-text-editor\" data-id=\"a1f48bd\" data-element_type=\"widget\" data-e-type=\"widget\" data-widget_type=\"text-editor.default\">\n\t\t\t\t<div class=\"elementor-widget-container\">\n\t\t\t\t\t\t\t\t\t<p><span style=\"font-weight: 400;\">Una cuina de luxe es distingeix per la vostra atenci\u00f3 als detalls, l&#039;\u00fas de materials d&#039;alta qualitat i la integraci\u00f3 de tecnologia avan\u00e7ada. Per\u00f2, qu\u00e8 vol dir realment tenir una cuina de luxe? No nom\u00e9s \u00e9s sobre l&#039;aspecte visual; \u00e9s una combinaci\u00f3 de disseny, funcionalitat i experi\u00e8ncia.<\/span><\/p><h3>Materials de primera qualitat<\/h3><p><span style=\"font-weight: 400;\">Els materials s\u00f3n la base de qualsevol cuina de luxe. A ReproBarcelona, utilitzem nom\u00e9s els millors: taulells de marbre, granit o quars, armaris de fustes nobles i acabats en acer inoxidable o coure. Aquests materials no nom\u00e9s ofereixen una est\u00e8tica impressionant sin\u00f3 tamb\u00e9 durabilitat i facilitat de manteniment.<\/span><\/p><h3>Electrodom\u00e8stics d&#039;alta gamma<\/h3><p><span style=\"font-weight: 400;\">Els electrodom\u00e8stics s\u00f3n un element clau en una cuina de luxe. Equips com forns de convecci\u00f3, neveres de vi, rentavaixelles silenciosos i sistemes de cocci\u00f3 per inducci\u00f3 no nom\u00e9s fan la vida m\u00e9s f\u00e0cil, sin\u00f3 que tamb\u00e9 hi afegeixen un toc de sofisticaci\u00f3. A m\u00e9s, la integraci\u00f3 de tecnologia intel\u00b7ligent permet controlar molts d&#039;aquests aparells des d&#039;un tel\u00e8fon intel\u00b7ligent, optimitzant l&#039;efici\u00e8ncia i el control.<\/span><\/p>\t\t\t\t\t\t\t\t<\/div>\n\t\t\t\t<\/div>\n\t\t\t\t\t<\/div>\n\t\t<\/div>\n\t\t\t\t<div class=\"elementor-column elementor-col-50 elementor-top-column elementor-element elementor-element-6bb4577\" data-id=\"6bb4577\" data-element_type=\"column\" data-e-type=\"column\">\n\t\t\t<div class=\"elementor-widget-wrap elementor-element-populated\">\n\t\t\t\t\t\t<div class=\"elementor-element elementor-element-f4fd6db elementor-widget elementor-widget-spacer\" data-id=\"f4fd6db\" data-element_type=\"widget\" data-e-type=\"widget\" data-widget_type=\"spacer.default\">\n\t\t\t\t<div class=\"elementor-widget-container\">\n\t\t\t\t\t\t\t<div class=\"elementor-spacer\">\n\t\t\t<div class=\"elementor-spacer-inner\"><\/div>\n\t\t<\/div>\n\t\t\t\t\t\t<\/div>\n\t\t\t\t<\/div>\n\t\t\t\t<div class=\"elementor-element elementor-element-038e765 elementor-widget elementor-widget-image\" data-id=\"038e765\" data-element_type=\"widget\" data-e-type=\"widget\" data-widget_type=\"image.default\">\n\t\t\t\t<div class=\"elementor-widget-container\">\n\t\t\t\t\t\t\t\t\t\t\t\t\t\t\t\t<a href=\"https:\/\/www.reprobarcelona.com\/wp-content\/uploads\/2024\/08\/Reformas-de-cocina-de-lujo-1.jpg\" data-elementor-open-lightbox=\"yes\" data-elementor-lightbox-title=\"Reformas de cocina de lujo 1\" data-e-action-hash=\"#elementor-action%3Aaction%3Dlightbox%26settings%3DeyJpZCI6Mzc5OSwidXJsIjoiaHR0cHM6XC9cL3d3dy5yZXByb2JhcmNlbG9uYS5jb21cL3dwLWNvbnRlbnRcL3VwbG9hZHNcLzIwMjRcLzA4XC9SZWZvcm1hcy1kZS1jb2NpbmEtZGUtbHVqby0xLmpwZyJ9\">\n\t\t\t\t\t\t\t<img decoding=\"async\" src=\"https:\/\/www.reprobarcelona.com\/wp-content\/uploads\/elementor\/thumbs\/Reformas-de-cocina-de-lujo-1-rh61yf829473gq6nte8zjd1yks26lrre2vpb1xuom4.jpg\" title=\"Reformes de cuina de luxe 1\" alt=\"Reformes de cuina de luxe a Barcelona\" loading=\"lazy\" \/>\t\t\t\t\t\t\t\t<\/a>\n\t\t\t\t\t\t\t\t\t\t\t\t\t\t\t<\/div>\n\t\t\t\t<\/div>\n\t\t\t\t\t<\/div>\n\t\t<\/div>\n\t\t\t\t\t<\/div>\n\t\t<\/section>\n\t\t\t\t<section class=\"elementor-section elementor-top-section elementor-element elementor-element-b43541a elementor-section-full_width elementor-section-stretched elementor-section-height-default elementor-section-height-default\" data-id=\"b43541a\" data-element_type=\"section\" data-e-type=\"section\" data-settings=\"{&quot;stretch_section&quot;:&quot;section-stretched&quot;}\">\n\t\t\t\t\t\t<div class=\"elementor-container elementor-column-gap-default\">\n\t\t\t\t\t<div class=\"elementor-column elementor-col-100 elementor-top-column elementor-element elementor-element-51b4aa8\" data-id=\"51b4aa8\" data-element_type=\"column\" data-e-type=\"column\" data-settings=\"{&quot;background_background&quot;:&quot;classic&quot;}\">\n\t\t\t<div class=\"elementor-widget-wrap elementor-element-populated\">\n\t\t\t\t\t\t<div class=\"elementor-element elementor-element-e812c62 elementor-widget elementor-widget-heading\" data-id=\"e812c62\" data-element_type=\"widget\" data-e-type=\"widget\" data-widget_type=\"heading.default\">\n\t\t\t\t<div class=\"elementor-widget-container\">\n\t\t\t\t\t<h2 class=\"elementor-heading-title elementor-size-default\">Per qu\u00e8 escollir ReproBarcelona per a la teva reforma de cuina de luxe?\n<\/h2>\t\t\t\t<\/div>\n\t\t\t\t<\/div>\n\t\t\t\t<section class=\"elementor-section elementor-inner-section elementor-element elementor-element-e9569ea elementor-section-full_width elementor-section-height-default elementor-section-height-default\" data-id=\"e9569ea\" data-element_type=\"section\" data-e-type=\"section\">\n\t\t\t\t\t\t<div class=\"elementor-container elementor-column-gap-default\">\n\t\t\t\t\t<div class=\"elementor-column elementor-col-100 elementor-inner-column elementor-element elementor-element-52d4239\" data-id=\"52d4239\" data-element_type=\"column\" data-e-type=\"column\" data-settings=\"{&quot;background_background&quot;:&quot;classic&quot;}\">\n\t\t\t<div class=\"elementor-widget-wrap elementor-element-populated\">\n\t\t\t\t\t<div class=\"elementor-background-overlay\"><\/div>\n\t\t\t\t\t\t<div class=\"elementor-element elementor-element-f185ea0 elementor-widget elementor-widget-text-editor\" data-id=\"f185ea0\" data-element_type=\"widget\" data-e-type=\"widget\" data-widget_type=\"text-editor.default\">\n\t\t\t\t<div class=\"elementor-widget-container\">\n\t\t\t\t\t\t\t\t\t<p><span style=\"font-weight: 400;\">A <a href=\"https:\/\/www.reprobarcelona.com\/ca\/quienes-somos\/\" target=\"_blank\" rel=\"noopener\"><b>REPROBARCELONA<\/b><\/a><\/span><span style=\"font-weight: 400;\">, ens enorgulleix oferir un servei integral i personalitzat. Amb anys d&#039;experi\u00e8ncia en el disseny i execuci\u00f3 de reformes de cuina de luxe a Barcelona <\/span><span style=\"font-weight: 400;\">, el nostre equip est\u00e0 comprom\u00e8s a crear cuines que no nom\u00e9s siguin belles, sin\u00f3 tamb\u00e9 funcionals i adaptades a les teves necessitats. Utilitzem nom\u00e9s els millors materials i treballem amb prove\u00efdors de confian\u00e7a per assegurar que cada detall de la teva cuina sigui perfecte.<\/span><\/p>\t\t\t\t\t\t\t\t<\/div>\n\t\t\t\t<\/div>\n\t\t\t\t<div class=\"elementor-element elementor-element-08daa88 elementor-align-center elementor-widget elementor-widget-button\" data-id=\"08daa88\" data-element_type=\"widget\" data-e-type=\"widget\" data-widget_type=\"button.default\">\n\t\t\t\t<div class=\"elementor-widget-container\">\n\t\t\t\t\t\t\t\t\t<div class=\"elementor-button-wrapper\">\n\t\t\t\t\t<a class=\"elementor-button elementor-button-link elementor-size-sm\" href=\"https:\/\/www.reprobarcelona.com\/ca\/contacte-reprobarcelona-2\/\">\n\t\t\t\t\t\t<span class=\"elementor-button-content-wrapper\">\n\t\t\t\t\t\t\t\t\t<span class=\"elementor-button-text\">SOL\u00b7LICITA INFORMACI\u00d3<\/span>\n\t\t\t\t\t<\/span>\n\t\t\t\t\t<\/a>\n\t\t\t\t<\/div>\n\t\t\t\t\t\t\t\t<\/div>\n\t\t\t\t<\/div>\n\t\t\t\t\t<\/div>\n\t\t<\/div>\n\t\t\t\t\t<\/div>\n\t\t<\/section>\n\t\t\t\t\t<\/div>\n\t\t<\/div>\n\t\t\t\t\t<\/div>\n\t\t<\/section>\n\t\t\t\t<section class=\"elementor-section elementor-top-section elementor-element elementor-element-fc69fed elementor-reverse-mobile elementor-section-boxed elementor-section-height-default elementor-section-height-default\" data-id=\"fc69fed\" data-element_type=\"section\" data-e-type=\"section\">\n\t\t\t\t\t\t<div class=\"elementor-container elementor-column-gap-default\">\n\t\t\t\t\t<div class=\"elementor-column elementor-col-50 elementor-top-column elementor-element elementor-element-fad2df6\" data-id=\"fad2df6\" data-element_type=\"column\" data-e-type=\"column\">\n\t\t\t<div class=\"elementor-widget-wrap elementor-element-populated\">\n\t\t\t\t\t\t<div class=\"elementor-element elementor-element-ae3df20 elementor-widget elementor-widget-spacer\" data-id=\"ae3df20\" data-element_type=\"widget\" data-e-type=\"widget\" data-widget_type=\"spacer.default\">\n\t\t\t\t<div class=\"elementor-widget-container\">\n\t\t\t\t\t\t\t<div class=\"elementor-spacer\">\n\t\t\t<div class=\"elementor-spacer-inner\"><\/div>\n\t\t<\/div>\n\t\t\t\t\t\t<\/div>\n\t\t\t\t<\/div>\n\t\t\t\t<div class=\"elementor-element elementor-element-2c1564f elementor-widget elementor-widget-image\" data-id=\"2c1564f\" data-element_type=\"widget\" data-e-type=\"widget\" data-widget_type=\"image.default\">\n\t\t\t\t<div class=\"elementor-widget-container\">\n\t\t\t\t\t\t\t\t\t\t\t\t\t\t\t\t<a href=\"https:\/\/www.reprobarcelona.com\/wp-content\/uploads\/2024\/08\/Reformas-de-cocina-de-lujo-3.jpg\" data-elementor-open-lightbox=\"yes\" data-elementor-lightbox-title=\"Reformas de cocina de lujo 3\" data-e-action-hash=\"#elementor-action%3Aaction%3Dlightbox%26settings%3DeyJpZCI6MzgwMywidXJsIjoiaHR0cHM6XC9cL3d3dy5yZXByb2JhcmNlbG9uYS5jb21cL3dwLWNvbnRlbnRcL3VwbG9hZHNcLzIwMjRcLzA4XC9SZWZvcm1hcy1kZS1jb2NpbmEtZGUtbHVqby0zLmpwZyJ9\">\n\t\t\t\t\t\t\t<img decoding=\"async\" width=\"695\" height=\"1024\" src=\"https:\/\/www.reprobarcelona.com\/wp-content\/uploads\/2024\/08\/Reformas-de-cocina-de-lujo-3-695x1024.jpg\" class=\"attachment-large size-large wp-image-3803\" alt=\"\" srcset=\"https:\/\/www.reprobarcelona.com\/wp-content\/uploads\/2024\/08\/Reformas-de-cocina-de-lujo-3-695x1024.jpg 695w, https:\/\/www.reprobarcelona.com\/wp-content\/uploads\/2024\/08\/Reformas-de-cocina-de-lujo-3-204x300.jpg 204w, https:\/\/www.reprobarcelona.com\/wp-content\/uploads\/2024\/08\/Reformas-de-cocina-de-lujo-3-8x12.jpg 8w, https:\/\/www.reprobarcelona.com\/wp-content\/uploads\/2024\/08\/Reformas-de-cocina-de-lujo-3.jpg 768w\" sizes=\"(max-width: 695px) 100vw, 695px\" \/>\t\t\t\t\t\t\t\t<\/a>\n\t\t\t\t\t\t\t\t\t\t\t\t\t\t\t<\/div>\n\t\t\t\t<\/div>\n\t\t\t\t\t<\/div>\n\t\t<\/div>\n\t\t\t\t<div class=\"elementor-column elementor-col-50 elementor-top-column elementor-element elementor-element-8f4f1ea\" data-id=\"8f4f1ea\" data-element_type=\"column\" data-e-type=\"column\">\n\t\t\t<div class=\"elementor-widget-wrap elementor-element-populated\">\n\t\t\t\t\t\t<div class=\"elementor-element elementor-element-1d3c4ad elementor-widget elementor-widget-heading\" data-id=\"1d3c4ad\" data-element_type=\"widget\" data-e-type=\"widget\" data-widget_type=\"heading.default\">\n\t\t\t\t<div class=\"elementor-widget-container\">\n\t\t\t\t\t<h2 class=\"elementor-heading-title elementor-size-default\">El proc\u00e9s d\u00b4una reforma de cuina de luxe a ReproBarcelona<\/h2>\t\t\t\t<\/div>\n\t\t\t\t<\/div>\n\t\t\t\t<div class=\"elementor-element elementor-element-5098b18 elementor-widget elementor-widget-text-editor\" data-id=\"5098b18\" data-element_type=\"widget\" data-e-type=\"widget\" data-widget_type=\"text-editor.default\">\n\t\t\t\t<div class=\"elementor-widget-container\">\n\t\t\t\t\t\t\t\t\t<p><span style=\"font-weight: 400;\">A <a href=\"https:\/\/www.reprobarcelona.com\/ca\/quienes-somos\/\" target=\"_blank\" rel=\"noopener\"><b>REPROBARCELONA<\/b><\/a><\/span><span style=\"font-weight: 400;\">, entenem que cada client t\u00e9 una visi\u00f3 \u00fanica per a la cuina. Per aix\u00f2, el nostre proc\u00e9s de reforma \u00e9s personalitzat i detallat, assegurant que cada aspecte del projecte reflecteixi les necessitats i els gustos del client.<\/span><\/p><h3>Consulta inicial i disseny personalitzat<\/h3><p><span style=\"font-weight: 400;\">Tot comen\u00e7a amb una consulta inicial, on discutim les teves idees, necessitats i pressupost. A partir d\u00b4aquesta informaci\u00f3, el nostre equip de dissenyadors crea un pla personalitzat que inclou pl\u00e0nols detallats, una selecci\u00f3 de materials i una proposta est\u00e8tica. Durant aquesta fase, col\u00b7laborem estretament amb tu per assegurar-nos que el disseny final compleixi les teves expectatives.<\/span><\/p><h3>Selecci\u00f3 de materials i acabats<\/h3><p><span style=\"font-weight: 400;\">L'elecci\u00f3 de materials i acabats \u00e9s una de les parts m\u00e9s emocionants del proc\u00e9s. Et guiarem a trav\u00e9s d'una selecci\u00f3 d'opcions que van des de taulells i armaris fins a terres i rajoles, assegurant que cada elecci\u00f3 contribueixi a la cohesi\u00f3 i l'eleg\u00e0ncia del disseny final.<\/span><\/p><h3>Execuci\u00f3 i supervisi\u00f3 del projecte<\/h3><p><span style=\"font-weight: 400;\">Amb el disseny finalitzat i els materials seleccionats, passem a la fase dexecuci\u00f3. El nostre equip de professionals altament capacitats s&#039;encarrega de tots els aspectes de la construcci\u00f3, des de la demolici\u00f3 de la cuina existent fins a la instal\u00b7laci\u00f3 dels nous elements. Supervisem cada etapa del proc\u00e9s per garantir que tot es faci amb els m\u00e9s alts est\u00e0ndards de qualitat.<\/span><\/p>\t\t\t\t\t\t\t\t<\/div>\n\t\t\t\t<\/div>\n\t\t\t\t\t<\/div>\n\t\t<\/div>\n\t\t\t\t\t<\/div>\n\t\t<\/section>\n\t\t\t\t<section class=\"elementor-section elementor-top-section elementor-element elementor-element-6cf3eff elementor-section-full_width elementor-section-height-default elementor-section-height-default\" data-id=\"6cf3eff\" data-element_type=\"section\" data-e-type=\"section\" data-settings=\"{&quot;background_background&quot;:&quot;classic&quot;}\">\n\t\t\t\t\t\t<div class=\"elementor-container elementor-column-gap-default\">\n\t\t\t\t\t<div class=\"elementor-column elementor-col-100 elementor-top-column elementor-element elementor-element-dc5dcee\" data-id=\"dc5dcee\" data-element_type=\"column\" data-e-type=\"column\" data-settings=\"{&quot;background_background&quot;:&quot;classic&quot;}\">\n\t\t\t<div class=\"elementor-widget-wrap elementor-element-populated\">\n\t\t\t\t\t\t<div class=\"elementor-element elementor-element-1a41a03 elementor-widget elementor-widget-spacer\" data-id=\"1a41a03\" data-element_type=\"widget\" data-e-type=\"widget\" data-widget_type=\"spacer.default\">\n\t\t\t\t<div class=\"elementor-widget-container\">\n\t\t\t\t\t\t\t<div class=\"elementor-spacer\">\n\t\t\t<div class=\"elementor-spacer-inner\"><\/div>\n\t\t<\/div>\n\t\t\t\t\t\t<\/div>\n\t\t\t\t<\/div>\n\t\t\t\t\t<\/div>\n\t\t<\/div>\n\t\t\t\t\t<\/div>\n\t\t<\/section>\n\t\t\t\t<section class=\"elementor-section elementor-top-section elementor-element elementor-element-c80dffd elementor-section-boxed elementor-section-height-default elementor-section-height-default\" data-id=\"c80dffd\" data-element_type=\"section\" data-e-type=\"section\">\n\t\t\t\t\t\t<div class=\"elementor-container elementor-column-gap-default\">\n\t\t\t\t\t<div class=\"elementor-column elementor-col-50 elementor-top-column elementor-element elementor-element-a46bf5f\" data-id=\"a46bf5f\" data-element_type=\"column\" data-e-type=\"column\">\n\t\t\t<div class=\"elementor-widget-wrap elementor-element-populated\">\n\t\t\t\t\t\t<div class=\"elementor-element elementor-element-00e8942 elementor-widget elementor-widget-heading\" data-id=\"00e8942\" data-element_type=\"widget\" data-e-type=\"widget\" data-widget_type=\"heading.default\">\n\t\t\t\t<div class=\"elementor-widget-container\">\n\t\t\t\t\t<h2 class=\"elementor-heading-title elementor-size-default\">Tend\u00e8ncies actuals a les reformes de cuina de luxe<\/h2>\t\t\t\t<\/div>\n\t\t\t\t<\/div>\n\t\t\t\t<div class=\"elementor-element elementor-element-7091728 elementor-widget elementor-widget-text-editor\" data-id=\"7091728\" data-element_type=\"widget\" data-e-type=\"widget\" data-widget_type=\"text-editor.default\">\n\t\t\t\t<div class=\"elementor-widget-container\">\n\t\t\t\t\t\t\t\t\t<p><span style=\"font-weight: 400;\">Les cuines de luxe no nom\u00e9s es destaquen pels materials i electrodom\u00e8stics, sin\u00f3 tamb\u00e9 per les tend\u00e8ncies de disseny que incorporen. Algunes de les tend\u00e8ncies m\u00e9s populars inclouen:<\/span><\/p><h3>Cuines obertes i multifuncionals<\/h3><p><span style=\"font-weight: 400;\">Una tend\u00e8ncia creixent \u00e9s crear cuines obertes que s&#039;integren amb altres \u00e0rees de la casa, com el menjador o la sala d&#039;estar. Aquest disseny no sols fa que l&#039;espai se senti m\u00e9s gran, sin\u00f3 que tamb\u00e9 en facilita la interacci\u00f3 social i familiar.<\/span><\/p><h3>Il\u00b7luminaci\u00f3 t\u00e8cnica i mobiliari a mida<\/h3><h3><span style=\"font-size: 16px; font-weight: normal;\">Una cuina ben dissenyada combina una il\u00b7luminaci\u00f3 funcional amb mobiliari adaptat a cada espai. A ReproBarcelona projectem sistemes d&#039;il\u00b7luminaci\u00f3 t\u00e8cnica que milloren la visibilitat a les zones de treball i creen ambients c\u00e0lids i elegants. La integraci\u00f3 d&#039;il\u00b7luminaci\u00f3 LED a mobles, vitrines, prestatgeries o sota els armaris aporta confort, efici\u00e8ncia i un acabat sofisticat.<\/span><\/h3><p>Cada projecte es completa amb mobiliari fabricat a mida per aprofitar al m\u00e0xim lespai disponible. Dissenyem solucions personalitzades que optimitzen l&#039;emmagatzematge, milloren la distribuci\u00f3 i mantenen una est\u00e8tica neta i harmoniosa. El resultat \u00e9s una cuina exclusiva, pr\u00e0ctica i adaptada a l&#039;estil de vida de cada client.<\/p>\t\t\t\t\t\t\t\t<\/div>\n\t\t\t\t<\/div>\n\t\t\t\t\t<\/div>\n\t\t<\/div>\n\t\t\t\t<div class=\"elementor-column elementor-col-50 elementor-top-column elementor-element elementor-element-c88ffc5\" data-id=\"c88ffc5\" data-element_type=\"column\" data-e-type=\"column\">\n\t\t\t<div class=\"elementor-widget-wrap elementor-element-populated\">\n\t\t\t\t\t\t<div class=\"elementor-element elementor-element-6ca1f7a elementor-widget elementor-widget-spacer\" data-id=\"6ca1f7a\" data-element_type=\"widget\" data-e-type=\"widget\" data-widget_type=\"spacer.default\">\n\t\t\t\t<div class=\"elementor-widget-container\">\n\t\t\t\t\t\t\t<div class=\"elementor-spacer\">\n\t\t\t<div class=\"elementor-spacer-inner\"><\/div>\n\t\t<\/div>\n\t\t\t\t\t\t<\/div>\n\t\t\t\t<\/div>\n\t\t\t\t<div class=\"elementor-element elementor-element-90d2406 elementor-widget elementor-widget-image\" data-id=\"90d2406\" data-element_type=\"widget\" data-e-type=\"widget\" data-widget_type=\"image.default\">\n\t\t\t\t<div class=\"elementor-widget-container\">\n\t\t\t\t\t\t\t\t\t\t\t\t\t\t\t\t<a href=\"https:\/\/www.reprobarcelona.com\/wp-content\/uploads\/2024\/08\/Reformas-de-cocina-de-lujo-4.jpg\" data-elementor-open-lightbox=\"yes\" data-elementor-lightbox-title=\"Reformas de cocina de lujo 4\" data-e-action-hash=\"#elementor-action%3Aaction%3Dlightbox%26settings%3DeyJpZCI6MzgwNSwidXJsIjoiaHR0cHM6XC9cL3d3dy5yZXByb2JhcmNlbG9uYS5jb21cL3dwLWNvbnRlbnRcL3VwbG9hZHNcLzIwMjRcLzA4XC9SZWZvcm1hcy1kZS1jb2NpbmEtZGUtbHVqby00LmpwZyJ9\">\n\t\t\t\t\t\t\t<img decoding=\"async\" src=\"https:\/\/www.reprobarcelona.com\/wp-content\/uploads\/elementor\/thumbs\/Reformas-de-cocina-de-lujo-4-rh61yf859fryu3z4z8sfjvlskximolwl3g0cg9viz4.jpg\" title=\"Reformes de cuina de luxe 4\" alt=\"Reformes de cuina de luxe 4\" loading=\"lazy\" \/>\t\t\t\t\t\t\t\t<\/a>\n\t\t\t\t\t\t\t\t\t\t\t\t\t\t\t<\/div>\n\t\t\t\t<\/div>\n\t\t\t\t\t<\/div>\n\t\t<\/div>\n\t\t\t\t\t<\/div>\n\t\t<\/section>\n\t\t\t\t<section class=\"elementor-section elementor-top-section elementor-element elementor-element-b8255c2 elementor-section-boxed elementor-section-height-default elementor-section-height-default\" data-id=\"b8255c2\" data-element_type=\"section\" data-e-type=\"section\">\n\t\t\t\t\t\t<div class=\"elementor-container elementor-column-gap-default\">\n\t\t\t\t\t<div class=\"elementor-column elementor-col-50 elementor-top-column elementor-element elementor-element-b45f0d1\" data-id=\"b45f0d1\" data-element_type=\"column\" data-e-type=\"column\">\n\t\t\t<div class=\"elementor-widget-wrap elementor-element-populated\">\n\t\t\t\t\t\t<div class=\"elementor-element elementor-element-3c7dc8c elementor-widget elementor-widget-spacer\" data-id=\"3c7dc8c\" data-element_type=\"widget\" data-e-type=\"widget\" data-widget_type=\"spacer.default\">\n\t\t\t\t<div class=\"elementor-widget-container\">\n\t\t\t\t\t\t\t<div class=\"elementor-spacer\">\n\t\t\t<div class=\"elementor-spacer-inner\"><\/div>\n\t\t<\/div>\n\t\t\t\t\t\t<\/div>\n\t\t\t\t<\/div>\n\t\t\t\t<div class=\"elementor-element elementor-element-2106482 elementor-widget elementor-widget-image\" data-id=\"2106482\" data-element_type=\"widget\" data-e-type=\"widget\" data-widget_type=\"image.default\">\n\t\t\t\t<div class=\"elementor-widget-container\">\n\t\t\t\t\t\t\t\t\t\t\t\t\t\t\t\t<a href=\"https:\/\/www.reprobarcelona.com\/wp-content\/uploads\/2026\/07\/Nomadas-Architecture-Shooting-Camelies-007-scaled.jpg\" data-elementor-open-lightbox=\"yes\" data-elementor-lightbox-title=\"Nomadas Architecture - Shooting Camelies 007\" data-e-action-hash=\"#elementor-action%3Aaction%3Dlightbox%26settings%3DeyJpZCI6MTI1NTYsInVybCI6Imh0dHBzOlwvXC93d3cucmVwcm9iYXJjZWxvbmEuY29tXC93cC1jb250ZW50XC91cGxvYWRzXC8yMDI2XC8wN1wvTm9tYWRhcy1BcmNoaXRlY3R1cmUtU2hvb3RpbmctQ2FtZWxpZXMtMDA3LXNjYWxlZC5qcGcifQ%3D%3D\">\n\t\t\t\t\t\t\t<img decoding=\"async\" width=\"1707\" height=\"2560\" src=\"https:\/\/www.reprobarcelona.com\/wp-content\/uploads\/2026\/07\/Nomadas-Architecture-Shooting-Camelies-007-scaled.jpg\" class=\"attachment-full size-full wp-image-12556\" alt=\"\" srcset=\"https:\/\/www.reprobarcelona.com\/wp-content\/uploads\/2026\/07\/Nomadas-Architecture-Shooting-Camelies-007-scaled.jpg 1707w, https:\/\/www.reprobarcelona.com\/wp-content\/uploads\/2026\/07\/Nomadas-Architecture-Shooting-Camelies-007-200x300.jpg 200w, https:\/\/www.reprobarcelona.com\/wp-content\/uploads\/2026\/07\/Nomadas-Architecture-Shooting-Camelies-007-683x1024.jpg 683w, https:\/\/www.reprobarcelona.com\/wp-content\/uploads\/2026\/07\/Nomadas-Architecture-Shooting-Camelies-007-768x1152.jpg 768w, https:\/\/www.reprobarcelona.com\/wp-content\/uploads\/2026\/07\/Nomadas-Architecture-Shooting-Camelies-007-1024x1536.jpg 1024w, https:\/\/www.reprobarcelona.com\/wp-content\/uploads\/2026\/07\/Nomadas-Architecture-Shooting-Camelies-007-1365x2048.jpg 1365w, https:\/\/www.reprobarcelona.com\/wp-content\/uploads\/2026\/07\/Nomadas-Architecture-Shooting-Camelies-007-8x12.jpg 8w\" sizes=\"(max-width: 1707px) 100vw, 1707px\" \/>\t\t\t\t\t\t\t\t<\/a>\n\t\t\t\t\t\t\t\t\t\t\t\t\t\t\t<\/div>\n\t\t\t\t<\/div>\n\t\t\t\t\t<\/div>\n\t\t<\/div>\n\t\t\t\t<div class=\"elementor-column elementor-col-50 elementor-top-column elementor-element elementor-element-91ecab7\" data-id=\"91ecab7\" data-element_type=\"column\" data-e-type=\"column\">\n\t\t\t<div class=\"elementor-widget-wrap elementor-element-populated\">\n\t\t\t\t\t\t<div class=\"elementor-element elementor-element-d44757f elementor-widget elementor-widget-heading\" data-id=\"d44757f\" data-element_type=\"widget\" data-e-type=\"widget\" data-widget_type=\"heading.default\">\n\t\t\t\t<div class=\"elementor-widget-container\">\n\t\t\t\t\t<h2 class=\"elementor-heading-title elementor-size-default\">Cuines premium amb marbre, pedra natural i porcell\u00e0nic<\/h2>\t\t\t\t<\/div>\n\t\t\t\t<\/div>\n\t\t\t\t<div class=\"elementor-element elementor-element-ea4e4b5 elementor-widget elementor-widget-text-editor\" data-id=\"ea4e4b5\" data-element_type=\"widget\" data-e-type=\"widget\" data-widget_type=\"text-editor.default\">\n\t\t\t\t<div class=\"elementor-widget-container\">\n\t\t\t\t\t\t\t\t\t<p class=\"translation-block\">Els materials marquen la difer\u00e8ncia en una cuina d'alta gamma. A <a href=\"https:\/\/www.reprobarcelona.com\/ca\/quienes-somos\/\" target=\"_blank\" rel=\"noopener\"><b>REPROBARCELONA<\/b><\/a> treballem amb marbre, pedra natural i porcell\u00e0nic de primera qualitat per crear espais elegants, resistents i pensats per perdurar. Cada material ofereix unes caracter\u00edstiques \u00faniques que combinen disseny, funcionalitat i un excel\u00b7lent comportament davant l'\u00fas diari.<\/p><p>Seleccionem amb cura cada acabat per adaptar-lo a l&#039;estil de l&#039;habitatge ia les necessitats dels nostres clients. Des de taulells i revestiments fins a illes i fronts de cuina, utilitzem materials que aporten personalitat, f\u00e0cil manteniment i una est\u00e8tica atemporal. El resultat s\u00f3n cuines premium que combinen qualitat, sofisticaci\u00f3 i un disseny completament personalitzat.<\/p><h3>Taulells, illes i revestiments de gran format<\/h3><div><p class=\"isSelectedEnd translation-block\">Els taulells, les illes de cuina i els revestiments de gran format s\u00f3n elements clau en una cuina pr\u00e8mium. A <a href=\"https:\/\/www.reprobarcelona.com\/ca\/quienes-somos\/\" target=\"_blank\" rel=\"noopener\"><b>REPROBARCELONA<\/b><\/a> treballem amb marbre, pedra natural i porcell\u00e0nic d'alta qualitat per crear superf\u00edcies cont\u00ednues, resistents i amb un gran impacte visual. Aquests materials ofereixen una excel\u00b7lent durabilitat davant la calor, la humitat i l'\u00fas diari, alhora que aporten una est\u00e8tica elegant, sofisticada i atemporal.<\/p><p>Cada pe\u00e7a es selecciona i adapta a les dimensions i al disseny de la cuina, aconseguint un acabat exclusiu i totalment personalitzat. La combinaci\u00f3 de materials nobles, juntes m\u00ednimes i acabats de precisi\u00f3 permet crear espais amplis, funcionals i sofisticats on el disseny i la qualitat s&#039;integren a la perfecci\u00f3.<\/p><\/div>\t\t\t\t\t\t\t\t<\/div>\n\t\t\t\t<\/div>\n\t\t\t\t\t<\/div>\n\t\t<\/div>\n\t\t\t\t\t<\/div>\n\t\t<\/section>\n\t\t\t\t<section class=\"elementor-section elementor-top-section elementor-element elementor-element-b9e3710 elementor-section-full_width elementor-section-stretched elementor-section-height-default elementor-section-height-default\" data-id=\"b9e3710\" data-element_type=\"section\" data-e-type=\"section\" data-settings=\"{&quot;stretch_section&quot;:&quot;section-stretched&quot;}\">\n\t\t\t\t\t\t<div class=\"elementor-container elementor-column-gap-default\">\n\t\t\t\t\t<div class=\"elementor-column elementor-col-100 elementor-top-column elementor-element elementor-element-209df6c\" data-id=\"209df6c\" data-element_type=\"column\" data-e-type=\"column\" data-settings=\"{&quot;background_background&quot;:&quot;classic&quot;}\">\n\t\t\t<div class=\"elementor-widget-wrap elementor-element-populated\">\n\t\t\t\t\t\t<div class=\"elementor-element elementor-element-2607857 elementor-widget elementor-widget-heading\" data-id=\"2607857\" data-element_type=\"widget\" data-e-type=\"widget\" data-widget_type=\"heading.default\">\n\t\t\t\t<div class=\"elementor-widget-container\">\n\t\t\t\t\t<h2 class=\"elementor-heading-title elementor-size-default\">Instal\u00b7lacions, fontaneria i electricitat<\/h2>\t\t\t\t<\/div>\n\t\t\t\t<\/div>\n\t\t\t\t<section class=\"elementor-section elementor-inner-section elementor-element elementor-element-289dc45 elementor-section-full_width elementor-section-height-default elementor-section-height-default\" data-id=\"289dc45\" data-element_type=\"section\" data-e-type=\"section\">\n\t\t\t\t\t\t<div class=\"elementor-container elementor-column-gap-default\">\n\t\t\t\t\t<div class=\"elementor-column elementor-col-100 elementor-inner-column elementor-element elementor-element-92b09d3\" data-id=\"92b09d3\" data-element_type=\"column\" data-e-type=\"column\" data-settings=\"{&quot;background_background&quot;:&quot;classic&quot;}\">\n\t\t\t<div class=\"elementor-widget-wrap elementor-element-populated\">\n\t\t\t\t\t<div class=\"elementor-background-overlay\"><\/div>\n\t\t\t\t\t\t<div class=\"elementor-element elementor-element-73aa6d9 elementor-widget elementor-widget-text-editor\" data-id=\"73aa6d9\" data-element_type=\"widget\" data-e-type=\"widget\" data-widget_type=\"text-editor.default\">\n\t\t\t\t<div class=\"elementor-widget-container translation-block\">A <a href=\"https:\/\/www.reprobarcelona.com\/ca\/quienes-somos\/\" target=\"_blank\" rel=\"noopener\"><b>REPROBARCELONA<\/b><\/a> comptem amb professionals de confian\u00e7a especialitzats en instal\u00b7lacions de fontaneria i electricitat per a reformes de cuines a Barcelona. El nostre equip treballa amb la m\u00e0xima precisi\u00f3 i experi\u00e8ncia, garantint instal\u00b7lacions segures, eficients i adaptades a les necessitats de cada projecte. Apostem per professionals qualificats de Barcelona que ens permeten oferir un servei d'alta qualitat i uns acabats a l'altura de cada cuina pr\u00e8mium.<\/div>\n\t\t\t\t<\/div>\n\t\t\t\t<div class=\"elementor-element elementor-element-3705f1a elementor-align-center elementor-widget elementor-widget-button\" data-id=\"3705f1a\" data-element_type=\"widget\" data-e-type=\"widget\" data-widget_type=\"button.default\">\n\t\t\t\t<div class=\"elementor-widget-container\">\n\t\t\t\t\t\t\t\t\t<div class=\"elementor-button-wrapper\">\n\t\t\t\t\t<a class=\"elementor-button elementor-button-link elementor-size-sm\" href=\"https:\/\/www.reprobarcelona.com\/ca\/contacte-reprobarcelona-2\/\">\n\t\t\t\t\t\t<span class=\"elementor-button-content-wrapper\">\n\t\t\t\t\t\t\t\t\t<span class=\"elementor-button-text\">SOL\u00b7LICITA INFORMACI\u00d3<\/span>\n\t\t\t\t\t<\/span>\n\t\t\t\t\t<\/a>\n\t\t\t\t<\/div>\n\t\t\t\t\t\t\t\t<\/div>\n\t\t\t\t<\/div>\n\t\t\t\t\t<\/div>\n\t\t<\/div>\n\t\t\t\t\t<\/div>\n\t\t<\/section>\n\t\t\t\t\t<\/div>\n\t\t<\/div>\n\t\t\t\t\t<\/div>\n\t\t<\/section>\n\t\t\t\t<section class=\"elementor-section elementor-top-section elementor-element elementor-element-566e046 elementor-section-boxed elementor-section-height-default elementor-section-height-default\" data-id=\"566e046\" data-element_type=\"section\" data-e-type=\"section\">\n\t\t\t\t\t\t<div class=\"elementor-container elementor-column-gap-default\">\n\t\t\t\t\t<div class=\"elementor-column elementor-col-100 elementor-top-column elementor-element elementor-element-e4c792e\" data-id=\"e4c792e\" data-element_type=\"column\" data-e-type=\"column\">\n\t\t\t<div class=\"elementor-widget-wrap elementor-element-populated\">\n\t\t\t\t\t\t<div class=\"elementor-element elementor-element-cd94a2f elementor-widget elementor-widget-heading\" data-id=\"cd94a2f\" data-element_type=\"widget\" data-e-type=\"widget\" data-widget_type=\"heading.default\">\n\t\t\t\t<div class=\"elementor-widget-container\">\n\t\t\t\t\t<h2 class=\"elementor-heading-title elementor-size-default\">Preguntes freq\u00fcents<\/h2>\t\t\t\t<\/div>\n\t\t\t\t<\/div>\n\t\t\t\t<div class=\"elementor-element elementor-element-3793e03 elementor-widget-divider--view-line elementor-widget elementor-widget-divider\" data-id=\"3793e03\" data-element_type=\"widget\" data-e-type=\"widget\" data-widget_type=\"divider.default\">\n\t\t\t\t<div class=\"elementor-widget-container\">\n\t\t\t\t\t\t\t<div class=\"elementor-divider\">\n\t\t\t<span class=\"elementor-divider-separator\">\n\t\t\t\t\t\t<\/span>\n\t\t<\/div>\n\t\t\t\t\t\t<\/div>\n\t\t\t\t<\/div>\n\t\t\t\t<div class=\"elementor-element elementor-element-7a28190 elementor-widget__width-initial elementor-widget elementor-widget-text-editor\" data-id=\"7a28190\" data-element_type=\"widget\" data-e-type=\"widget\" data-widget_type=\"text-editor.default\">\n\t\t\t\t<div class=\"elementor-widget-container\">\n\t\t\t\t\t\t\t\t\t<h3>1. Quan costa una reforma de cuina a Barcelona?<\/h3><p>El precio depende del tama\u00f1o de la cocina, los materiales elegidos y la complejidad de la reforma. En <a href=\"https:\/\/www.reprobarcelona.com\/ca\/quienes-somos\/\" target=\"_blank\" rel=\"noopener\"><b>REPROBARCELONA<\/b><\/a> elaboramos presupuestos personalizados para ofrecer una soluci\u00f3n adaptada a cada proyecto y sin costes ocultos.<\/p><h3>2. Quant de temps dura una reforma de cuina?<\/h3><p>Una reforma integral sol completar-se entre 3 i 6 setmanes. Abans de comen\u00e7ar, planifiquem cada fase del projecte per complir els terminis establerts i reduir al m\u00e0xim les mol\u00e8sties.<\/p><h3>3. Realitzeu cuines a mida?<\/h3><p>S\u00ed. Dissenyem cuines totalment personalitzades, adaptades a l&#039;espai disponible, les necessitats de cada fam\u00edlia i l&#039;estil de l&#039;habitatge per aconseguir un resultat est\u00e8tic i funcional.<\/p><h3>4. \u00c9s possible obrir la cuina al sal\u00f3?<\/h3><p>S\u00ed, sempre que l&#039;estructura de l&#039;habitatge ho permeti. Estudiem cada cas per crear espais oberts, m\u00e9s lluminosos i m\u00e9s ben aprofitats.<\/p><h3>5. Quins materials s\u00f3n els m\u00e9s recomanables?<\/h3><p>Treballem amb materials resistents i d&#039;alta qualitat, com porcel\u00e0nic, quars, pedra natural i laminats d&#039;\u00faltima generaci\u00f3, que ofereixen una gran durabilitat i un manteniment senzill.<\/p><h3>6. \u00c9s necessari renovar la instal\u00b7laci\u00f3 el\u00e8ctrica i la fontaneria?<\/h3><p>Quan les instal\u00b7lacions s\u00f3n antigues, \u00e9s recomanable actualitzar-les durant la reforma per millorar la seguretat, complir la normativa vigent i evitar futures avaries.<\/p><h3>7. Puc continuar vivint a casa durant la reforma?<\/h3><p>En la majoria de casos s\u00ed, encara que durant alguns dies l&#039;\u00fas de la cuina ser\u00e0 limitat. Organitzem les feines per minimitzar les mol\u00e8sties durant tota l&#039;obra.<\/p><h3>8. Incloeu el disseny de la cuina en el projecte?<\/h3><p>S\u00ed. El nostre equip assessora en la distribuci\u00f3, els materials, la il\u00b7luminaci\u00f3 i els acabats per crear una cuina pr\u00e0ctica, c\u00f2moda i adaptada a cada client.<\/p><h3>9. Gestioneu tota la reforma de principi a fi?<\/h3><p>S\u00ed. Ens encarreguem de coordinar totes les feines, des de la demolici\u00f3 fins als acabats finals, oferint un servei integral amb un \u00fanic interlocutor durant tot el projecte.<\/p><h3>10. Com puc sol\u00b7licitar un pressupost per reformar la meva cuina?<\/h3><p>Nom\u00e9s heu de contactar amb nosaltres. Estudiarem el teu projecte, resoldrem tots els teus dubtes i prepararem un pressupost personalitzat i sense cap comprom\u00eds.<\/p>\t\t\t\t\t\t\t\t<\/div>\n\t\t\t\t<\/div>\n\t\t\t\t\t<\/div>\n\t\t<\/div>\n\t\t\t\t\t<\/div>\n\t\t<\/section>\n\t\t\t\t<section class=\"elementor-section elementor-top-section elementor-element elementor-element-6bac4f4 elementor-section-content-middle elementor-section-boxed elementor-section-height-default elementor-section-height-default\" data-id=\"6bac4f4\" data-element_type=\"section\" data-e-type=\"section\">\n\t\t\t\t\t\t<div class=\"elementor-container elementor-column-gap-default\">\n\t\t\t\t\t<div class=\"elementor-column elementor-col-33 elementor-top-column elementor-element elementor-element-bce63b0\" data-id=\"bce63b0\" data-element_type=\"column\" data-e-type=\"column\">\n\t\t\t<div class=\"elementor-widget-wrap elementor-element-populated\">\n\t\t\t\t\t\t<div class=\"elementor-element elementor-element-f7a4244 elementor-widget elementor-widget-image\" data-id=\"f7a4244\" data-element_type=\"widget\" data-e-type=\"widget\" data-widget_type=\"image.default\">\n\t\t\t\t<div class=\"elementor-widget-container\">\n\t\t\t\t\t\t\t\t\t\t\t\t\t\t\t\t<a href=\"https:\/\/consum.gencat.cat\/\" target=\"_blank\" rel=\"nofollow noopener\">\n\t\t\t\t\t\t\t<img loading=\"lazy\" decoding=\"async\" width=\"409\" height=\"123\" src=\"https:\/\/www.reprobarcelona.com\/wp-content\/uploads\/2023\/06\/junta-arbitral-de-consum.jpg\" class=\"attachment-large size-large wp-image-3227\" alt=\"JUNTA ARBRITRAL DE CONSUM\" srcset=\"https:\/\/www.reprobarcelona.com\/wp-content\/uploads\/2023\/06\/junta-arbitral-de-consum.jpg 409w, https:\/\/www.reprobarcelona.com\/wp-content\/uploads\/2023\/06\/junta-arbitral-de-consum-300x90.jpg 300w\" sizes=\"(max-width: 409px) 100vw, 409px\" \/>\t\t\t\t\t\t\t\t<\/a>\n\t\t\t\t\t\t\t\t\t\t\t\t\t\t\t<\/div>\n\t\t\t\t<\/div>\n\t\t\t\t\t<\/div>\n\t\t<\/div>\n\t\t\t\t<div class=\"elementor-column elementor-col-33 elementor-top-column elementor-element elementor-element-764b3e7\" data-id=\"764b3e7\" data-element_type=\"column\" data-e-type=\"column\">\n\t\t\t<div class=\"elementor-widget-wrap elementor-element-populated\">\n\t\t\t\t\t\t<div class=\"elementor-element elementor-element-a0be764 elementor-widget elementor-widget-image\" data-id=\"a0be764\" data-element_type=\"widget\" data-e-type=\"widget\" data-widget_type=\"image.default\">\n\t\t\t\t<div class=\"elementor-widget-container\">\n\t\t\t\t\t\t\t\t\t\t\t\t\t\t\t\t<a href=\"https:\/\/gestiondelamianto.com\/rera\/\" target=\"_blank\" rel=\"noopener\">\n\t\t\t\t\t\t\t<img loading=\"lazy\" decoding=\"async\" width=\"253\" height=\"123\" src=\"https:\/\/www.reprobarcelona.com\/wp-content\/uploads\/2023\/06\/RERA.jpg\" class=\"attachment-large size-large wp-image-3226\" alt=\"RERA\" \/>\t\t\t\t\t\t\t\t<\/a>\n\t\t\t\t\t\t\t\t\t\t\t\t\t\t\t<\/div>\n\t\t\t\t<\/div>\n\t\t\t\t\t<\/div>\n\t\t<\/div>\n\t\t\t\t<div class=\"elementor-column elementor-col-33 elementor-top-column elementor-element elementor-element-5de35f1\" data-id=\"5de35f1\" data-element_type=\"column\" data-e-type=\"column\">\n\t\t\t<div class=\"elementor-widget-wrap elementor-element-populated\">\n\t\t\t\t\t\t<div class=\"elementor-element elementor-element-2699d7b elementor-widget elementor-widget-image\" data-id=\"2699d7b\" data-element_type=\"widget\" data-e-type=\"widget\" data-widget_type=\"image.default\">\n\t\t\t\t<div class=\"elementor-widget-container\">\n\t\t\t\t\t\t\t\t\t\t\t\t\t\t\t\t<a href=\"https:\/\/www.tuv.com\/spain\/es\/\" target=\"_blank\" rel=\"nofollow noopener\">\n\t\t\t\t\t\t\t<img loading=\"lazy\" decoding=\"async\" width=\"347\" height=\"123\" src=\"https:\/\/www.reprobarcelona.com\/wp-content\/uploads\/2023\/06\/tuv.jpg\" class=\"attachment-large size-large wp-image-3225\" alt=\"TUV\" srcset=\"https:\/\/www.reprobarcelona.com\/wp-content\/uploads\/2023\/06\/tuv.jpg 347w, https:\/\/www.reprobarcelona.com\/wp-content\/uploads\/2023\/06\/tuv-300x106.jpg 300w\" sizes=\"(max-width: 347px) 100vw, 347px\" \/>\t\t\t\t\t\t\t\t<\/a>\n\t\t\t\t\t\t\t\t\t\t\t\t\t\t\t<\/div>\n\t\t\t\t<\/div>\n\t\t\t\t\t<\/div>\n\t\t<\/div>\n\t\t\t\t\t<\/div>\n\t\t<\/section>\n\t\t\t\t<\/div>","protected":false},"excerpt":{"rendered":"<p>Reformas de cocinas de lujo en Barcelona \u00bfAlguna vez has so\u00f1ado con una cocina que combine funcionalidad, tecnolog\u00eda avanzada y un dise\u00f1o sofisticado? Las reformas de cocina de lujo en Barcelona pueden hacer realidad ese sue\u00f1o. Una cocina de lujo no es solo un lugar para cocinar; es un espacio para disfrutar, compartir y experimentar. [&hellip;]<\/p>","protected":false},"author":1,"featured_media":0,"parent":0,"menu_order":0,"comment_status":"closed","ping_status":"closed","template":"","meta":{"footnotes":""},"class_list":["post-3797","page","type-page","status-publish","hentry"],"_links":{"self":[{"href":"https:\/\/www.reprobarcelona.com\/ca\/wp-json\/wp\/v2\/pages\/3797","targetHints":{"allow":["GET"]}}],"collection":[{"href":"https:\/\/www.reprobarcelona.com\/ca\/wp-json\/wp\/v2\/pages"}],"about":[{"href":"https:\/\/www.reprobarcelona.com\/ca\/wp-json\/wp\/v2\/types\/page"}],"author":[{"embeddable":true,"href":"https:\/\/www.reprobarcelona.com\/ca\/wp-json\/wp\/v2\/users\/1"}],"replies":[{"embeddable":true,"href":"https:\/\/www.reprobarcelona.com\/ca\/wp-json\/wp\/v2\/comments?post=3797"}],"version-history":[{"count":64,"href":"https:\/\/www.reprobarcelona.com\/ca\/wp-json\/wp\/v2\/pages\/3797\/revisions"}],"predecessor-version":[{"id":12602,"href":"https:\/\/www.reprobarcelona.com\/ca\/wp-json\/wp\/v2\/pages\/3797\/revisions\/12602"}],"wp:attachment":[{"href":"https:\/\/www.reprobarcelona.com\/ca\/wp-json\/wp\/v2\/media?parent=3797"}],"curies":[{"name":"wp","href":"https:\/\/api.w.org\/{rel}","templated":true}]}}